{"id":5494,"date":"2020-09-18T14:36:38","date_gmt":"2020-09-18T12:36:38","guid":{"rendered":"https:\/\/2024.assistenz-kollektiv.de\/ev\/"},"modified":"2025-12-14T12:15:13","modified_gmt":"2025-12-14T11:15:13","slug":"ev","status":"publish","type":"page","link":"https:\/\/www.assistenz-kollektiv.de\/tr\/","title":{"rendered":"Ev"},"content":{"rendered":"<div class=\"gb-container gb-container-95f45c80\">\n<div class=\"gb-container gb-container-aa7fdbcc mitPaddingX\">\n<div class=\"gb-container gb-container-59271a82\">\n<div class=\"gb-container gb-container-02561b6f\">\n\n<figure class=\"gb-block-image gb-block-image-f38acc03\"><img loading=\"lazy\" decoding=\"async\" width=\"1121\" height=\"1060\" class=\"gb-image gb-image-f38acc03\" src=\"https:\/\/www.assistenz-kollektiv.de\/wp-content\/uploads\/Splash-2-gelb.png\" alt=\"\" srcset=\"https:\/\/www.assistenz-kollektiv.de\/wp-content\/uploads\/Splash-2-gelb.png 1121w, https:\/\/www.assistenz-kollektiv.de\/wp-content\/uploads\/Splash-2-gelb-400x378.png 400w, https:\/\/www.assistenz-kollektiv.de\/wp-content\/uploads\/Splash-2-gelb-768x726.png 768w\" sizes=\"auto, (max-width: 1121px) 100vw, 1121px\" \/><\/figure>\n\n\n<div class=\"gb-container gb-container-daf003fa\">\n\n<figure class=\"gb-block-image gb-block-image-11a4e326\"><img loading=\"lazy\" decoding=\"async\" width=\"3763\" height=\"3217\" class=\"gb-image gb-image-11a4e326\" src=\"https:\/\/www.assistenz-kollektiv.de\/wp-content\/uploads\/Logo-Assistenz-Kollektiv.png\" alt=\"Logo Assistance Collective\" title=\"Logo yard\u0131m kolektifi\" srcset=\"https:\/\/www.assistenz-kollektiv.de\/wp-content\/uploads\/Logo-Assistenz-Kollektiv.png 3763w, https:\/\/www.assistenz-kollektiv.de\/wp-content\/uploads\/Logo-Assistenz-Kollektiv-400x342.png 400w, https:\/\/www.assistenz-kollektiv.de\/wp-content\/uploads\/Logo-Assistenz-Kollektiv-1200x1026.png 1200w, https:\/\/www.assistenz-kollektiv.de\/wp-content\/uploads\/Logo-Assistenz-Kollektiv-768x657.png 768w, https:\/\/www.assistenz-kollektiv.de\/wp-content\/uploads\/Logo-Assistenz-Kollektiv-1536x1313.png 1536w, https:\/\/www.assistenz-kollektiv.de\/wp-content\/uploads\/Logo-Assistenz-Kollektiv-2048x1751.png 2048w\" sizes=\"auto, (max-width: 3763px) 100vw, 3763px\" \/><\/figure>\n\n<\/div>\n\n\n<h1 class=\"gb-headline gb-headline-29c0d064 gb-headline-text tabindex\" id=\"seitenanfang\"><br>Assistenz Kollektiv K\u00f6ln e.V.&#8217;ye ho\u015f geldiniz.<\/h1>\n\n<\/div>\n\n<div class=\"gb-container gb-container-f95ceebe\">\n\n<a class=\"gb-button gb-button-63710a6c gb-button-text ButtonGelb tabindex\" href=\"#Beratungsdienst\" aria-label=\"Kontakt per Video-Chat aufnehmen\">Tavsiye al\u0131n<\/a>\n\n\n\n<a class=\"gb-button gb-button-0bd4aa78 gb-button-text ButtonGelb tabindex\" href=\"#Was-bieten-wir-Assistenzkr%C3%A4ften\" aria-label=\"Kontakt per Video-Chat aufnehmen\">Buradan ba\u015fvurun<\/a>\n\n<\/div>\n<\/div>\n\n<div class=\"gb-container gb-container-83687883\">\n<div class=\"gb-container gb-container-88906805\">\n\n<figure class=\"gb-block-image gb-block-image-4696b25b\"><img loading=\"lazy\" decoding=\"async\" width=\"1643\" height=\"1640\" class=\"gb-image gb-image-4696b25b\" src=\"https:\/\/www.assistenz-kollektiv.de\/wp-content\/uploads\/Gruppenbild-Assistenz-Kollektiv.webp\" alt=\"Bir kolaj, kolektiften birka\u00e7 ki\u015finin stencil tarz\u0131 resimli portrelerini g\u00f6steriyor. Portrelerin arka planlar\u0131, sar\u0131 zemin \u00fczerine g\u00fc\u00e7l\u00fc koyu k\u0131rm\u0131z\u0131 ve petrol renklerinden olu\u015fuyor. \u0130nsanlar farkl\u0131 \u015fekilde d\u00fczenlenmi\u015f ve farkl\u0131 y\u00fcz ifadeleri g\u00f6steriyorlar. Farkl\u0131 ya\u015flardaki insanlar\u0131n bir kar\u0131\u015f\u0131m\u0131d\u0131r. Baz\u0131 insanlar profilden, baz\u0131lar\u0131 ise do\u011frudan cepheden g\u00f6sterilmi\u015ftir.\" title=\"Yard\u0131m kolektifinin grup resmi\" srcset=\"https:\/\/www.assistenz-kollektiv.de\/wp-content\/uploads\/Gruppenbild-Assistenz-Kollektiv.webp 1643w, https:\/\/www.assistenz-kollektiv.de\/wp-content\/uploads\/Gruppenbild-Assistenz-Kollektiv-400x400.webp 400w, https:\/\/www.assistenz-kollektiv.de\/wp-content\/uploads\/Gruppenbild-Assistenz-Kollektiv-1200x1198.webp 1200w, https:\/\/www.assistenz-kollektiv.de\/wp-content\/uploads\/Gruppenbild-Assistenz-Kollektiv-768x767.webp 768w, https:\/\/www.assistenz-kollektiv.de\/wp-content\/uploads\/Gruppenbild-Assistenz-Kollektiv-1536x1533.webp 1536w\" sizes=\"auto, (max-width: 1643px) 100vw, 1643px\" \/><\/figure>\n\n<\/div>\n<\/div>\n<\/div>\n<\/div><div class=\"gb-container gb-container-6d3690a9\">\n<div class=\"gb-container gb-container-19226a69\">\n\n<figure class=\"gb-block-image gb-block-image-60c6f63c\"><img decoding=\"async\" class=\"gb-image gb-image-60c6f63c TrennerOben\" src=\"https:\/\/www.assistenz-kollektiv.de\/wp-content\/uploads\/Linie-Weiss-2.svg\" alt=\"\"><\/figure>\n\n\n<div class=\"gb-container gb-container-16eeff24\">\n<div class=\"gb-container gb-container-ae553d13 mitPaddingX\">\n\n<h2 class=\"gb-headline gb-headline-7a7871d9 gb-headline-text tabindex\"><br>Biz Assistenz Kollektiv K\u00f6ln e.V.&#8217;yiz.<\/h2>\n\n<\/div>\n<\/div>\n<\/div>\n\n<div class=\"gb-container gb-container-936e1ffd\">\n\n<figure class=\"gb-block-image gb-block-image-bc8852cc\"><img decoding=\"async\" class=\"gb-image gb-image-bc8852cc TrennerUnten\" src=\"https:\/\/www.assistenz-kollektiv.de\/wp-content\/uploads\/Trenner-Rot-3.svg\" alt=\" \"><\/figure>\n\n<\/div>\n<\/div><div class=\"gb-container gb-container-5c7f21dc\">\n<div class=\"gb-container gb-container-b3e8cc3e mitPaddingX\">\n<div class=\"gb-container gb-container-0bc889cb\">\n\n<h3 class=\"gb-headline gb-headline-0265093f gb-headline-text tabindex\" id=\"Was-ist-das-Kollektiv\">Biz kimiz?<\/h3>\n\n\n\n<p>Biz Assistenz Kollektiv K\u00f6ln e.V. olarak, engelli bireylerin kendi kaderlerini tayin edebilmeleri i\u00e7in her konuda ki\u015fisel yard\u0131m ve kapsaml\u0131 dan\u0131\u015fmanl\u0131k hizmeti sunan bir kolektifiz. Toplulu\u011fumuzda, \u00e7al\u0131\u015fma ko\u015fullar\u0131n\u0131n iyile\u015ftirilmesi ve engellerin ve ayr\u0131mc\u0131l\u0131\u011f\u0131n \u00fcstesinden gelinmesi konusunda tutkuluyuz. Slogan\u0131m\u0131z: Kolektivist, dayan\u0131\u015fmac\u0131, iyi!  <\/p>\n\n<\/div>\n<\/div>\n<\/div><div class=\"gb-container gb-container-229efac9\">\n<div class=\"gb-container gb-container-d36350cc lineheightone\">\n\n<figure class=\"gb-block-image gb-block-image-10d22772\"><img decoding=\"async\" class=\"gb-image gb-image-10d22772 TrennerOben\" src=\"https:\/\/www.assistenz-kollektiv.de\/wp-content\/uploads\/Linie-Weiss-2.svg\" alt=\"\"><\/figure>\n\n\n<div class=\"gb-container gb-container-cb7583cb\">\n<div class=\"gb-container gb-container-9608daae mitPaddingX\">\n\n<h2 class=\"gb-headline gb-headline-f8993c52 gb-headline-text tabindex\" id=\"Wie-helfen-wir-Assistenznehmenden\">Yard\u0131m alanlara nas\u0131l yard\u0131mc\u0131 oluyoruz?<\/h2>\n\n<\/div>\n<\/div>\n\n\n<figure class=\"gb-block-image gb-block-image-87326333\"><img decoding=\"async\" class=\"gb-image gb-image-87326333 TrennerUnten\" src=\"https:\/\/www.assistenz-kollektiv.de\/wp-content\/uploads\/Trenner-Weiss-unten-1-1.svg\" alt=\"\"><\/figure>\n\n<\/div>\n\n<div class=\"gb-container gb-container-c0a5d638\">\n<div class=\"gb-container gb-container-dd3d2ec5 mitPaddingX\">\n<div class=\"gb-container gb-container-448faf77\">\n<div class=\"gb-container gb-container-c029f8f7\">\n\n<p>Yard\u0131m alan ki\u015fi olarak bizden ne kadar yard\u0131m istedi\u011finize siz karar verirsiniz. Hayat\u0131n\u0131z\u0131n kontrol\u00fc sizde &#8211; biz sizi bu konuda destekliyoruz. Temel inanc\u0131m\u0131z, ki\u015fisel yard\u0131m ve deste\u011fimiz arac\u0131l\u0131\u011f\u0131yla size m\u00fcmk\u00fcn olan en b\u00fcy\u00fck \u00f6zg\u00fcrl\u00fc\u011f\u00fc vermektir.  <\/p>\n\n\n\n<p>Size ki\u015fisel yard\u0131m\u0131n t\u00fcm alanlar\u0131nda tam destek ve dan\u0131\u015fmanl\u0131k sunuyoruz. Bizimle kendi ba\u015f\u0131n\u0131za kalmayacak ve ayn\u0131 zamanda maksimum \u00f6zg\u00fcrl\u00fc\u011fe sahip olacaks\u0131n\u0131z. Kendisi de uzun y\u0131llard\u0131r yard\u0131m sa\u011flayan bir ekip koordinat\u00f6r\u00fcnden istedi\u011finiz zaman e\u015fler aras\u0131 dan\u0131\u015fmanl\u0131k hizmeti alabilirsiniz.  <\/p>\n\n\n\n<h4 class=\"gb-headline gb-headline-cfb72f52 gb-headline-text\">Size a\u015fa\u011f\u0131daki konularda tavsiyelerde bulunuyoruz:<\/h4>\n\n\n\n<ul class=\"wp-block-list\">\n<li>Ki\u015fisel yard\u0131mla ya\u015fam nas\u0131l olabilir?<\/li>\n\n\n\n<li>Ba\u015fvuru nas\u0131l yap\u0131l\u0131r?<\/li>\n\n\n\n<li>T\u00fcm bunlar\u0131 kim finanse ediyor? Ba\u015fvurumu kime yapmam gerekiyor? <\/li>\n\n\n\n<li>Uygun asistanlar\u0131 nas\u0131l bulabilirim?<\/li>\n\n\n\n<li>Yard\u0131mla hayat\u0131m\u0131 nas\u0131l d\u00fczenleyebilirim?<\/li>\n<\/ul>\n\n\n<div class=\"gb-container gb-container-86214e90\">\n\n<a class=\"gb-button gb-button-0ca0d50e ButtonGelb tabindex\" href=\"https:\/\/www.assistenz-kollektiv.de\/wp-content\/uploads\/Assistenz-Kollektiv_Infobroschuere_Persoenliche-Assistenz_Einfache-Sprache_2025.pdf\" target=\"_blank\" rel=\"noopener noreferrer\" aria-label=\"Kontakt per Video-Chat aufnehmen\"><span class=\"gb-button-text\">Ki\u015fisel yard\u0131m bilgi bro\u015f\u00fcr\u00fc<br>basit bir dilde<\/span><span class=\"gb-icon\"><svg aria-hidden=\"true\" role=\"img\" height=\"1em\" width=\"1em\" viewbox=\"0 0 448 512\" xmlns=\"http:\/\/www.w3.org\/2000\/svg\"><path fill=\"currentColor\" d=\"M207.029 381.476L12.686 187.132c-9.373-9.373-9.373-24.569 0-33.941l22.667-22.667c9.357-9.357 24.522-9.375 33.901-.04L224 284.505l154.745-154.021c9.379-9.335 24.544-9.317 33.901.04l22.667 22.667c9.373 9.373 9.373 24.569 0 33.941L240.971 381.476c-9.373 9.372-24.569 9.372-33.942 0z\"><\/path><\/svg><\/span><\/a>\n\n\n\n<a class=\"gb-button gb-button-83881512 ButtonGelb tabindex\" href=\"https:\/\/www.assistenz-kollektiv.de\/wp-content\/uploads\/Assistenz-Kollektiv_Infobroschuere_Persoenliche-Assistenz_Schwere-Sprache_2025.pdf\" target=\"_blank\" rel=\"noopener noreferrer\" aria-label=\"Kontakt per Video-Chat aufnehmen\"><span class=\"gb-button-text\">Ki\u015fisel yard\u0131m bilgi bro\u015f\u00fcr\u00fc<br>zor dilde<\/span><span class=\"gb-icon\"><svg aria-hidden=\"true\" role=\"img\" height=\"1em\" width=\"1em\" viewbox=\"0 0 448 512\" xmlns=\"http:\/\/www.w3.org\/2000\/svg\"><path fill=\"currentColor\" d=\"M207.029 381.476L12.686 187.132c-9.373-9.373-9.373-24.569 0-33.941l22.667-22.667c9.357-9.357 24.522-9.375 33.901-.04L224 284.505l154.745-154.021c9.379-9.335 24.544-9.317 33.901.04l22.667 22.667c9.373 9.373 9.373 24.569 0 33.941L240.971 381.476c-9.373 9.372-24.569 9.372-33.942 0z\"><\/path><\/svg><\/span><\/a>\n\n<\/div>\n<\/div>\n\n<div class=\"gb-container gb-container-a36ae1b2\">\n<div class=\"gb-container gb-container-04258f5f alignwide\">\n\n<figure class=\"gb-block-image gb-block-image-26b0ee95\"><img loading=\"lazy\" decoding=\"async\" width=\"1200\" height=\"1115\" class=\"gb-image gb-image-26b0ee95 image-shadow img\" src=\"https:\/\/www.assistenz-kollektiv.de\/wp-content\/uploads\/\/Thomas-Neuseeland-1200x1115.png\" alt=\"Eflatun renkli bir arka plan \u00f6n\u00fcnde bir kolajda \u00fc\u00e7 ki\u015fi. Bir ki\u015fi tekerlekli sandalyede otururken, di\u011fer ikisi onun yan\u0131nda duruyor ve omzuna dost\u00e7a dokunuyor. Herkes g\u00fcl\u00fcms\u00fcyor, sahne s\u0131cak ve ba\u011flant\u0131l\u0131 g\u00f6r\u00fcn\u00fcyor.\" title=\"Thomas Yeni Zelanda\" srcset=\"https:\/\/www.assistenz-kollektiv.de\/wp-content\/uploads\/Thomas-Neuseeland-1200x1115.png 1200w, https:\/\/www.assistenz-kollektiv.de\/wp-content\/uploads\/Thomas-Neuseeland-400x372.png 400w, https:\/\/www.assistenz-kollektiv.de\/wp-content\/uploads\/Thomas-Neuseeland-768x714.png 768w, https:\/\/www.assistenz-kollektiv.de\/wp-content\/uploads\/Thomas-Neuseeland.png 1497w\" sizes=\"auto, (max-width: 1200px) 100vw, 1200px\" \/><\/figure>\n\n<\/div>\n<\/div>\n<\/div>\n\n<div class=\"gb-container gb-container-b9f434d6\">\n\n<h3 class=\"gb-headline gb-headline-bebea2e1 gb-headline-text HeadingPetrol tabindex\" id=\"Unsere-Leistungen-umfassen:\">Hizmetlerimiz \u015funlar\u0131 i\u00e7erir:<\/h3>\n\n\n<div class=\"gb-container gb-container-0f6454f8\">\n\n<ul class=\"wp-block-list rounded-list\">\n<li>24 saat yard\u0131m ve k\u0131sa s\u00fcreli yard\u0131m (\u00f6rne\u011fin g\u00fcnde 12 saat veya 8 saat)<\/li>\n\n\n\n<li>\u00dc\u00e7ten fazla ekibe e\u015flik etmeyen ve bu nedenle endi\u015feleriniz i\u00e7in her zaman yeterli zaman\u0131 olan s\u00fcrekli atanm\u0131\u015f bir ekip koordinat\u00f6r\u00fc<\/li>\n\n\n\n<li>Kesintisiz bak\u0131m i\u00e7in 24 saat acil yard\u0131m hatt\u0131 ve 24 saat yedek ekip<\/li>\n\n\n\n<li>T\u00fcm \u00fcyelerin e\u015fit oy hakk\u0131na sahip oldu\u011fu kar amac\u0131 g\u00fctmeyen kurulu\u015fumuzda ortak karar alma<\/li>\n<\/ul>\n\n<\/div>\n\n<div class=\"gb-container gb-container-025a449e\">\n\n<h4 class=\"gb-headline gb-headline-d833d4e7 gb-headline-text HeadingPetrol tabindex\" id=\"Unsere-Leistungen-umfassen:\">Asistan ekibinizi isteklerinize ve ihtiya\u00e7lar\u0131n\u0131za g\u00f6re y\u00f6netin:<\/h4>\n\n\n\n<ul class=\"wp-block-list rounded-list\">\n<li>yard\u0131m ekibiniz i\u00e7inde ileti\u015fim<\/li>\n\n\n\n<li>hastal\u0131k teminat\u0131 aray\u0131\u015f\u0131nda<\/li>\n\n\n\n<li>g\u00f6rev listelerinin olu\u015fturulmas\u0131nda<\/li>\n<\/ul>\n\n<\/div>\n\n<div class=\"gb-container gb-container-f0173d1b\">\n\n<h4 class=\"gb-headline gb-headline-138d2e0a gb-headline-text HeadingPetrol tabindex\" id=\"Unsere-Leistungen-umfassen:\">Asistan ekibinizi isteklerinize ve ihtiya\u00e7lar\u0131n\u0131za g\u00f6re y\u00f6netin:<\/h4>\n\n\n\n<ul class=\"wp-block-list rounded-list\">\n<li>Tak\u0131m\u0131n\u0131zda kimi istedi\u011finize siz karar verin. Bu senin tak\u0131m\u0131n. <\/li>\n\n\n\n<li>Aray\u0131\u015f\u0131n\u0131zda sizi nas\u0131l destekleyece\u011fimize siz karar verin<\/li>\n\n\n\n<li>Hangi konu\u015fmalara kat\u0131lmam\u0131z gerekti\u011fine siz karar verin<\/li>\n\n\n\n<li>Ekibinizi kendiniz y\u00f6netebilirsiniz &#8211; ihtiya\u00e7 duydu\u011funuz her yerde destek sa\u011fl\u0131yoruz.<\/li>\n<\/ul>\n\n<\/div>\n<\/div>\n<\/div>\n<\/div>\n<\/div><div class=\"gb-container gb-container-b3bb4b6b\">\n<div class=\"gb-container gb-container-3bdeb1c3 lineheightone\">\n\n<figure class=\"gb-block-image gb-block-image-414e1221\"><img decoding=\"async\" class=\"gb-image gb-image-414e1221 TrennerOben\" src=\"https:\/\/www.assistenz-kollektiv.de\/wp-content\/uploads\/Linie-Weiss-2.svg\" alt=\"\"><\/figure>\n\n\n<div class=\"gb-container gb-container-2831166a\">\n<div class=\"gb-container gb-container-1f174f3a mitPaddingX\">\n\n<h2 class=\"gb-headline gb-headline-6ac0dbb4 gb-headline-text tabindex\" id=\"Was-bieten-wir-Assistenzkr\u00e4ften\">Asistanlara ne sunuyoruz?<\/h2>\n\n<\/div>\n<\/div>\n\n\n<figure class=\"gb-block-image gb-block-image-ba15f9d8\"><img decoding=\"async\" class=\"gb-image gb-image-ba15f9d8 TrennerUnten\" src=\"https:\/\/www.assistenz-kollektiv.de\/wp-content\/uploads\/Trenner-Weiss-unten-1-1.svg\" alt=\"\"><\/figure>\n\n<\/div>\n\n<div class=\"gb-container gb-container-ffebcfef\">\n<div class=\"gb-container gb-container-4fab86b7 mitPaddingX\">\n<div class=\"gb-container gb-container-ddf3db1e\">\n<div class=\"gb-container gb-container-4eebed11\">\n<div class=\"gb-container gb-container-db286fcc\">\n\n<p>Asistan olmak istiyorsan\u0131z veya zaten asistansan\u0131z, size adil ve destekleyici bir \u00e7al\u0131\u015fma ortam\u0131 sunuyoruz. Kolektifimiz, kendileri de asistan, kullan\u0131c\u0131 veya ekip koordinat\u00f6r\u00fc olan ki\u015filer taraf\u0131ndan kurulmu\u015ftur. Hi\u00e7bir \u015firket sahibinin ki\u015fisel asistanl\u0131k i\u00e7in harcanan paradan faydalanmamas\u0131 gerekti\u011fine inan\u0131yoruz.  <\/p>\n\n\n\n<p>\u00c7al\u0131\u015fanlar\u0131m\u0131z i\u00e7in m\u00fcmk\u00fcn olan en iyi \u00e7al\u0131\u015fma ko\u015fullar\u0131n\u0131 yaratmak amac\u0131yla end\u00fcstriyel eyleme kararl\u0131y\u0131z ve bu nedenle maliyet ta\u015f\u0131y\u0131c\u0131lar\u0131 ile s\u00fcrekli m\u00fczakere halindeyiz.\nElde edilen mali kaynaklar \u00e7al\u0131\u015fanlar aras\u0131nda adil bir \u015fekilde toplu olarak da\u011f\u0131t\u0131l\u0131r. <\/p>\n\n\n<div class=\"gb-container gb-container-22c7c931\">\n<div class=\"gb-container gb-container-b1f95b0b\">\n\n<figure class=\"gb-block-image gb-block-image-8be26b87\"><img loading=\"lazy\" decoding=\"async\" width=\"400\" height=\"454\" class=\"gb-image gb-image-8be26b87\" src=\"https:\/\/www.assistenz-kollektiv.de\/wp-content\/uploads\/\/Anna-Lina-Jobrad-400x454.png\" alt=\"Kask takm\u0131\u015f bir ki\u015fi b\u00fcy\u00fck bir da\u011f bisikletinin \u00fczerinde oturmaktad\u0131r. Omuzlar\u0131na d\u00f6k\u00fclen uzun sa\u00e7lar\u0131 vard\u0131r ve dar bir pantolon ve bot giymektedir. Bisikletin geni\u015f lastikleri vard\u0131r ve engebeli araziler i\u00e7in tasarlanm\u0131\u015f gibi g\u00f6r\u00fcnmektedir. Resim \u015fablon tarz\u0131nda \u00e7izilmi\u015ftir. Arka plan koyu k\u0131rm\u0131z\u0131, ki\u015fi ve bisiklet ise petrol ye\u015filidir.\" title=\"Anna Lina Jobrad\" srcset=\"https:\/\/www.assistenz-kollektiv.de\/wp-content\/uploads\/Anna-Lina-Jobrad-400x454.png 400w, https:\/\/www.assistenz-kollektiv.de\/wp-content\/uploads\/Anna-Lina-Jobrad-1058x1200.png 1058w, https:\/\/www.assistenz-kollektiv.de\/wp-content\/uploads\/Anna-Lina-Jobrad-768x871.png 768w, https:\/\/www.assistenz-kollektiv.de\/wp-content\/uploads\/Anna-Lina-Jobrad-1354x1536.png 1354w, https:\/\/www.assistenz-kollektiv.de\/wp-content\/uploads\/Anna-Lina-Jobrad-1805x2048.png 1805w, https:\/\/www.assistenz-kollektiv.de\/wp-content\/uploads\/Anna-Lina-Jobrad-353x400.png 353w\" sizes=\"auto, (max-width: 400px) 100vw, 400px\" \/><\/figure>\n\n\n<div class=\"gb-container gb-container-5fad1854\">\n\n<h3 class=\"gb-headline gb-headline-b65dbd35 gb-headline-text tabindex\">Buradan ba\u015fvurun:<\/h3>\n\n\n\n<h6 class=\"gb-headline gb-headline-7473dc16 gb-headline-text\"><a href=\"mailto:bewerbung@assistenz-kollektiv.de\">bewerbung@assistenz-kollektiv.de<\/a><\/h6>\n\n\n\n<a class=\"gb-button gb-button-efbbffe2 gb-button-text\" href=\"https:\/\/de.indeed.com\/cmp\/Assistenz-Kollektiv-K%C3%B6ln-E.v.\/jobs\" target=\"_blank\" rel=\"noopener noreferrer\">A\u00e7\u0131k pozisyonlar\u0131m\u0131z<\/a>\n\n\n\n<a class=\"gb-button gb-button-bb46695a gb-button-text\" href=\"https:\/\/www.assistenz-kollektiv.de\/tr\/basvuru-portali\/\">Ba\u015fvuru sahibi portal\u0131<\/a>\n\n<\/div>\n<\/div>\n<\/div>\n<\/div>\n<\/div>\n\n<div class=\"gb-container gb-container-01876290\">\n<div class=\"gb-container gb-container-06db3279\">\n<div class=\"gb-container gb-container-04e98b0b KastenGelbInnen\">\n\n<h4 class=\"gb-headline gb-headline-91399020 gb-headline-text\">Bu y\u00fczden varlar:<\/h4>\n\n\n\n<ul class=\"wp-block-list\">\n<li>D\u00f6rt ayl\u0131k deneme s\u00fcresi i\u00e7eren a\u00e7\u0131k u\u00e7lu bir i\u015f s\u00f6zle\u015fmesi<\/li>\n\n\n\n<li>16,50 \u20ac saat \u00fccreti ve vergisiz gece ve resmi tatil ikramiyeleri<\/li>\n\n\n\n<li>Bu, g\u00fcnde 24 saat \u00e7al\u0131\u015fman\u0131z halinde br\u00fct 396 \u20ac art\u0131 vergisiz 51,15 \u20ac gece ek \u00fccreti alaca\u011f\u0131n\u0131z anlam\u0131na gelir<\/li>\n\n\n\n<li>30 g\u00fcn tatil<\/li>\n\n\n\n<li>K\u0131sa s\u00fcreli hastal\u0131k teminat\u0131 i\u00e7in \u00f6zel \u00f6demeler<\/li>\n\n\n\n<li>Bireysel bir i\u015fe al\u0131\u015ft\u0131rma program\u0131 ve sabit irtibat ki\u015fileri<\/li>\n\n\n\n<li>Birlikte belirleme ve esnek \u00e7al\u0131\u015fma s\u00fcresi modelleri i\u00e7in ayl\u0131k ekip toplant\u0131lar\u0131<\/li>\n\n\n\n<li>G\u00fc\u00e7l\u00fc bir ekip ba\u011f\u0131na sahip asistanlardan olu\u015fan bir ekiple istihdam<\/li>\n\n\n\n<li>N\u00f6bet tutma veya \u00e7a\u011fr\u0131 \u00fczerine g\u00f6rev yapma zorunlulu\u011fu yok<\/li>\n\n\n\n<li>S\u00fcpervizyon ve y\u0131ll\u0131k ekip etkinlikleri<\/li>\n<\/ul>\n\n<\/div>\n\n<div class=\"gb-container gb-container-79544ca7 KastenGelbInnen\">\n\n<h4 class=\"gb-headline gb-headline-250380a0 gb-headline-text\">Ek hizmetler:<\/h4>\n\n\n\n<ul class=\"wp-block-list\">\n<li>Finansal olarak destekledi\u011fimiz \u015firket emeklilik plan\u0131<\/li>\n\n\n\n<li>Almanya biletinin 25 \u20ac ile s\u00fcbvanse edilmesi<\/li>\n\n\n\n<li>Tamamlay\u0131c\u0131 sa\u011fl\u0131k sigortas\u0131<\/li>\n\n\n\n<li>Kentsel Spor \u00dcyeli\u011fi<\/li>\n\n\n\n<li>\u0130\u015f \u00e7ark\u0131<\/li>\n<\/ul>\n\n<\/div>\n<\/div>\n\n<div class=\"gb-container gb-container-510d23f3\">\n\n<h3 class=\"gb-headline gb-headline-da1fcc0c gb-headline-text tabindex\">\u00c7OK \u00d6NEMLI:<\/h3>\n\n\n\n<h6 class=\"gb-headline gb-headline-9871ceff gb-headline-text\">\u0130stedi\u011finiz zaman g\u00f6n\u00fcll\u00fc ve \u00fccretsiz olarak bize kat\u0131labilir ve tekliflerimiz, maa\u015flar\u0131m\u0131z ve y\u00f6nergelerimiz hakk\u0131nda s\u00f6z sahibi olabilirsiniz.<\/h6>\n\n\n\n<a class=\"gb-button gb-button-844c15a6 gb-button-text\" href=\"https:\/\/www.assistenz-kollektiv.de\/tr\/ueye-olun\/\">\u00dcye olun<\/a>\n\n<\/div>\n<\/div>\n<\/div>\n<\/div>\n<\/div>\n<\/div><div class=\"gb-container gb-container-28a6983b\">\n<div class=\"gb-container gb-container-215e635f lineheightone\">\n\n<figure class=\"gb-block-image gb-block-image-55533e6d\"><img decoding=\"async\" class=\"gb-image gb-image-55533e6d TrennerOben\" src=\"https:\/\/www.assistenz-kollektiv.de\/wp-content\/uploads\/Linie-Weiss-2.svg\" alt=\"\"><\/figure>\n\n\n<div class=\"gb-container gb-container-6a3259bc\">\n<div class=\"gb-container gb-container-e6a3c16f mitPaddingX\">\n\n<h2 class=\"gb-headline gb-headline-3ac83641 gb-headline-text tabindex\" id=\"Team\">Tak\u0131m<\/h2>\n\n<\/div>\n<\/div>\n\n\n<figure class=\"gb-block-image gb-block-image-c8883d69\"><img decoding=\"async\" class=\"gb-image gb-image-c8883d69 TrennerUnten\" src=\"https:\/\/www.assistenz-kollektiv.de\/wp-content\/uploads\/Trenner-Weiss-unten-1-1.svg\" alt=\"\"><\/figure>\n\n<\/div>\n\n<div class=\"gb-container gb-container-18033ba2\">\n<div class=\"gb-container gb-container-c29e76f1 mitPaddingX\">\n<div class=\"gb-container gb-container-3701c96c gbp-section\">\n<div class=\"gb-container gb-container-70242d90\">\n\n<h3 class=\"gb-headline gb-headline-cff47e9e gb-headline-text tabindex\" id=\"Teamkoordination\">Ekip koordinasyonu<\/h3>\n\n\n\n<p>Y\u00f6netim kurulu odam\u0131z yok. \u0130ster bir asistan, ister bir yard\u0131mc\u0131, ister bir ekip lideri ya da sadece bir kolektivist olun &#8211; hepimiz e\u015fit \u015fartlarda \u00e7al\u0131\u015f\u0131yoruz. Bizimle ileti\u015fime ge\u00e7mek isterseniz, size cevap verecek seslere bir y\u00fcz vermek isteriz.<\/p>\n\n\n<div class=\"gb-grid-wrapper gb-grid-wrapper-f18c839a\">\n<div class=\"gb-grid-column gb-grid-column-6a5d42be\"><div class=\"gb-container gb-container-6a5d42be\">\n\n<figure class=\"gb-block-image gb-block-image-2a743272\"><img loading=\"lazy\" decoding=\"async\" width=\"400\" height=\"400\" class=\"gb-image gb-image-2a743272\" src=\"https:\/\/www.assistenz-kollektiv.de\/wp-content\/uploads\/\/Marco-2-400x400.png\" alt=\"Marco'dan bir resim\" title=\"Marco\"><\/figure>\n\n\n\n<h4 class=\"gb-headline gb-headline-219a6739 gb-headline-text\">Marco<\/h4>\n\n\n\n<div class=\"gb-headline gb-headline-646a264c gb-headline-text\"><a href=\"mailto:m.zink@assistenz-kollektiv.de\">m.zink@assistenz-kollektiv.de<\/a><\/div>\n\n<\/div><\/div>\n\n<div class=\"gb-grid-column gb-grid-column-4f38ac0d\"><div class=\"gb-container gb-container-4f38ac0d\">\n\n<figure class=\"gb-block-image gb-block-image-1efb1b13\"><img loading=\"lazy\" decoding=\"async\" width=\"400\" height=\"400\" class=\"gb-image gb-image-1efb1b13\" src=\"https:\/\/www.assistenz-kollektiv.de\/wp-content\/uploads\/Thomas-blau-400x400.png\" alt=\"G\u00f6zl\u00fckl\u00fc ve sakall\u0131 bir adam g\u00fcl\u00fcms\u00fcyor. Arka plan koyu k\u0131rm\u0131z\u0131, g\u00f6mle\u011fi ise petrol ye\u015fili. Portre, sanatsal bir karakter kazand\u0131ran \u015fablon stilinde resmedilmi\u015ftir.\" title=\"Portre resmi Thomas\"><\/figure>\n\n\n\n<h4 class=\"gb-headline gb-headline-d281a5de gb-headline-text\">Thomas<\/h4>\n\n\n\n<div class=\"gb-headline gb-headline-0c4b167c gb-headline-text\"><a href=\"mailto:t.schmitz@assistenz-kollektiv.de\">t.schmitz@assistenz-kollektiv.de<\/a><\/div>\n\n<\/div><\/div>\n\n<div class=\"gb-grid-column gb-grid-column-368966b4\"><div class=\"gb-container gb-container-368966b4\">\n\n<figure class=\"gb-block-image gb-block-image-5f9b3149\"><img loading=\"lazy\" decoding=\"async\" width=\"400\" height=\"400\" class=\"gb-image gb-image-5f9b3149\" src=\"https:\/\/www.assistenz-kollektiv.de\/wp-content\/uploads\/Marion-blau-400x400.png\" alt=\"Sa\u00e7lar\u0131n\u0131 arkadan ba\u011flam\u0131\u015f bir kad\u0131n kameraya g\u00fcl\u00fcms\u00fcyor. Yuvarlak yakal\u0131 bir bluz giymektedir. Resim \u015fablon tarz\u0131nda \u00e7izilmi\u015ftir. Arka plan koyu k\u0131rm\u0131z\u0131d\u0131r ve kad\u0131n petrol ye\u015fili ile g\u00f6sterilmi\u015ftir, bu da resme sanatsal, stilize bir g\u00f6r\u00fcn\u00fcm kazand\u0131rmaktad\u0131r.\" title=\"Portre resmi Marion\"><\/figure>\n\n\n\n<h4 class=\"gb-headline gb-headline-3dd8383a gb-headline-text\">Marion<\/h4>\n\n\n\n<div class=\"gb-headline gb-headline-1fdcfd5f gb-headline-text\"><a href=\"mailto:m.hens@assistenz-kollektiv.de\">m.hens@assistenz-kollektiv.de<\/a><\/div>\n\n<\/div><\/div>\n\n<div class=\"gb-grid-column gb-grid-column-5d1e4b33\"><div class=\"gb-container gb-container-5d1e4b33\">\n\n<figure class=\"gb-block-image gb-block-image-4e50f833\"><img decoding=\"async\" class=\"gb-image gb-image-4e50f833\" src=\"https:\/\/www.assistenz-kollektiv.de\/wp-content\/uploads\/\/Maik-200x200.png\" alt=\"Resimde orta uzunlukta, gev\u015fek d\u00f6k\u00fclen sa\u00e7lar\u0131 olan, hafif\u00e7e yana bakan ve g\u00fcl\u00fcmseyen bir ki\u015fi g\u00f6r\u00fclmektedir. Portre \u015fablon tarz\u0131nda resmedilmi\u015ftir. Ki\u015fi koyu k\u0131rm\u0131z\u0131 zemin \u00fczerine petrol ye\u015fili ile resmedilmi\u015ftir.\" title=\"Portre resmi Maik\"><\/figure>\n\n\n\n<h4 class=\"gb-headline gb-headline-7161cd5a gb-headline-text\">Mike<\/h4>\n\n\n\n<div class=\"gb-headline gb-headline-1fbe375c gb-headline-text\"><a href=\"mailto:spundflasche@assistenz-kollektiv.de\">spundflasche@assistenz-kollektiv.de<\/a><\/div>\n\n<\/div><\/div>\n\n<div class=\"gb-grid-column gb-grid-column-3385bc3a\"><div class=\"gb-container gb-container-3385bc3a\">\n\n<figure class=\"gb-block-image gb-block-image-73064fdf\"><img loading=\"lazy\" decoding=\"async\" width=\"400\" height=\"400\" class=\"gb-image gb-image-73064fdf\" src=\"https:\/\/www.assistenz-kollektiv.de\/wp-content\/uploads\/Tina-blau-400x400.png\" alt=\"Sa\u011fa do\u011fru bakan, yan portrede bir ki\u015finin \u015fablon tarz\u0131 ill\u00fcstrasyonu. Resim \u00fc\u00e7 renkte tasarlanm\u0131\u015ft\u0131r: Ki\u015finin teni a\u00e7\u0131k bej tonunda, sa\u00e7lar\u0131 ve giysileri petrol ye\u015fili tonunda ve arka plan g\u00fc\u00e7l\u00fc bir koyu k\u0131rm\u0131z\u0131. Ki\u015finin k\u0131sa ila orta uzunlukta sa\u00e7lar\u0131 vard\u0131r ve ellerini bir masan\u0131n \u00fczerine koymu\u015f gibi \u00f6n\u00fcnde tutmaktad\u0131r.\" title=\"Tina'n\u0131n portre resmi\"><\/figure>\n\n\n\n<h4 class=\"gb-headline gb-headline-07cf5f7c gb-headline-text\">Christina<\/h4>\n\n\n\n<div class=\"gb-headline gb-headline-0aca115c gb-headline-text\"><a href=\"mailto:c.zajber@assistenz-kollektiv.de\">c.zajber@assistenz-kollektiv.de<\/a><\/div>\n\n<\/div><\/div>\n\n<div class=\"gb-grid-column gb-grid-column-f6d965a7\"><div class=\"gb-container gb-container-f6d965a7\">\n\n<figure class=\"gb-block-image gb-block-image-86f51bbd\"><img decoding=\"async\" class=\"gb-image gb-image-86f51bbd\" src=\"https:\/\/www.assistenz-kollektiv.de\/wp-content\/uploads\/\/David-200x200.png\" alt=\"G\u00fcl\u00fcmseyen ve do\u011frudan kameraya bakan bir adam\u0131n \u015fablon tarz\u0131 ill\u00fcstrasyonu. Resimde \u00fc\u00e7 ana renk kullan\u0131lm\u0131\u015f: adam\u0131n teni a\u00e7\u0131k bej, k\u0131yafetleri ve \u015fapkas\u0131 petrol ye\u015fili, arka plan ise zengin koyu k\u0131rm\u0131z\u0131. Adam\u0131n sakal\u0131 var ve koyu renk bir \u015fapka tak\u0131yor.\" title=\"Portre resmi David\"><\/figure>\n\n\n\n<h4 class=\"gb-headline gb-headline-173ca727 gb-headline-text\">David<\/h4>\n\n\n\n<div class=\"gb-headline gb-headline-3c350534 gb-headline-text\"><a href=\"mailto:d.schmitt@assistenz-kollektiv.de\">d.schmitt@assistenz-kollektiv.de<\/a><\/div>\n\n<\/div><\/div>\n\n<div class=\"gb-grid-column gb-grid-column-22e3b147\"><div class=\"gb-container gb-container-22e3b147\">\n\n<figure class=\"gb-block-image gb-block-image-f78186c9\"><img loading=\"lazy\" decoding=\"async\" width=\"400\" height=\"400\" class=\"gb-image gb-image-f78186c9\" src=\"https:\/\/www.assistenz-kollektiv.de\/wp-content\/uploads\/\/Michele-400x400.png\" alt=\"Michele'den bir resim\" title=\"Michele\"><\/figure>\n\n\n\n<h4 class=\"gb-headline gb-headline-af604968 gb-headline-text\">Michele<\/h4>\n\n\n\n<div class=\"gb-headline gb-headline-8fd982db gb-headline-text\"><a href=\"mailto:m.grifone@assistenz-kollektiv.de\">m.grifone@assistenz-kollektiv.de<\/a><\/div>\n\n<\/div><\/div>\n<\/div>\n<\/div>\n<\/div>\n\n<div class=\"gb-container gb-container-ce71417d gbp-section\">\n<div class=\"gb-container gb-container-41b4ac22\">\n\n<h3 class=\"gb-headline gb-headline-e9cc4835 gb-headline-text tabindex\" id=\"Teamkoordination\">Halkla ili\u015fkiler ve a\u011f olu\u015fturma:<\/h3>\n\n\n<div class=\"gb-grid-wrapper gb-grid-wrapper-87ba320a\">\n<div class=\"gb-grid-column gb-grid-column-0b6b18b6\"><div class=\"gb-container gb-container-0b6b18b6\">\n\n<figure class=\"gb-block-image gb-block-image-4ad397ae\"><img loading=\"lazy\" decoding=\"async\" width=\"400\" height=\"400\" class=\"gb-image gb-image-4ad397ae\" src=\"https:\/\/www.assistenz-kollektiv.de\/wp-content\/uploads\/\/Esra-400x400.png\" alt=\"Esra'n\u0131n resmi\" title=\"Ezra\"><\/figure>\n\n\n\n<h4 class=\"gb-headline gb-headline-9fd73ee9 gb-headline-text\">Ezra<\/h4>\n\n\n\n<div class=\"gb-headline gb-headline-b9733f1e gb-headline-text\"><a href=\"mailto:e.kalkan@assistenz-kollektiv.de\">e.kalkan@assistenz-kollektiv.de<\/a><\/div>\n\n<\/div><\/div>\n\n<div class=\"gb-grid-column gb-grid-column-c244018f\"><div class=\"gb-container gb-container-c244018f\">\n\n<figure class=\"gb-block-image gb-block-image-0e83a92a\"><img loading=\"lazy\" decoding=\"async\" width=\"400\" height=\"400\" class=\"gb-image gb-image-0e83a92a\" src=\"https:\/\/www.assistenz-kollektiv.de\/wp-content\/uploads\/Louis-blau-400x400.png\" alt=\"Bir ki\u015fi kameraya g\u00fcl\u00fcms\u00fcyor ve elleri kal\u00e7alar\u0131nda. \u00dczerinde bir s\u00fcveter vard\u0131r. \u0130fade dost\u00e7a ve rahatt\u0131r. Portre \u015fablon tarz\u0131nda resmedilmi\u015f, koyu k\u0131rm\u0131z\u0131 bir arka plana kar\u015f\u0131 petrol ye\u015fili renkte bir ki\u015fi.\" title=\"Portre resmi Louis\"><\/figure>\n\n\n\n<h4 class=\"gb-headline gb-headline-76385f1c gb-headline-text\">Louis<\/h4>\n\n\n\n<div class=\"gb-headline gb-headline-7dd89fb1 gb-headline-text\"><a href=\"mailto:l.fehling@assistenz-kollektiv.de\">l.fehling@assistenz-kollektiv.de<\/a><\/div>\n\n<\/div><\/div>\n<\/div>\n<\/div>\n<\/div>\n\n<div class=\"gb-container gb-container-94eee5fc gbp-section\">\n<div class=\"gb-container gb-container-c8251544\">\n\n<h3 class=\"gb-headline gb-headline-61614cbd gb-headline-text tabindex\" id=\"Teamkoordination\">Dan\u0131\u015fmanl\u0131k:<\/h3>\n\n\n<div class=\"gb-grid-wrapper gb-grid-wrapper-d15b4b93\">\n<div class=\"gb-grid-column gb-grid-column-c3b59b97\"><div class=\"gb-container gb-container-c3b59b97\">\n\n<figure class=\"gb-block-image gb-block-image-e4679301\"><img loading=\"lazy\" decoding=\"async\" width=\"400\" height=\"400\" class=\"gb-image gb-image-e4679301\" src=\"https:\/\/www.assistenz-kollektiv.de\/wp-content\/uploads\/\/Eva-400x400.png\" alt=\"Eva\" title=\"Eva\"><\/figure>\n\n\n\n<h4 class=\"gb-headline gb-headline-f7d2206e gb-headline-text\">Eva<\/h4>\n\n\n\n<div class=\"gb-headline gb-headline-b9151667 gb-headline-text\"><a href=\"mailto:e.nowara@assistenz-kollektiv.de\">e.nowara@assistenz-kollektiv.de<\/a><\/div>\n\n<\/div><\/div>\n<\/div>\n<\/div>\n<\/div>\n\n<div class=\"gb-container gb-container-6d931d45 gbp-section\">\n<div class=\"gb-container gb-container-755f96b8\">\n\n<h3 class=\"gb-headline gb-headline-97852811 gb-headline-text tabindex\" id=\"Teamkoordination\">Muhasebe:<\/h3>\n\n\n<div class=\"gb-grid-wrapper gb-grid-wrapper-ecb5069a\">\n<div class=\"gb-grid-column gb-grid-column-e120d1cb\"><div class=\"gb-container gb-container-e120d1cb\">\n\n<figure class=\"gb-block-image gb-block-image-d0490c22\"><img decoding=\"async\" class=\"gb-image gb-image-d0490c22\" src=\"https:\/\/www.assistenz-kollektiv.de\/wp-content\/uploads\/\/Figen-2-200x200.png\" alt=\"K\u0131sa sa\u00e7l\u0131 bir ki\u015fi kameraya do\u011fru bakmaktad\u0131r. Yakal\u0131 bir \u00fcst giymi\u015f ve kollar\u0131n\u0131 v\u00fccudunun \u00f6n\u00fcnde gev\u015fek\u00e7e kavu\u015fturmu\u015f. Y\u00fcz ifadesi sakin ve kendinden emin. Resim \u015fablon tarz\u0131nda \u00e7izilmi\u015f olup ki\u015fi koyu k\u0131rm\u0131z\u0131 zemin \u00fczerinde petrol ye\u015fili ile g\u00f6sterilmi\u015ftir.\" title=\"Portre resmi Figen\"><\/figure>\n\n\n\n<h4 class=\"gb-headline gb-headline-750a27a1 gb-headline-text\">Figen<\/h4>\n\n\n\n<div class=\"gb-headline gb-headline-149baec4 gb-headline-text\"><a href=\"mailto:f.sariates-lerch@assistenz-kollektiv.de\">f.sariates-lerch@assistenz-kollektiv.de<\/a><\/div>\n\n<\/div><\/div>\n<\/div>\n<\/div>\n<\/div>\n\n<div class=\"gb-container gb-container-f5e274ef gbp-section\">\n<div class=\"gb-container gb-container-ab92697d\">\n\n<h3 class=\"gb-headline gb-headline-afe0a385 gb-headline-text tabindex\" id=\"Teamkoordination\">G\u00f6zetim:<\/h3>\n\n\n<div class=\"gb-grid-wrapper gb-grid-wrapper-5b99b518\">\n<div class=\"gb-grid-column gb-grid-column-ac714cb6\"><div class=\"gb-container gb-container-ac714cb6\">\n\n<figure class=\"gb-block-image gb-block-image-8879e9e1\"><img loading=\"lazy\" decoding=\"async\" width=\"400\" height=\"400\" class=\"gb-image gb-image-8879e9e1\" src=\"https:\/\/www.assistenz-kollektiv.de\/wp-content\/uploads\/\/Bianca-400x400.png\" alt=\"Bianca'n\u0131n resmi\" title=\"Bianca\"><\/figure>\n\n\n\n<h4 class=\"gb-headline gb-headline-5ad9ee73 gb-headline-text\">Bianca<\/h4>\n\n\n\n<div class=\"gb-headline gb-headline-8c449caa gb-headline-text\"><a href=\"mailto:b.wippich-hoek@assistenz-kollektiv.de\">b.wippich-hoek@assistenz-kollektiv.de<\/a><\/div>\n\n<\/div><\/div>\n<\/div>\n<\/div>\n<\/div>\n<\/div>\n<\/div>\n<\/div><div class=\"gb-container gb-container-883d690a\">\n<div class=\"gb-container gb-container-5a8b8577 lineheightone\">\n\n<figure class=\"gb-block-image gb-block-image-cc221460\"><img decoding=\"async\" class=\"gb-image gb-image-cc221460 TrennerOben\" src=\"https:\/\/www.assistenz-kollektiv.de\/wp-content\/uploads\/Linie-Weiss-2.svg\" alt=\"\"><\/figure>\n\n\n<div class=\"gb-container gb-container-b2d26e28\">\n<div class=\"gb-container gb-container-05c93483 mitPaddingX\">\n\n<h2 class=\"gb-headline gb-headline-db8fadc2 gb-headline-text tabindex\" id=\"Beratungsdienst\">Dan\u0131\u015fmanl\u0131k hizmeti<\/h2>\n\n<\/div>\n<\/div>\n\n\n<figure class=\"gb-block-image gb-block-image-221f841f\"><img decoding=\"async\" class=\"gb-image gb-image-221f841f TrennerUnten\" src=\"https:\/\/www.assistenz-kollektiv.de\/wp-content\/uploads\/Trenner-Weiss-unten-1-1.svg\" alt=\"\"><\/figure>\n\n<\/div>\n\n<div class=\"gb-container gb-container-433ab304\">\n<div class=\"gb-container gb-container-3ca49d5c mitPaddingX\">\n<div class=\"gb-container gb-container-edd023b4\">\n\n<p>Akranlar aras\u0131 dan\u0131\u015fmanl\u0131k hizmeti sunuyoruz. Uzun y\u0131llard\u0131r ki\u015fisel yard\u0131m kullanan bir ekip koordinat\u00f6r\u00fcne ula\u015facaks\u0131n\u0131z.  L\u00fctfen video portal\u0131 \u00fczerinden BA\u015eVURU KABUL ETMED\u0130\u011e\u0130M\u0130Z\u0130 unutmay\u0131n. Ba\u015fvurular i\u00e7in l\u00fctfen bewerbung@assistenz-kollektiv.de e-posta adresini kullan\u0131n. <\/p>\n\n\n\n<p>Video konferans arac\u0131l\u0131\u011f\u0131yla bizimle ki\u015fisel bir dan\u0131\u015fma g\u00f6r\u00fc\u015fmesi i\u00e7in randevu almak \u00fczere a\u015fa\u011f\u0131daki takvimi kullan\u0131n.<\/p>\n\n\n<div class=\"gb-container gb-container-91d822cd\">\n <div class=\"brlbs-cmpnt-container brlbs-cmpnt-content-blocker brlbs-cmpnt-with-individual-styles\" data-borlabs-cookie-content-blocker-id=\"zoom\" data-borlabs-cookie-content=\"PC9wPgoKCgogPGRpdiBjbGFzcz0iYnJsYnMtY21wbnQtY29udGFpbmVyIGJybGJzLWNtcG50LWNvbnRlbnQtYmxvY2tlciBicmxicy1jbXBudC13aXRoLWluZGl2aWR1YWwtc3R5bGVzIiBkYXRhLWJvcmxhYnMtY29va2llLWNvbnRlbnQtYmxvY2tlci1pZD0iZGVmYXVsdCIgZGF0YS1ib3JsYWJzLWNvb2tpZS1jb250ZW50PSJQR2xtY21GdFpTQnpjbU05SW1oMGRIQnpPaTh2YzJOb1pXUjFiR1Z5TG5wdmIyMHVkWE12WVhOemFYTjBaVzU2TFd0dmJHeGxhM1JwZGk5MmFXUmxieTFpWlhKaGRIVnVaejlsYldKbFpGTjBlV3hsUFNVM1FpVXlNbUoxZEhSdmJrTnZiRzl5SlRJeUpUTkJKVEl5SlRJellUZ3hORFJoSlRJeUpUZEVKbVZ0WW1Wa1BYUnlkV1VpSUdaeVlXMWxZbTl5WkdWeVBTSXdJaUJ6ZEhsc1pUMGlkMmxrZEdnNklERXdNQ1U3SUdobGFXZG9kRG9nTnpJd2NIZzdJajQ4TDJsbWNtRnRaVDQ9Ij48ZGl2IGNsYXNzPSJicmxicy1jbXBudC1jYi1wcmVzZXQtYSI+IDxwIGNsYXNzPSJicmxicy1jbXBudC1jYi1kZXNjcmlwdGlvbiI+WW91IGFyZSBjdXJyZW50bHkgdmlld2luZyBhIHBsYWNlaG9sZGVyIGNvbnRlbnQgZnJvbSA8c3Ryb25nPkRlZmF1bHQ8L3N0cm9uZz4uIFRvIGFjY2VzcyB0aGUgYWN0dWFsIGNvbnRlbnQsIGNsaWNrIHRoZSBidXR0b24gYmVsb3cuIFBsZWFzZSBub3RlIHRoYXQgZG9pbmcgc28gd2lsbCBzaGFyZSBkYXRhIHdpdGggdGhpcmQtcGFydHkgcHJvdmlkZXJzLjwvcD4gPGRpdiBjbGFzcz0iYnJsYnMtY21wbnQtY2ItYnV0dG9ucyI+IDxhIGNsYXNzPSJicmxicy1jbXBudC1jYi1idG4iIGhyZWY9IiMiIGRhdGEtYm9ybGFicy1jb29raWUtdW5ibG9jayByb2xlPSJidXR0b24iPlVuYmxvY2sgY29udGVudDwvYT4gPGEgY2xhc3M9ImJybGJzLWNtcG50LWNiLWJ0biIgaHJlZj0iIyIgZGF0YS1ib3JsYWJzLWNvb2tpZS1hY2NlcHQtc2VydmljZSByb2xlPSJidXR0b24iIHN0eWxlPSJkaXNwbGF5OiBub25lIj5BY2NlcHQgcmVxdWlyZWQgc2VydmljZSBhbmQgdW5ibG9jayBjb250ZW50PC9hPiA8L2Rpdj4gPGEgY2xhc3M9ImJybGJzLWNtcG50LWNiLXByb3ZpZGVyLXRvZ2dsZSIgaHJlZj0iIyIgZGF0YS1ib3JsYWJzLWNvb2tpZS1zaG93LXByb3ZpZGVyLWluZm9ybWF0aW9uIHJvbGU9ImJ1dHRvbiI+TW9yZSBJbmZvcm1hdGlvbjwvYT4gPC9kaXY+PC9kaXY+CgoKPHA+\"><div class=\"brlbs-cmpnt-cb-preset-a\"> <p class=\"brlbs-cmpnt-cb-description\">\u015eu anda <strong>Zoom<\/strong> \u015feklinde bir yer tutucu i\u00e7erik g\u00f6r\u00fcyorsunuz. Ger\u00e7ek i\u00e7eri\u011fe eri\u015fmek i\u00e7in a\u015fa\u011f\u0131daki d\u00fc\u011fmeye t\u0131klay\u0131n. Verilerin \u00fc\u00e7\u00fcnc\u00fc taraf sa\u011flay\u0131c\u0131lara aktar\u0131laca\u011f\u0131n\u0131 l\u00fctfen unutmay\u0131n.<\/p> <div class=\"brlbs-cmpnt-cb-buttons\"> <a class=\"brlbs-cmpnt-cb-btn\" href=\"#\" data-borlabs-cookie-unblock role=\"button\">\u0130\u00e7eri\u011fin kilidini a\u00e7<\/a> <a class=\"brlbs-cmpnt-cb-btn\" href=\"#\" data-borlabs-cookie-accept-service role=\"button\" style=\"display: inherit\">Gerekli hizmeti kabul edin ve i\u00e7erik engelini kald\u0131r\u0131n<\/a> <\/div> <a class=\"brlbs-cmpnt-cb-provider-toggle\" href=\"#\" data-borlabs-cookie-show-provider-information role=\"button\">Daha fazla bilgi<\/a> <\/div><\/div>\n\n<\/div>\n<\/div>\n\n<div class=\"gb-container gb-container-432b6fbc\">\n<div class=\"gb-container gb-container-b659ed67\">\n<div class=\"gb-container gb-container-2beabeda\">\n\n<h4 class=\"gb-headline gb-headline-1789c0d4 gb-headline-text\">\u015eu konulardaki sorular\u0131n\u0131zda size yard\u0131mc\u0131 olabiliriz:<\/h4>\n\n\n\n<ul class=\"wp-block-list\">\n<li>Yard\u0131mla ya\u015famak: Ki\u015fisel yard\u0131mla g\u00fcnl\u00fck ya\u015fam\u0131n neye benzeyebilece\u011fini \u00f6\u011frenin.<\/li>\n\n\n\n<li>Ba\u015fvuru: Yard\u0131m ba\u015fvurusu i\u00e7in ad\u0131m ad\u0131m k\u0131lavuz.<\/li>\n\n\n\n<li>Finansman: Finansman se\u00e7enekleri ve ba\u015fvuru merkezleri hakk\u0131nda bilgi.<\/li>\n\n\n\n<li>Asistan bulma: Uygun asistanlar\u0131 bulmak ve se\u00e7mek i\u00e7in ipu\u00e7lar\u0131.<\/li>\n\n\n\n<li>Organizasyon: G\u00fcnl\u00fck ya\u015fam\u0131n\u0131z\u0131 yard\u0131mla organize etmenize destek.<\/li>\n<\/ul>\n\n<\/div>\n<\/div>\n\n<div class=\"gb-container gb-container-127c4b78\">\n<div class=\"gb-container gb-container-5a850252\">\n\n<h2 class=\"gb-headline gb-headline-30119074\"><span class=\"gb-icon\"><svg xmlns=\"http:\/\/www.w3.org\/2000\/svg\" aria-hidden=\"true\" role=\"img\" height=\"1em\" width=\"1em\" viewbox=\"0 0 448 512\"><path fill=\"currentColor\" d=\"M148 288h-40c-6.6 0-12-5.4-12-12v-40c0-6.6 5.4-12 12-12h40c6.6 0 12 5.4 12 12v40c0 6.6-5.4 12-12 12zm108-12v-40c0-6.6-5.4-12-12-12h-40c-6.6 0-12 5.4-12 12v40c0 6.6 5.4 12 12 12h40c6.6 0 12-5.4 12-12zm96 0v-40c0-6.6-5.4-12-12-12h-40c-6.6 0-12 5.4-12 12v40c0 6.6 5.4 12 12 12h40c6.6 0 12-5.4 12-12zm-96 96v-40c0-6.6-5.4-12-12-12h-40c-6.6 0-12 5.4-12 12v40c0 6.6 5.4 12 12 12h40c6.6 0 12-5.4 12-12zm-96 0v-40c0-6.6-5.4-12-12-12h-40c-6.6 0-12 5.4-12 12v40c0 6.6 5.4 12 12 12h40c6.6 0 12-5.4 12-12zm192 0v-40c0-6.6-5.4-12-12-12h-40c-6.6 0-12 5.4-12 12v40c0 6.6 5.4 12 12 12h40c6.6 0 12-5.4 12-12zm96-260v352c0 26.5-21.5 48-48 48H48c-26.5 0-48-21.5-48-48V112c0-26.5 21.5-48 48-48h48V12c0-6.6 5.4-12 12-12h40c6.6 0 12 5.4 12 12v52h128V12c0-6.6 5.4-12 12-12h40c6.6 0 12 5.4 12 12v52h48c26.5 0 48 21.5 48 48zm-48 346V160H48v298c0 3.3 2.7 6 6 6h340c3.3 0 6-2.7 6-6z\"><\/path><\/svg><\/span><span class=\"gb-headline-text\">Tavsiye mi ar\u0131yorsunuz?<\/span><\/h2>\n\n\n<div class=\"gb-container gb-container-7d0b6237\">\n\n<h4 class=\"gb-headline gb-headline-f98329fc gb-headline-text\"><br>Bize e-posta ile ula\u015f\u0131n:<\/h4>\n\n\n\n<a class=\"gb-button gb-button-15df7b02 ButtonGelb\" href=\"mailto:beratung@assistenz-kollektiv.de\" aria-label=\"Kontakt per E-Mail kontakt@assistenz-kollektiv.de aufnehmen\"><span class=\"gb-icon\"><svg xmlns=\"http:\/\/www.w3.org\/2000\/svg\" aria-hidden=\"true\" role=\"img\" height=\"1em\" width=\"1em\" viewbox=\"0 0 512 512\"><path fill=\"currentColor\" d=\"M464 64H48C21.49 64 0 85.49 0 112v288c0 26.51 21.49 48 48 48h416c26.51 0 48-21.49 48-48V112c0-26.51-21.49-48-48-48zm0 48v40.805c-22.422 18.259-58.168 46.651-134.587 106.49-16.841 13.247-50.201 45.072-73.413 44.701-23.208.375-56.579-31.459-73.413-44.701C106.18 199.465 70.425 171.067 48 152.805V112h416zM48 400V214.398c22.914 18.251 55.409 43.862 104.938 82.646 21.857 17.205 60.134 55.186 103.062 54.955 42.717.231 80.509-37.199 103.053-54.947 49.528-38.783 82.032-64.401 104.947-82.653V400H48z\"><\/path><\/svg><\/span><span class=\"gb-button-text\">beratung@assistenz-kollektiv.de<\/span><\/a>\n\n\n\n<h4 class=\"gb-headline gb-headline-724276e5 gb-headline-text\">Ya da randevu almak i\u00e7in bizi araman\u0131z yeterli!  <\/h4>\n\n\n\n<h2 class=\"gb-headline gb-headline-310067ef gb-headline-text\">\u00c7al\u0131\u015fma saatlerimiz  <\/h2>\n\n\n\n<p style=\"font-size:17px;font-style:normal;font-weight:700\">Pazartesi &#8211; Per\u015fembe 11:00 &#8211; 15:00 Cuma 11:00 &#8211; 14:00<\/p>\n\n\n\n<a class=\"gb-button gb-button-64226160 ButtonGelb\" href=\"tel:022334606727\" aria-label=\"Kontakt per Telefon 02233 4606729 aufnehmen\"><span class=\"gb-icon\"><svg xmlns=\"http:\/\/www.w3.org\/2000\/svg\" aria-hidden=\"true\" role=\"img\" height=\"1em\" width=\"1em\" viewbox=\"0 0 512 512\"><path fill=\"currentColor\" d=\"M493.4 24.6l-104-24c-11.3-2.6-22.9 3.3-27.5 13.9l-48 112c-4.2 9.8-1.4 21.3 6.9 28l60.6 49.6c-36 76.7-98.9 140.5-177.2 177.2l-49.6-60.6c-6.8-8.3-18.2-11.1-28-6.9l-112 48C3.9 366.5-2 378.1.6 389.4l24 104C27.1 504.2 36.7 512 48 512c256.1 0 464-207.5 464-464 0-11.2-7.7-20.9-18.6-23.4z\"><\/path><\/svg><\/span><span class=\"gb-button-text\">02233 4606727<\/span><\/a>\n\n<\/div>\n<\/div>\n<\/div>\n<\/div>\n<\/div>\n<\/div>\n<\/div><div class=\"gb-container gb-container-2ef6096f\">\n<div class=\"gb-container gb-container-c9a475fe lineheightone\">\n\n<figure class=\"gb-block-image gb-block-image-451b29c2\"><img decoding=\"async\" class=\"gb-image gb-image-451b29c2 TrennerOben\" src=\"https:\/\/www.assistenz-kollektiv.de\/wp-content\/uploads\/Linie-Weiss-2.svg\" alt=\"\"><\/figure>\n\n\n<div class=\"gb-container gb-container-f23d1f46\">\n<div class=\"gb-container gb-container-3ff20bb6 mitPaddingX\">\n\n<h2 class=\"gb-headline gb-headline-1f2f330c gb-headline-text tabindex\" id=\"Was-ist-Pers\u00f6nliche-Assistenz\">Ki\u015fisel yard\u0131m nedir?<\/h2>\n\n<\/div>\n<\/div>\n\n\n<figure class=\"gb-block-image gb-block-image-dce4a297\"><img decoding=\"async\" class=\"gb-image gb-image-dce4a297 TrennerUnten\" src=\"https:\/\/www.assistenz-kollektiv.de\/wp-content\/uploads\/Trenner-Weiss-unten-1-1.svg\" alt=\"\"><\/figure>\n\n<\/div>\n\n<div class=\"gb-container gb-container-78a3f41a\">\n<div class=\"gb-container gb-container-6cf106eb mitPaddingX\">\n<div class=\"gb-container gb-container-88667d9e\">\n\n<p>Ki\u015fisel yard\u0131m, engelli ki\u015filerin kendi kaderlerini tayin edebilmelerini ve ba\u011f\u0131ms\u0131z bir ya\u015fam s\u00fcrmelerini sa\u011flayan bireyselle\u015ftirilmi\u015f destektir.<\/p>\n\n\n\n<p>Engelli ki\u015filerin bireysel istek ve ihtiya\u00e7lar\u0131n\u0131 ger\u00e7ekle\u015ftirmelerini sa\u011flar.<\/p>\n\n\n\n<p>\u0130lgili ki\u015filerin yard\u0131mlar\u0131 \u00fczerinde kontrol sahibi olmalar\u0131 \u00f6zellikle \u00f6nemlidir. Kimin, ne zaman ve nas\u0131l destek sa\u011flayaca\u011f\u0131na kendileri karar verirler. Bu, ilgili ki\u015filerin yat\u0131l\u0131 bak\u0131m merkezleri ve evler gibi ayr\u0131\u015ft\u0131r\u0131c\u0131 sistemlerden \u00e7\u0131kmalar\u0131n\u0131 sa\u011flar.  <\/p>\n\n\n\n<p>Ki\u015fisel yard\u0131m \u00f6zerkli\u011fi, \u00f6zg\u00fcveni ve ya\u015fam kalitesini te\u015fvik eder ve toplumda kapsay\u0131c\u0131l\u0131k ve e\u015fitli\u011fe \u00f6nemli bir katk\u0131 sa\u011flar.<\/p>\n\n<\/div>\n\n<div class=\"gb-container gb-container-dac43cb6\">\n\n<h3 class=\"gb-headline gb-headline-f078d469 gb-headline-text HeadingPetrol tabindex\"><br><br>Ki\u015fisel yard\u0131m, a\u015fa\u011f\u0131dakiler gibi \u00e7e\u015fitli alanlarda destek hizmetlerini i\u00e7erir<\/h3>\n\n\n<div class=\"gb-container gb-container-f2037c25\">\n\n<ul class=\"wp-block-list rounded-list\">\n<li>Hane halk\u0131<\/li>\n\n\n\n<li>V\u00fccut bak\u0131m\u0131<\/li>\n\n\n\n<li>Hareketlilik<\/li>\n\n\n\n<li>\u0130leti\u015fim<\/li>\n\n\n\n<li>Bo\u015f zaman etkinlikleri<\/li>\n<\/ul>\n\n<\/div>\n<\/div>\n<\/div>\n<\/div>\n<\/div><div class=\"gb-container gb-container-01ae47d6\">\n<div class=\"gb-container gb-container-478438ea lineheightone\">\n\n<figure class=\"gb-block-image gb-block-image-09feaf1a\"><img decoding=\"async\" class=\"gb-image gb-image-09feaf1a TrennerOben\" src=\"https:\/\/www.assistenz-kollektiv.de\/wp-content\/uploads\/Linie-Weiss-2.svg\" alt=\"\"><\/figure>\n\n\n<div class=\"gb-container gb-container-5f1af12d\">\n<div class=\"gb-container gb-container-bfc822e5 mitPaddingX\">\n\n<h2 class=\"gb-headline gb-headline-c5c60a28 gb-headline-text tabindex\" id=\"Was-ist-Pers\u00f6nliches-Budget\">Ki\u015fisel b\u00fct\u00e7e nedir?<\/h2>\n\n<\/div>\n<\/div>\n\n\n<figure class=\"gb-block-image gb-block-image-22bb3e59\"><img decoding=\"async\" class=\"gb-image gb-image-22bb3e59 TrennerUnten\" src=\"https:\/\/www.assistenz-kollektiv.de\/wp-content\/uploads\/Trenner-Weiss-unten-1-1.svg\" alt=\"\"><\/figure>\n\n<\/div>\n\n<div class=\"gb-container gb-container-a086ceac\">\n<div class=\"gb-container gb-container-90a5aa77 mitPaddingX\">\n<div class=\"gb-container gb-container-b5a40cbd\">\n<div class=\"gb-container gb-container-615cd264\">\n<div class=\"gb-container gb-container-68bd19b1\">\n\n<p>Ki\u015fisel b\u00fct\u00e7e, engelli ki\u015filerin yard\u0131m hizmetleri gibi gerekli yard\u0131mlar\u0131 kendi belirleyecekleri \u015fekilde organize etmelerini sa\u011flayan mali destektir.<\/p>\n\n\n\n<p>Ba\u011f\u0131ms\u0131z ya\u015fam\u0131 te\u015fvik eder ve insanlar\u0131n bir meslek edinmelerini ve bireysel bo\u015f zaman faaliyetlerine kat\u0131lmalar\u0131n\u0131 sa\u011flar.<\/p>\n\n<\/div>\n\n<div class=\"gb-container gb-container-54342d6e\">\n\n<p>Yard\u0131m alanlar, paray\u0131 ki\u015fisel b\u00fct\u00e7e olarak m\u0131 yoksa ayni yard\u0131m olarak m\u0131 almak istediklerini se\u00e7ebilirler; ilk durumda idareyi kendileri \u00fcstlenebilir veya hizmet sa\u011flay\u0131c\u0131lar taraf\u0131ndan idare edilmesini sa\u011flayabilirler. E\u011fer ayni yard\u0131m se\u00e7ilirse, yard\u0131m her zaman bir hizmet sa\u011flay\u0131c\u0131 taraf\u0131ndan idare edilir. <\/p>\n\n<\/div>\n<\/div>\n<\/div>\n\n<div class=\"gb-container gb-container-ec280a7f\">\n\n<figure class=\"wp-block-image size-large\"><a href=\"https:\/\/www.assistenz-kollektiv.de\/wp-content\/uploads\/Schaubild-Geld.png\"><img decoding=\"async\" src=\"https:\/\/www.assistenz-kollektiv.de\/wp-content\/uploads\/\/Schaubild-Geld-Tuerkisch-3-1200x675.png\" alt=\"Petrol rengi zemin &#xFC;zerine sar&#x131; harflerle yaz&#x131;lm&#x131;&#x15F; ve para ak&#x131;&#x15F;&#x131;n&#x131;n y&#xF6;n&#xFC;n&#xFC; g&#xF6;steren oklar i&#xE7;eren bir grafik. Yard&#x131;m al&#x131;c&#x131;lar&#x131; i&#xE7;in ki&#x15F;isel yard&#x131;m ba&#x11F;lam&#x131;nda para ve hizmet ak&#x131;&#x15F;&#x131;n&#x131; g&#xF6;sterir. &#10;  - Finansman sa&#x11F;layan kurulu&#x15F; (&#xF6;rne&#x11F;in Landschaftsverband Rheinland veya sa&#x11F;l&#x131;k sigortas&#x131; &#x15F;irketi) ayl&#x131;k olarak ki&#x15F;isel bir b&#xFC;t&#xE7;e veya ayni yard&#x131;m sa&#x11F;lar.&#10;  - Ki&#x15F;isel b&#xFC;t&#xE7;e, yard&#x131;m alanlara (fiziksel, zihinsel veya psikolojik engelli ki&#x15F;iler) verilir.&#10;  - Yard&#x131;m alanlar ki&#x15F;isel b&#xFC;t&#xE7;elerini hizmet sa&#x11F;lay&#x131;c&#x131;lara devredebilir (&#xF6;rne&#x11F;in Assistenz Kollektiv K&#xF6;ln e.V.) ya da i&#x15F;veren modelinde kullanabilirler.&#10;  - &#x130;&#x15F;veren modelinde, yard&#x131;m alanlar asistanlar&#x131; i&#xE7;in i&#x15F;veren konumundad&#x131;r ve i&#x15F; ba&#x15F;vurular&#x131;, i&#x15F; s&#xF6;zle&#x15F;meleri ve maa&#x15F; &#xF6;demeleri gibi g&#xF6;revleri &#xFC;stlenirler.&#10;  - Ayni yard&#x131;mlar ise do&#x11F;rudan bir hizmet sa&#x11F;lay&#x131;c&#x131;s&#x131;na (&#xF6;rne&#x11F;in Assistenz Kollektiv K&#xF6;ln) yard&#x131;m alan ki&#x15F;i ad&#x131;na ayl&#x131;k olarak aktar&#x131;l&#x131;r\" class=\"wp-image-6137\"\/><\/a><\/figure>\n\n<\/div>\n<\/div>\n<\/div>\n<\/div><div class=\"gb-container gb-container-9e983745\">\n<div class=\"gb-container gb-container-ea038bd1 lineheightone\">\n\n<figure class=\"gb-block-image gb-block-image-74d27d7e\"><img decoding=\"async\" class=\"gb-image gb-image-74d27d7e TrennerOben\" src=\"https:\/\/www.assistenz-kollektiv.de\/wp-content\/uploads\/Linie-Weiss-2.svg\" alt=\"\"><\/figure>\n\n\n<div class=\"gb-container gb-container-1f8492f0\">\n<div class=\"gb-container gb-container-8511476e mitPaddingX\">\n\n<h2 class=\"gb-headline gb-headline-76ebb2f8 gb-headline-text tabindex\" id=\"Wer-ist-der-Kostentr\u00e4ger\">Maliyet ta\u015f\u0131y\u0131c\u0131s\u0131 kimdir?<\/h2>\n\n<\/div>\n<\/div>\n\n\n<figure class=\"gb-block-image gb-block-image-218da5ba\"><img decoding=\"async\" class=\"gb-image gb-image-218da5ba TrennerUnten\" src=\"https:\/\/www.assistenz-kollektiv.de\/wp-content\/uploads\/Trenner-Weiss-unten-1-1.svg\" alt=\"\"><\/figure>\n\n<\/div>\n\n<div class=\"gb-container gb-container-8b814d61\">\n<div class=\"gb-container gb-container-7360ff8c mitPaddingX\">\n<div class=\"gb-container gb-container-3d9f4f91\">\n\n<p>Masraflar\u0131 kimin \u00f6deyece\u011fi ikamet yerine ve engelin nedenine ba\u011fl\u0131d\u0131r. Kuzey Ren <a href=\"https:\/\/serviceportal.lwl.org\/\" target=\"_blank\" rel=\"noreferrer noopener\">Vestfalya<\/a>&#8216;da bu genellikle b\u00f6lgeler \u00fcst\u00fc sosyal yard\u0131m kurumu olan <a href=\"https:\/\/www.lvr.de\" target=\"_blank\" rel=\"noreferrer noopener\">Landschaftsverband Rheinland (LVR)<\/a> veya Landschaftsverband Westfalen-Lippe&#8217;dir (LWL).  NRW d\u0131\u015f\u0131nda, ikamet edilen yerin yetkili sosyal yard\u0131m dairesi sorumludur.<\/p>\n\n\n\n<p>Yard\u0131m ba\u015fvurusu ile ilgili her t\u00fcrl\u00fc sorunuzda size tavsiyelerde bulunmaktan memnuniyet duyar\u0131z.<\/p>\n\n<\/div>\n<\/div>\n<\/div>\n<\/div><div class=\"gb-container gb-container-92f39f38\">\n<div class=\"gb-container gb-container-4a1b1262 lineheightone\">\n\n<figure class=\"gb-block-image gb-block-image-0b7bd437\"><img decoding=\"async\" class=\"gb-image gb-image-0b7bd437 TrennerOben\" src=\"https:\/\/www.assistenz-kollektiv.de\/wp-content\/uploads\/Linie-Weiss-2.svg\" alt=\"\"><\/figure>\n\n\n<div class=\"gb-container gb-container-f478dcb7\">\n<div class=\"gb-container gb-container-cfc6d5bb mitPaddingX\">\n\n<h2 class=\"gb-headline gb-headline-c1c62906 gb-headline-text tabindex\" id=\"Wann-habe-ich-Anspruch-und-in-welcher-H\u00f6he\">Ne zaman ve ne kadar hak sahibiyim?<\/h2>\n\n<\/div>\n<\/div>\n\n\n<figure class=\"gb-block-image gb-block-image-f1edac5a\"><img decoding=\"async\" class=\"gb-image gb-image-f1edac5a TrennerUnten\" src=\"https:\/\/www.assistenz-kollektiv.de\/wp-content\/uploads\/Trenner-Weiss-unten-1-1.svg\" alt=\"\"><\/figure>\n\n<\/div>\n\n<div class=\"gb-container gb-container-8c5bd42c\">\n<div class=\"gb-container gb-container-08f6ee41 mitPaddingX\">\n<div class=\"gb-container gb-container-4c12d7eb\">\n<div class=\"gb-container gb-container-42b1e9e1\">\n<div class=\"gb-container gb-container-a106fcde\">\n\n<p>Her \u015feyden \u00f6nce, ne kadar yard\u0131ma ihtiyac\u0131n\u0131z oldu\u011fu konusunda net olman\u0131z \u00f6nemlidir. Ne kadar yard\u0131ma ihtiyac\u0131n\u0131z oldu\u011fu konusunda net bir fikre sahip olmak, onaylanma \u015fans\u0131n\u0131z\u0131 art\u0131rabilir. <\/p>\n\n\n\n<p>Her karar ayr\u0131 ayr\u0131 incelendi\u011finden, hak sahipli\u011finin hesaplanmas\u0131 i\u00e7in bir\u00e7ok kriter vard\u0131r.<\/p>\n\n\n\n<p>Yard\u0131m alma hakk\u0131n\u0131z\u0131 belirlemek i\u00e7in bizimle veya ba\u011f\u0131ms\u0131z bir dan\u0131\u015fma merkeziyle g\u00f6r\u00fc\u015fmenizi \u00f6neririz.<\/p>\n\n<\/div>\n\n<div class=\"gb-container gb-container-3f32919a\">\n\n<p>Kendi ba\u015f\u0131n\u0131za bir ya\u015fam s\u00fcrd\u00fcrebilmek i\u00e7in ne kadar yard\u0131ma ihtiyac\u0131n\u0131z oldu\u011fu belirlendikten sonra, bir sonraki ad\u0131m bir ba\u015fvuru yapmakt\u0131r.<\/p>\n\n\n\n<p>Resmi hatalardan ka\u00e7\u0131nmak i\u00e7in buna profesyonel olarak e\u015flik edilmelidir. \u0130\u015flem s\u00fcresi birka\u00e7 ay s\u00fcrebilir. <\/p>\n\n\n\n<h4 class=\"gb-headline gb-headline-8fba4f0d gb-headline-text\">\u0130stedi\u011finiz zaman bizimle ileti\u015fime ge\u00e7mekten \u00e7ekinmeyin:<\/h4>\n\n\n<div class=\"gb-container gb-container-4fe28181\">\n\n<a class=\"gb-button gb-button-54ea1c36 ButtonGelb\" href=\"mailto:beratung@assistenz-kollektiv.de\" aria-label=\"Kontakt per E-Mail kontakt@assistenz-kollektiv.de aufnehmen\"><span class=\"gb-icon\"><svg xmlns=\"http:\/\/www.w3.org\/2000\/svg\" aria-hidden=\"true\" role=\"img\" height=\"1em\" width=\"1em\" viewbox=\"0 0 512 512\"><path fill=\"currentColor\" d=\"M464 64H48C21.49 64 0 85.49 0 112v288c0 26.51 21.49 48 48 48h416c26.51 0 48-21.49 48-48V112c0-26.51-21.49-48-48-48zm0 48v40.805c-22.422 18.259-58.168 46.651-134.587 106.49-16.841 13.247-50.201 45.072-73.413 44.701-23.208.375-56.579-31.459-73.413-44.701C106.18 199.465 70.425 171.067 48 152.805V112h416zM48 400V214.398c22.914 18.251 55.409 43.862 104.938 82.646 21.857 17.205 60.134 55.186 103.062 54.955 42.717.231 80.509-37.199 103.053-54.947 49.528-38.783 82.032-64.401 104.947-82.653V400H48z\"><\/path><\/svg><\/span><span class=\"gb-button-text\">beratung@assistenz-kollektiv.de<\/span><\/a>\n\n\n\n<a class=\"gb-button gb-button-d28db672 ButtonGelb\" href=\"tel:022334606727\" aria-label=\"Kontakt per Telefon 02233 4606729 aufnehmen\"><span class=\"gb-icon\"><svg xmlns=\"http:\/\/www.w3.org\/2000\/svg\" aria-hidden=\"true\" role=\"img\" height=\"1em\" width=\"1em\" viewbox=\"0 0 512 512\"><path fill=\"currentColor\" d=\"M493.4 24.6l-104-24c-11.3-2.6-22.9 3.3-27.5 13.9l-48 112c-4.2 9.8-1.4 21.3 6.9 28l60.6 49.6c-36 76.7-98.9 140.5-177.2 177.2l-49.6-60.6c-6.8-8.3-18.2-11.1-28-6.9l-112 48C3.9 366.5-2 378.1.6 389.4l24 104C27.1 504.2 36.7 512 48 512c256.1 0 464-207.5 464-464 0-11.2-7.7-20.9-18.6-23.4z\"><\/path><\/svg><\/span><span class=\"gb-button-text\">02233 4606727<\/span><\/a>\n\n<\/div>\n<\/div>\n<\/div>\n<\/div>\n<\/div>\n<\/div>\n<\/div><div class=\"gb-container gb-container-9685e358\">\n<div class=\"gb-container gb-container-98c98d19 lineheightone\">\n\n<figure class=\"gb-block-image gb-block-image-5a9130e4\"><img decoding=\"async\" class=\"gb-image gb-image-5a9130e4 TrennerOben\" src=\"https:\/\/www.assistenz-kollektiv.de\/wp-content\/uploads\/Linie-Weiss-2.svg\" alt=\"\"><\/figure>\n\n\n<div class=\"gb-container gb-container-3659c62c\">\n<div class=\"gb-container gb-container-93d2f3d7 mitPaddingX\">\n\n<h2 class=\"gb-headline gb-headline-dc0570ac gb-headline-text tabindex\" id=\"Unsere-Mission\">Misyonumuz<\/h2>\n\n<\/div>\n<\/div>\n\n\n<figure class=\"gb-block-image gb-block-image-b5570ee8\"><img decoding=\"async\" class=\"gb-image gb-image-b5570ee8 TrennerUnten\" src=\"https:\/\/www.assistenz-kollektiv.de\/wp-content\/uploads\/Trenner-Weiss-unten-1-1.svg\" alt=\"\"><\/figure>\n\n<\/div>\n\n<div class=\"gb-container gb-container-3888f0a3\">\n<div class=\"gb-container gb-container-52ed5973 mitPaddingX\">\n<div class=\"gb-container gb-container-70e80a37\">\n<div class=\"gb-container gb-container-0ad8e22c\">\n\n<h4 class=\"gb-headline gb-headline-aaaf3e0a gb-headline-text\" id=\"Vernetzung-und-Evaluation\"><em>A\u011f olu\u015fturma ve de\u011ferlendirme<\/em><\/h4>\n\n\n\n<p>K\u00e2r amac\u0131 g\u00fctmeyen bir kolektif olarak, sadece k\u00e2r amac\u0131 g\u00fcden ki\u015fisel yard\u0131m hizmetlerine bir alternatif yaratmak istemiyoruz. T\u00fcm kritik altyap\u0131 hizmetlerinin k\u00e2r amac\u0131 g\u00fcden \u015firketlerin elinde olmamas\u0131 gerekti\u011fine inan\u0131yoruz. Ancak o zaman en y\u00fcksek kalitede bak\u0131m ve \u00e7al\u0131\u015fanlar i\u00e7in adil \u00e7al\u0131\u015fma ko\u015fullar\u0131 sa\u011flamay\u0131 ama\u00e7layan bir bak\u0131m ortam\u0131 yaratabiliriz. Bu nedenle, ortak \u00e7al\u0131\u015fmalar\u0131m\u0131z\u0131 de\u011ferlendirmek ve etkilenenler i\u00e7in daha iyi alternatifler yaratmak \u00fczere di\u011fer kar amac\u0131 g\u00fctmeyen sa\u011flay\u0131c\u0131lar ve \u00f6zel giri\u015fimlerle a\u011f olu\u015fturuyoruz.   <\/p>\n\n\n\n<h4 class=\"gb-headline gb-headline-ff2f197b gb-headline-text\" id=\"Beteiligung-in-der-Lokalpolitik\"><em>Yerel siyasete kat\u0131l\u0131m<\/em><\/h4>\n\n\n\n<p>Parit\u00e4tische Wohlfahrtsverband ve Inclusion Council H\u00fcrth&#8217;\u00fcn bir par\u00e7as\u0131y\u0131z. Yerel kurulu\u015flara ve derneklere kat\u0131l\u0131m\u0131m\u0131z, vizyonumuzu yak\u0131n \u00e7evremizde ger\u00e7e\u011fe d\u00f6n\u00fc\u015ft\u00fcrmemizi ve ki\u015fisel yard\u0131m\u0131n ve etkilenenlerin durumunun daha iyi bir \u015fekilde geli\u015ftirilmesi i\u00e7in iyi \u00f6rnekler olu\u015fturmam\u0131z\u0131 sa\u011fl\u0131yor. <\/p>\n\n<\/div>\n\n<div class=\"gb-container gb-container-3fca1e70\">\n<div class=\"gb-container gb-container-4cfdfe50\">\n\n<h4 class=\"gb-headline gb-headline-d4915b83 gb-headline-text\" id=\"Sensibilisierung-der-Gesellschaft-\/-Informationskampagnen\"><em>Toplumun duyarl\u0131la\u015ft\u0131r\u0131lmas\u0131<\/em><\/h4>\n\n\n\n<ul class=\"wp-block-list\">\n<li>Engelli bireyler toplumumuzda hala yeterince temsil edilmemekte, \u00f6tekile\u015ftirilmekte ve ayr\u0131mc\u0131l\u0131\u011fa maruz kalmaktad\u0131r.<\/li>\n\n\n\n<li>Ki\u015fisel yard\u0131m gibi kapsay\u0131c\u0131 sistemler, bak\u0131m sigortalar\u0131, sosyal yard\u0131m kurulu\u015flar\u0131 ve sorumlu siyasi organlar aras\u0131nda bile hala \u00e7ok az bilinmektedir.<\/li>\n\n\n\n<li>Eri\u015filebilirlik h\u00e2l\u00e2 bir l\u00fcks olarak g\u00f6r\u00fcl\u00fcyor.<\/li>\n<\/ul>\n\n\n\n<p class=\"gb-headline gb-headline-6e91385f gb-headline-text\">Bilgilendirme kampanyalar\u0131, faaliyetler, etkinlikler ve projelerle konuya ili\u015fkin fark\u0131ndal\u0131\u011f\u0131 art\u0131rmaya ve insanlar\u0131 ilgi oda\u011f\u0131 haline getirmeye \u00e7al\u0131\u015f\u0131yoruz.<\/p>\n\n<\/div>\n<\/div>\n<\/div>\n<\/div>\n<\/div>\n<\/div><div class=\"gb-container gb-container-1660a37c\">\n<div class=\"gb-container gb-container-cf1bc044 lineheightone\">\n\n<figure class=\"gb-block-image gb-block-image-8da54184\"><img decoding=\"async\" class=\"gb-image gb-image-8da54184 TrennerOben\" src=\"https:\/\/www.assistenz-kollektiv.de\/wp-content\/uploads\/Linie-Weiss-2.svg\" alt=\"\"><\/figure>\n\n\n<div class=\"gb-container gb-container-7cf112b7\">\n<div class=\"gb-container gb-container-388df89d mitPaddingX\">\n\n<h2 class=\"gb-headline gb-headline-8efc9a95 gb-headline-text tabindex\" id=\"Projekte\">Projeler<\/h2>\n\n<\/div>\n<\/div>\n\n\n<figure class=\"gb-block-image gb-block-image-f189c8d4\"><img decoding=\"async\" class=\"gb-image gb-image-f189c8d4 TrennerUnten\" src=\"https:\/\/www.assistenz-kollektiv.de\/wp-content\/uploads\/Trenner-Weiss-unten-1-1.svg\" alt=\"\"><\/figure>\n\n<\/div>\n\n<div class=\"gb-container gb-container-9d02b2f5\">\n<div class=\"gb-container gb-container-77df4452 mitPaddingX\">\n<div class=\"gb-container gb-container-0f7405a4\">\n\n<p>K\u00e2r amac\u0131 g\u00fctmeyen bir kurulu\u015f olarak, \u00fcyelerimiz i\u00e7in sponsor olarak da hareket ediyoruz. Eri\u015filebilir bir etkinlik, kapsay\u0131c\u0131 bir tiyatro veya sirk grubu, bir bilgilendirme kampanyas\u0131 veya yerel b\u00fcfenizi eri\u015filebilir hale getirmek gibi t\u00fcz\u00fc\u011f\u00fcm\u00fcze uygun bir \u015fey uygulamakla ilgileniyor musunuz? Bizimle konu\u015fun, sizi di\u011fer kolektivistlerle bulu\u015ftural\u0131m ve bunu ger\u00e7ekle\u015ftirmeye \u00e7al\u0131\u015fal\u0131m. \u0130\u015fte halihaz\u0131rda ger\u00e7ekle\u015ftirilmi\u015f veya aktif olan projelerden k\u00fc\u00e7\u00fck bir se\u00e7ki:   <\/p>\n\n\n\n<h4 class=\"gb-headline gb-headline-f53e9719 gb-headline-text tabindex\" id=\"Beratungsportal\"><em>Dan\u0131\u015fmanl\u0131k portal\u0131<\/em><\/h4>\n\n\n\n<p>2023 ve 2024 y\u0131llar\u0131nda K\u00e4mpgen Vakf\u0131 ve Software AG Vakf\u0131 web sitemizi yeniden tasarlayarak eri\u015filebilir hale getirmenin yan\u0131 s\u0131ra ki\u015fisel yard\u0131m, yard\u0131mla ya\u015fam, ki\u015fisel b\u00fct\u00e7e ve ayni yard\u0131mlar konular\u0131nda t\u00fcr\u00fcn\u00fcn ilk \u00f6rne\u011fi olan \u00e7evrimi\u00e7i bir video tavsiye portal\u0131n\u0131 hayata ge\u00e7irdi! Destekleri i\u00e7in sponsorlar\u0131m\u0131za \u00e7ok te\u015fekk\u00fcr ederiz. <\/p>\n\n<\/div>\n\n<div class=\"gb-container gb-container-d82c3905\">\n\n<h4 class=\"gb-headline gb-headline-d935471d gb-headline-text tabindex\" id=\"Barrierefreiheit\"><em>Eri\u015filebilirlik<\/em><\/h4>\n\n\n\n<p>Eri\u015filebilirlik her zaman kalbimize yak\u0131n olan bir konudur. Bu nedenle, bunu m\u00fcmk\u00fcn k\u0131lmak ve ba\u015fkalar\u0131n\u0131 bu konuda desteklemek i\u00e7in benzer d\u00fc\u015f\u00fcnen insanlarla giderek daha fazla a\u011f kuruyoruz. 2024 y\u0131l\u0131nda Bremen yak\u0131nlar\u0131ndaki MOYN festivali i\u00e7in festivalin eri\u015filebilirli\u011fiyle ilgilenecek bir ekip sa\u011flamaya davet edildik.  <\/p>\n\n\n\n<h4 class=\"gb-headline gb-headline-cf9ac52d gb-headline-text tabindex\" id=\"Entwicklung-der-Pers\u00f6nlichen-Assistenz\"><em>Ki\u015fisel yard\u0131m\u0131n geli\u015ftirilmesi<\/em><\/h4>\n\n\n\n<p>Asistanlar\u0131n i\u015f profilini ve \u00e7al\u0131\u015fma ko\u015fullar\u0131n\u0131 g\u00fc\u00e7lendirmek ve asistanlar i\u00e7in yeni hizmetler olu\u015fturmak i\u00e7in \u00e7al\u0131\u015f\u0131yoruz. \u015eirket sa\u011fl\u0131\u011f\u0131 ve memnuniyeti y\u00f6netim sisteminin geli\u015ftirilmesi, e\u011fitim sistemleri ve a\u00e7\u0131k ileti\u015fim alanlar\u0131 \u015fu anda uygulanmaktad\u0131r. <\/p>\n\n<\/div>\n<\/div>\n<\/div>\n<\/div><div class=\"gb-container gb-container-feafa08d\">\n<div class=\"gb-container gb-container-adf48a57 lineheightone\">\n\n<figure class=\"gb-block-image gb-block-image-ea06759e\"><img decoding=\"async\" class=\"gb-image gb-image-ea06759e TrennerOben\" src=\"https:\/\/www.assistenz-kollektiv.de\/wp-content\/uploads\/Linie-Weiss-2.svg\" alt=\"\"><\/figure>\n\n\n<div class=\"gb-container gb-container-e0ce54e8\">\n<div class=\"gb-container gb-container-deafca90 mitPaddingX\">\n\n<h2 class=\"gb-headline gb-headline-765ac103 gb-headline-text tabindex\" id=\"Vision\">Vizyon<\/h2>\n\n<\/div>\n<\/div>\n\n\n<figure class=\"gb-block-image gb-block-image-5c20b06f\"><img decoding=\"async\" class=\"gb-image gb-image-5c20b06f TrennerUnten\" src=\"https:\/\/www.assistenz-kollektiv.de\/wp-content\/uploads\/Trenner-Weiss-unten-1-1.svg\" alt=\"\"><\/figure>\n\n<\/div>\n\n<div class=\"gb-container gb-container-105f7599\">\n<div class=\"gb-container gb-container-dce11e0e mitPaddingX\">\n<div class=\"gb-container gb-container-2bc20207\">\n\n<h4 class=\"gb-headline gb-headline-68af3bb1 gb-headline-text tabindex\" id=\"Gr\u00fcndung-und-Vision\"><em>Kurulu\u015f ve vizyon<\/em><\/h4>\n\n\n\n<p>Assistenz Kollektiv K\u00f6ln e.V. derne\u011fini 9 Aral\u0131k 2020&#8217;de H\u00fcrth&#8217;te, fiziksel engelli ve ki\u015fisel yard\u0131m alan\u0131nda deneyimli toplam on bir ki\u015fiden olu\u015facak \u015fekilde kurduk.<\/p>\n\n\n\n<h4 class=\"gb-headline gb-headline-8c673596 gb-headline-text tabindex\" id=\"Unsere-Ziele\"><em>Hedeflerimiz<\/em><\/h4>\n\n\n\n<p>Sosyal ve sa\u011fl\u0131k politikalar\u0131n\u0131n bu politikalardan etkilenenler taraf\u0131ndan \u015fekillendirilmesini istiyoruz. Ki\u015fisel b\u00fct\u00e7enin \u015firket hissedarlar\u0131n\u0131 zenginle\u015ftirmek i\u00e7in de\u011fil, ki\u015fisel yard\u0131m i\u00e7in var olmas\u0131 gerekti\u011fine inan\u0131yoruz. Kolektifi, yard\u0131m alanlar\u0131n hakk\u0131 olan parayla kimsenin zenginle\u015fmemesini, yard\u0131m personelinin m\u00fcmk\u00fcn olan en iyi \u00fccreti almas\u0131n\u0131 ve yard\u0131m alanlar\u0131n m\u00fcmk\u00fcn olan en iyi yard\u0131m\u0131 almas\u0131n\u0131 sa\u011flamak i\u00e7in kurduk. Ayr\u0131ca vizyonumuz, ki\u015fisel yard\u0131m\u0131n toplumda uzun s\u00fcredir talep edilen, ger\u00e7ek bir kapsay\u0131c\u0131l\u0131k \u00f6nlemi olarak daha iyi tan\u0131nmas\u0131n\u0131 sa\u011flamak ve etkilenenlerin seslerini siyasette duyurmakt\u0131r.   <\/p>\n\n<\/div>\n\n<div class=\"gb-container gb-container-df841c24\">\n\n<figure class=\"gb-block-image gb-block-image-60b332e6\"><img decoding=\"async\" class=\"gb-image gb-image-60b332e6\" src=\"https:\/\/www.assistenz-kollektiv.de\/wp-content\/uploads\/\/Vision-Tuerkisch-400x407.png\" alt=\"Sosyal devrimden ba\u015fka bir \u015fey de\u011fil!  \" title=\"Vizyon\"><\/figure>\n\n<\/div>\n<\/div>\n<\/div>\n<\/div><div class=\"gb-container gb-container-749534ae\">\n<div class=\"gb-container gb-container-43b853d3 lineheightone\">\n\n<figure class=\"gb-block-image gb-block-image-6d63f886\"><img decoding=\"async\" class=\"gb-image gb-image-6d63f886 TrennerOben\" src=\"https:\/\/www.assistenz-kollektiv.de\/wp-content\/uploads\/Linie-Weiss-2.svg\" alt=\"\"><\/figure>\n\n\n<div class=\"gb-container gb-container-65a58518\">\n<div class=\"gb-container gb-container-6ede0599 mitPaddingX\">\n\n<h2 class=\"gb-headline gb-headline-6acaebea gb-headline-text tabindex\" id=\"Kollektiv-Aufbau-und-Struktur\">Kolektif: organizasyon ve yap\u0131<\/h2>\n\n<\/div>\n<\/div>\n\n\n<figure class=\"gb-block-image gb-block-image-b66a8221\"><img decoding=\"async\" class=\"gb-image gb-image-b66a8221 TrennerUnten\" src=\"https:\/\/www.assistenz-kollektiv.de\/wp-content\/uploads\/Trenner-Weiss-unten-1-1.svg\" alt=\"\"><\/figure>\n\n<\/div>\n\n<div class=\"gb-container gb-container-d578c50a\">\n<div class=\"gb-container gb-container-69453e62 mitPaddingX\">\n<div class=\"gb-container gb-container-71648568\">\n\n<h4 class=\"gb-headline gb-headline-cedcf38b gb-headline-text tabindex\" id=\"Gemeinschaft-und-Entscheidungen\"><em>Topluluk ve kararlar<\/em><\/h4>\n\n\n\n<p>Hiyerar\u015fiden uzak olmak ve kolektif kavram bizim i\u00e7in \u00e7ok \u00f6nemlidir. Her \u00fcye kurulu\u015fu \u015fekillendirmeye yard\u0131mc\u0131 olma f\u0131rsat\u0131na sahip olmal\u0131d\u0131r. Y\u00f6netim kat\u0131 yoktur ve her \u00fcye maa\u015flar konusunda s\u00f6z sahibi olabilir, \u00e7\u0131karlar\u0131n\u0131 savunabilir ve projeler ba\u015flatabilir. Her \u00fcye d\u00fczenli olarak s\u00fcre\u00e7leri ve projeleri toplu olarak tart\u0131\u015fmaya ve birlikte karar almaya davet edilir.   <\/p>\n\n\n\n<h4 class=\"gb-headline gb-headline-afe846df gb-headline-text tabindex\" id=\"Vorstand-und-Mitgliederversammlung\"><em>Y\u00f6netim Kurulu ve Genel Kurul Toplant\u0131s\u0131<\/em><\/h4>\n\n\n\n<p>Kolektifin her \u00fcyesi ayn\u0131 oy hakk\u0131na sahiptir. Y\u00fcr\u00fctme Kurulunun oyu da di\u011fer oylardan daha fazla a\u011f\u0131rl\u0131k ta\u015f\u0131maz. Y\u00fcr\u00fctme Kurulu \u00fcyelerin talimatlar\u0131na ba\u011fl\u0131d\u0131r ve se\u00e7imle i\u015fba\u015f\u0131na gelmelidir. Bu, dernekle ilgili t\u00fcm konular\u0131n demokratik bir \u015fekilde karara ba\u011flanmas\u0131n\u0131 sa\u011flar. Ana S\u00f6zle\u015fme de\u011fi\u015fiklikleri haricindeki t\u00fcm kararlar i\u00e7in oy kullanan \u00fcyelerin %70&#8217;inin oyu gereklidir. Ana s\u00f6zle\u015fmede yap\u0131lacak bir de\u011fi\u015fiklik i\u00e7in oylar\u0131n %90&#8217;\u0131 gerekmektedir.     <\/p>\n\n<\/div>\n\n<div class=\"gb-container gb-container-3960e39c\">\n\n<h4 class=\"gb-headline gb-headline-74d988eb gb-headline-text tabindex\" id=\"Transparenz\"><em>\u015eeffafl\u0131k<\/em><\/h4>\n\n\n\n<p>\u00dcyelerin ortak karar alma s\u00fcrecine kat\u0131labilmeleri i\u00e7in bilgiye eri\u015fimlerinin de olmas\u0131 gerekir. Veri koruma yasas\u0131 kapsam\u0131nda payla\u015f\u0131labilecek t\u00fcm bilgileri t\u00fcm \u00fcyelere a\u00e7\u0131klamaya gayret ediyoruz. Elbette, asistan \u00fcyelerin verilerine ve personel verilerine hassas davran\u0131yoruz. Payla\u015fabilece\u011fimiz her \u015feyi \u015feffaf bir \u015fekilde t\u00fcm \u00fcyelerin eri\u015fimine a\u00e7\u0131yoruz:   <\/p>\n\n\n\n<ol class=\"wp-block-list\">\n<li>Kolektif i\u00e7in kararlar alan haftal\u0131k \u00e7evrimi\u00e7i \u00fcye toplant\u0131m\u0131z<\/li>\n\n\n\n<li>\u00c7e\u015fitli a\u00e7\u0131k sohbetler ve organizasyon gruplar\u0131<\/li>\n\n\n\n<li>T\u00fcm \u00fcyeler i\u00e7in ortak bir bulut<\/li>\n\n\n\n<li>T\u00fcm mali bilgilerin a\u00e7\u0131klanmas\u0131<\/li>\n<\/ol>\n\n\n\n<h4 class=\"gb-headline gb-headline-174a46f5 gb-headline-text tabindex\" id=\"Gemeinn\u00fctzigkeit\"><em>K\u00e2r amac\u0131 g\u00fctmeyen kurulu\u015f stat\u00fcs\u00fc<\/em><\/h4>\n\n\n\n<p>Ne yaz\u0131k ki Almanya&#8217;da kolektivist \u00f6rg\u00fctler i\u00e7in t\u00fczel ki\u015filik bulunmamaktad\u0131r. Bu nedenle bilin\u00e7li olarak bir GmbH veya UG kurmamaya karar verdik ve kar amac\u0131 g\u00fctmeyen bir kurulu\u015f kurduk. Bu sayede topluluk konseptimizi hayata ge\u00e7irebildik. Yasal olarak hi\u00e7 kimsenin k\u00e2rdan zenginle\u015fmesine izin verilmiyor. T\u00fcm fonlar \u00fcyelerin \u00e7\u0131karlar\u0131 do\u011frultusunda da\u011f\u0131t\u0131lmal\u0131 veya ortak projelere yat\u0131r\u0131lmal\u0131d\u0131r.    <\/p>\n\n<\/div>\n<\/div>\n<\/div>\n<\/div><div class=\"gb-container gb-container-46e18642\">\n<div class=\"gb-container gb-container-2ae70db1 lineheightone\">\n\n<figure class=\"gb-block-image gb-block-image-23028d7e\"><img decoding=\"async\" class=\"gb-image gb-image-23028d7e TrennerOben\" src=\"https:\/\/www.assistenz-kollektiv.de\/wp-content\/uploads\/Linie-Weiss-2.svg\" alt=\"\"><\/figure>\n\n\n<div class=\"gb-container gb-container-b5b78f5c\">\n<div class=\"gb-container gb-container-e05b3a17 mitPaddingX\">\n\n<h2 class=\"gb-headline gb-headline-820b719f gb-headline-text tabindex\" id=\"Spendenkonto\">Ba\u011f\u0131\u015f hesab\u0131<\/h2>\n\n<\/div>\n<\/div>\n\n\n<figure class=\"gb-block-image gb-block-image-15b8216d\"><img decoding=\"async\" class=\"gb-image gb-image-15b8216d TrennerUnten\" src=\"https:\/\/www.assistenz-kollektiv.de\/wp-content\/uploads\/Trenner-Weiss-unten-1-1.svg\" alt=\"\"><\/figure>\n\n<\/div>\n\n<div class=\"gb-container gb-container-37331037\">\n<div class=\"gb-container gb-container-08996b3e mitPaddingX\">\n<div class=\"gb-container gb-container-8be79aff\">\n\n<h4 class=\"gb-headline gb-headline-217065f3 gb-headline-text tabindex\">Bizi desteklemek ister misiniz?<\/h4>\n\n\n\n<p>K\u00e2r amac\u0131 g\u00fctmeyen bir kurulu\u015f olarak fonlar\u0131m\u0131z s\u0131n\u0131rl\u0131d\u0131r. Bu nedenle, aksi takdirde m\u00fcmk\u00fcn olmayacak projeleri ger\u00e7ekle\u015ftirmemize yard\u0131mc\u0131 olacak ba\u011f\u0131\u015flar almaktan memnuniyet duyuyoruz. \u00d6rne\u011fin, yard\u0131m al\u0131c\u0131lar\u0131m\u0131za engelsiz bir araba veya ekipman sa\u011flamak i\u00e7in bunlar\u0131 kullanabiliriz.  <\/p>\n\n<\/div>\n\n<div class=\"gb-container gb-container-f66ba0e1\">\n\n<h4 class=\"gb-headline gb-headline-48795d1e gb-headline-text\">Banka havalesi ile ba\u011f\u0131\u015flar<\/h4>\n\n\n<div class=\"gb-container gb-container-bd636031\">\n\n<ul class=\"wp-block-list\">\n<li>Al\u0131c\u0131: Assistenz Kollektiv K\u00f6ln e.V.<\/li>\n\n\n\n<li>IBAN: DE60 3705 0299 0137 2953 64<\/li>\n\n\n\n<li>BIC: COKSDE33XXX<\/li>\n<\/ul>\n\n<\/div>\n\n\n<h4 class=\"gb-headline gb-headline-f05333cf gb-headline-text\">PayPal ile ba\u011f\u0131\u015f yap\u0131n<\/h4>\n\n\n<div class=\"gb-container gb-container-bf6aa347\">\n\n<form action=\"https:\/\/www.paypal.com\/donate\" method=\"post\" target=\"_top\">\n<input type=\"hidden\" name=\"hosted_button_id\" value=\"FSRB32PAG86VA\"\/>\n<input type=\"image\" src=\"https:\/\/www.assistenz-kollektiv.de\/wp-content\/uploads\/Spenden-Per-Paypal.webp\" border=\"0\" name=\"submit\" title=\"PayPal Ba\u011f\u0131\u015f\" alt=\"PayPal butonu ile ba\u011f\u0131\u015f yap\u0131n\"\/>\n<\/form>\n\n<\/div>\n\n\n<p>L\u00fctfen bizimle ileti\u015fime ge\u00e7in ve size bir ba\u011f\u0131\u015f makbuzu verelim.<\/p>\n\n<\/div>\n<\/div>\n<\/div>\n<\/div><div class=\"gb-container gb-container-4c03ddda\">\n\n<figure class=\"gb-block-image gb-block-image-9c101dda\"><img decoding=\"async\" class=\"gb-image gb-image-9c101dda TrennerOben\" src=\"https:\/\/www.assistenz-kollektiv.de\/wp-content\/uploads\/Linie-Weiss-2.svg\" alt=\"\"><\/figure>\n\n<\/div>","protected":false},"excerpt":{"rendered":"<p>Assistenz Kollektiv K\u00f6ln e.V.&#8217;ye ho\u015f geldiniz. Biz Assistenz Kollektiv K\u00f6ln e.V.&#8217;yiz. Biz kimiz? Biz Assistenz Kollektiv K\u00f6ln e.V. olarak, engelli bireylerin kendi kaderlerini tayin edebilmeleri i\u00e7in her konuda ki\u015fisel yard\u0131m ve kapsaml\u0131 dan\u0131\u015fmanl\u0131k hizmeti sunan bir kolektifiz. Toplulu\u011fumuzda, \u00e7al\u0131\u015fma ko\u015fullar\u0131n\u0131n iyile\u015ftirilmesi ve engellerin ve ayr\u0131mc\u0131l\u0131\u011f\u0131n \u00fcstesinden gelinmesi konusunda tutkuluyuz. Slogan\u0131m\u0131z: Kolektivist, dayan\u0131\u015fmac\u0131, iyi! Yard\u0131m alanlara &#8230; <\/p>\n<p class=\"read-more-container\"><a title=\"Ev\" class=\"read-more button\" href=\"https:\/\/www.assistenz-kollektiv.de\/tr\/#more-5494\" aria-label=\"Read more about Ev\">Read more<\/a><\/p>\n","protected":false},"author":1,"featured_media":0,"parent":0,"menu_order":0,"comment_status":"closed","ping_status":"closed","template":"","meta":{"inline_featured_image":false,"footnotes":""},"class_list":{"0":"post-5494","1":"page","2":"type-page","3":"status-publish","5":"infinite-scroll-item"},"_links":{"self":[{"href":"https:\/\/www.assistenz-kollektiv.de\/tr\/wp-json\/wp\/v2\/pages\/5494","targetHints":{"allow":["GET"]}}],"collection":[{"href":"https:\/\/www.assistenz-kollektiv.de\/tr\/wp-json\/wp\/v2\/pages"}],"about":[{"href":"https:\/\/www.assistenz-kollektiv.de\/tr\/wp-json\/wp\/v2\/types\/page"}],"author":[{"embeddable":true,"href":"https:\/\/www.assistenz-kollektiv.de\/tr\/wp-json\/wp\/v2\/users\/1"}],"replies":[{"embeddable":true,"href":"https:\/\/www.assistenz-kollektiv.de\/tr\/wp-json\/wp\/v2\/comments?post=5494"}],"version-history":[{"count":75,"href":"https:\/\/www.assistenz-kollektiv.de\/tr\/wp-json\/wp\/v2\/pages\/5494\/revisions"}],"predecessor-version":[{"id":9774,"href":"https:\/\/www.assistenz-kollektiv.de\/tr\/wp-json\/wp\/v2\/pages\/5494\/revisions\/9774"}],"wp:attachment":[{"href":"https:\/\/www.assistenz-kollektiv.de\/tr\/wp-json\/wp\/v2\/media?parent=5494"}],"curies":[{"name":"wp","href":"https:\/\/api.w.org\/{rel}","templated":true}]}}