{"id":5470,"date":"2020-09-18T14:36:38","date_gmt":"2020-09-18T12:36:38","guid":{"rendered":"https:\/\/2024.assistenz-kollektiv.de\/accueil\/"},"modified":"2025-12-14T12:15:08","modified_gmt":"2025-12-14T11:15:08","slug":"accueil","status":"publish","type":"page","link":"https:\/\/www.assistenz-kollektiv.de\/fr\/","title":{"rendered":"Accueil"},"content":{"rendered":"<div class=\"gb-container gb-container-95f45c80\">\n<div class=\"gb-container gb-container-aa7fdbcc mitPaddingX\">\n<div class=\"gb-container gb-container-59271a82\">\n<div class=\"gb-container gb-container-02561b6f\">\n\n<figure class=\"gb-block-image gb-block-image-f38acc03\"><img loading=\"lazy\" decoding=\"async\" width=\"1121\" height=\"1060\" class=\"gb-image gb-image-f38acc03\" src=\"https:\/\/www.assistenz-kollektiv.de\/wp-content\/uploads\/Splash-2-gelb.png\" alt=\"\" srcset=\"https:\/\/www.assistenz-kollektiv.de\/wp-content\/uploads\/Splash-2-gelb.png 1121w, https:\/\/www.assistenz-kollektiv.de\/wp-content\/uploads\/Splash-2-gelb-400x378.png 400w, https:\/\/www.assistenz-kollektiv.de\/wp-content\/uploads\/Splash-2-gelb-768x726.png 768w\" sizes=\"auto, (max-width: 1121px) 100vw, 1121px\" \/><\/figure>\n\n\n<div class=\"gb-container gb-container-daf003fa\">\n\n<figure class=\"gb-block-image gb-block-image-11a4e326\"><img loading=\"lazy\" decoding=\"async\" width=\"3763\" height=\"3217\" class=\"gb-image gb-image-11a4e326\" src=\"https:\/\/www.assistenz-kollektiv.de\/wp-content\/uploads\/Logo-Assistenz-Kollektiv.png\" alt=\"Logo du collectif d'assistance\" title=\"Collectif d'assistance au logo\" srcset=\"https:\/\/www.assistenz-kollektiv.de\/wp-content\/uploads\/Logo-Assistenz-Kollektiv.png 3763w, https:\/\/www.assistenz-kollektiv.de\/wp-content\/uploads\/Logo-Assistenz-Kollektiv-400x342.png 400w, https:\/\/www.assistenz-kollektiv.de\/wp-content\/uploads\/Logo-Assistenz-Kollektiv-1200x1026.png 1200w, https:\/\/www.assistenz-kollektiv.de\/wp-content\/uploads\/Logo-Assistenz-Kollektiv-768x657.png 768w, https:\/\/www.assistenz-kollektiv.de\/wp-content\/uploads\/Logo-Assistenz-Kollektiv-1536x1313.png 1536w, https:\/\/www.assistenz-kollektiv.de\/wp-content\/uploads\/Logo-Assistenz-Kollektiv-2048x1751.png 2048w\" sizes=\"auto, (max-width: 3763px) 100vw, 3763px\" \/><\/figure>\n\n<\/div>\n\n\n<h1 class=\"gb-headline gb-headline-29c0d064 gb-headline-text tabindex\" id=\"seitenanfang\">Bienvenue chez<br>l&#8217;Assistenz Kollektiv K\u00f6ln e.V.<\/h1>\n\n<\/div>\n\n<div class=\"gb-container gb-container-f95ceebe\">\n\n<a class=\"gb-button gb-button-63710a6c gb-button-text ButtonGelb tabindex\" href=\"#Beratungsdienst\" aria-label=\"Kontakt per Video-Chat aufnehmen\">demandez conseil<\/a>\n\n\n\n<a class=\"gb-button gb-button-0bd4aa78 gb-button-text ButtonGelb tabindex\" href=\"#Was-bieten-wir-Assistenzkr%C3%A4ften\" aria-label=\"Kontakt per Video-Chat aufnehmen\">postulez ici<\/a>\n\n<\/div>\n<\/div>\n\n<div class=\"gb-container gb-container-83687883\">\n<div class=\"gb-container gb-container-88906805\">\n\n<figure class=\"gb-block-image gb-block-image-4696b25b\"><img loading=\"lazy\" decoding=\"async\" width=\"1643\" height=\"1640\" class=\"gb-image gb-image-4696b25b\" src=\"https:\/\/www.assistenz-kollektiv.de\/wp-content\/uploads\/Gruppenbild-Assistenz-Kollektiv.webp\" alt=\"Un collage montre les portraits de plusieurs personnes du collectif, illustr\u00e9s dans le style pochoir. Les fonds des diff\u00e9rents portraits sont d'un rouge fonc\u00e9 et d'un p\u00e9trole vif, sur un fond jaune. Les personnes sont dispos\u00e9es diff\u00e9remment et pr\u00e9sentent diff\u00e9rentes expressions faciales. Il s'agit d'un m\u00e9lange de personnes d'\u00e2ges diff\u00e9rents. Certaines personnes sont repr\u00e9sent\u00e9es de profil, d'autres directement de face.\" title=\"Photo de groupe du collectif d'assistance\" srcset=\"https:\/\/www.assistenz-kollektiv.de\/wp-content\/uploads\/Gruppenbild-Assistenz-Kollektiv.webp 1643w, https:\/\/www.assistenz-kollektiv.de\/wp-content\/uploads\/Gruppenbild-Assistenz-Kollektiv-400x400.webp 400w, https:\/\/www.assistenz-kollektiv.de\/wp-content\/uploads\/Gruppenbild-Assistenz-Kollektiv-1200x1198.webp 1200w, https:\/\/www.assistenz-kollektiv.de\/wp-content\/uploads\/Gruppenbild-Assistenz-Kollektiv-768x767.webp 768w, https:\/\/www.assistenz-kollektiv.de\/wp-content\/uploads\/Gruppenbild-Assistenz-Kollektiv-1536x1533.webp 1536w\" sizes=\"auto, (max-width: 1643px) 100vw, 1643px\" \/><\/figure>\n\n<\/div>\n<\/div>\n<\/div>\n<\/div><div class=\"gb-container gb-container-6d3690a9\">\n<div class=\"gb-container gb-container-19226a69\">\n\n<figure class=\"gb-block-image gb-block-image-60c6f63c\"><img decoding=\"async\" class=\"gb-image gb-image-60c6f63c TrennerOben\" src=\"https:\/\/www.assistenz-kollektiv.de\/wp-content\/uploads\/Linie-Weiss-2.svg\" alt=\"\"><\/figure>\n\n\n<div class=\"gb-container gb-container-16eeff24\">\n<div class=\"gb-container gb-container-ae553d13 mitPaddingX\">\n\n<h2 class=\"gb-headline gb-headline-7a7871d9 gb-headline-text tabindex\">Nous sommes l&#8217;association<br>Assistenz Kollektiv K\u00f6ln e.V. (collectif d&#8217;assistance de Cologne).<\/h2>\n\n<\/div>\n<\/div>\n<\/div>\n\n<div class=\"gb-container gb-container-936e1ffd\">\n\n<figure class=\"gb-block-image gb-block-image-bc8852cc\"><img decoding=\"async\" class=\"gb-image gb-image-bc8852cc TrennerUnten\" src=\"https:\/\/www.assistenz-kollektiv.de\/wp-content\/uploads\/Trenner-Rot-3.svg\" alt=\" \"><\/figure>\n\n<\/div>\n<\/div><div class=\"gb-container gb-container-5c7f21dc\">\n<div class=\"gb-container gb-container-b3e8cc3e mitPaddingX\">\n<div class=\"gb-container gb-container-0bc889cb\">\n\n<h3 class=\"gb-headline gb-headline-0265093f gb-headline-text tabindex\" id=\"Was-ist-das-Kollektiv\">Qui sommes-nous ?<\/h3>\n\n\n\n<p>Nous sommes l&#8217;Assistenz Kollektiv K\u00f6ln e.V., un collectif qui propose une assistance personnelle et des conseils complets sur tous les aspects de la vie autonome avec un handicap. Au sein de notre communaut\u00e9, nous nous engageons avec passion pour am\u00e9liorer les conditions de travail et pour surmonter les barri\u00e8res et la discrimination. Notre devise : collectiviste, solidaire, bon !  <\/p>\n\n<\/div>\n<\/div>\n<\/div><div class=\"gb-container gb-container-229efac9\">\n<div class=\"gb-container gb-container-d36350cc lineheightone\">\n\n<figure class=\"gb-block-image gb-block-image-10d22772\"><img decoding=\"async\" class=\"gb-image gb-image-10d22772 TrennerOben\" src=\"https:\/\/www.assistenz-kollektiv.de\/wp-content\/uploads\/Linie-Weiss-2.svg\" alt=\"\"><\/figure>\n\n\n<div class=\"gb-container gb-container-cb7583cb\">\n<div class=\"gb-container gb-container-9608daae mitPaddingX\">\n\n<h2 class=\"gb-headline gb-headline-f8993c52 gb-headline-text tabindex\" id=\"Wie-helfen-wir-Assistenznehmenden\">Comment aidons-nous les assistants ?<\/h2>\n\n<\/div>\n<\/div>\n\n\n<figure class=\"gb-block-image gb-block-image-87326333\"><img decoding=\"async\" class=\"gb-image gb-image-87326333 TrennerUnten\" src=\"https:\/\/www.assistenz-kollektiv.de\/wp-content\/uploads\/Trenner-Weiss-unten-1-1.svg\" alt=\"\"><\/figure>\n\n<\/div>\n\n<div class=\"gb-container gb-container-c0a5d638\">\n<div class=\"gb-container gb-container-dd3d2ec5 mitPaddingX\">\n<div class=\"gb-container gb-container-448faf77\">\n<div class=\"gb-container gb-container-c029f8f7\">\n\n<p>En tant que b\u00e9n\u00e9ficiaire de l&#8217;assistance, vous d\u00e9cidez du niveau d&#8217;aide que vous souhaitez recevoir de notre part. Vous avez le contr\u00f4le de votre vie et nous vous aidons \u00e0 le faire. Notre conviction fondamentale est de vous offrir la plus grande libert\u00e9 possible gr\u00e2ce \u00e0 l&#8217;assistance personnelle et \u00e0 notre soutien.  <\/p>\n\n\n\n<p>Nous vous offrons un soutien et des conseils complets dans tous les domaines de l&#8217;assistance personnelle. Chez nous, vous n&#8217;\u00eates pas laiss\u00e9 seul, mais vous avez un maximum de libert\u00e9. Vous pouvez \u00e0 tout moment b\u00e9n\u00e9ficier de conseils entre pairs de la part d&#8217;une coordination d&#8217;\u00e9quipe qui a elle-m\u00eame recours \u00e0 l&#8217;assistance depuis de nombreuses ann\u00e9es.  <\/p>\n\n\n\n<h4 class=\"gb-headline gb-headline-cfb72f52 gb-headline-text\">Nous vous conseillons sur des sujets tels que<\/h4>\n\n\n\n<ul class=\"wp-block-list\">\n<li>A quoi pourrait ressembler la vie avec une assistance personnelle ?<\/li>\n\n\n\n<li>Comment introduire une demande ?<\/li>\n\n\n\n<li>Qui finance le tout ? \u00c0 qui dois-je adresser ma demande ? <\/li>\n\n\n\n<li>Comment trouver des assistants appropri\u00e9s ?<\/li>\n\n\n\n<li>Comment organiser ma vie avec une assistance ?<\/li>\n<\/ul>\n\n\n<div class=\"gb-container gb-container-86214e90\">\n\n<a class=\"gb-button gb-button-0ca0d50e ButtonGelb tabindex\" href=\"https:\/\/www.assistenz-kollektiv.de\/wp-content\/uploads\/Assistenz-Kollektiv_Infobroschuere_Persoenliche-Assistenz_Einfache-Sprache_2025.pdf\" target=\"_blank\" rel=\"noopener noreferrer\" aria-label=\"Kontakt per Video-Chat aufnehmen\"><span class=\"gb-button-text\">Brochure d&#8217;information sur l&#8217;assistance personnelle<br>en langage simple<\/span><span class=\"gb-icon\"><svg aria-hidden=\"true\" role=\"img\" height=\"1em\" width=\"1em\" viewbox=\"0 0 448 512\" xmlns=\"http:\/\/www.w3.org\/2000\/svg\"><path fill=\"currentColor\" d=\"M207.029 381.476L12.686 187.132c-9.373-9.373-9.373-24.569 0-33.941l22.667-22.667c9.357-9.357 24.522-9.375 33.901-.04L224 284.505l154.745-154.021c9.379-9.335 24.544-9.317 33.901.04l22.667 22.667c9.373 9.373 9.373 24.569 0 33.941L240.971 381.476c-9.373 9.372-24.569 9.372-33.942 0z\"><\/path><\/svg><\/span><\/a>\n\n\n\n<a class=\"gb-button gb-button-83881512 ButtonGelb tabindex\" href=\"https:\/\/www.assistenz-kollektiv.de\/wp-content\/uploads\/Assistenz-Kollektiv_Infobroschuere_Persoenliche-Assistenz_Schwere-Sprache_2025.pdf\" target=\"_blank\" rel=\"noopener noreferrer\" aria-label=\"Kontakt per Video-Chat aufnehmen\"><span class=\"gb-button-text\">Brochure d&#8217;information sur l&#8217;assistance personnelle<br>en langue difficile<\/span><span class=\"gb-icon\"><svg aria-hidden=\"true\" role=\"img\" height=\"1em\" width=\"1em\" viewbox=\"0 0 448 512\" xmlns=\"http:\/\/www.w3.org\/2000\/svg\"><path fill=\"currentColor\" d=\"M207.029 381.476L12.686 187.132c-9.373-9.373-9.373-24.569 0-33.941l22.667-22.667c9.357-9.357 24.522-9.375 33.901-.04L224 284.505l154.745-154.021c9.379-9.335 24.544-9.317 33.901.04l22.667 22.667c9.373 9.373 9.373 24.569 0 33.941L240.971 381.476c-9.373 9.372-24.569 9.372-33.942 0z\"><\/path><\/svg><\/span><\/a>\n\n<\/div>\n<\/div>\n\n<div class=\"gb-container gb-container-a36ae1b2\">\n<div class=\"gb-container gb-container-04258f5f alignwide\">\n\n<figure class=\"gb-block-image gb-block-image-26b0ee95\"><img loading=\"lazy\" decoding=\"async\" width=\"1200\" height=\"1115\" class=\"gb-image gb-image-26b0ee95 image-shadow img\" src=\"https:\/\/www.assistenz-kollektiv.de\/wp-content\/uploads\/\/Thomas-Neuseeland-1200x1115.png\" alt=\"Trois personnes dans un collage sur un fond magenta. Une personne est assise dans un fauteuil roulant, tandis que les deux autres se tiennent \u00e0 c\u00f4t\u00e9 d'elle et lui touchent amicalement l'\u00e9paule. Tout le monde sourit, la sc\u00e8ne semble chaleureuse et connect\u00e9e.\" title=\"Thomas Nouvelle-Z\u00e9lande\" srcset=\"https:\/\/www.assistenz-kollektiv.de\/wp-content\/uploads\/Thomas-Neuseeland-1200x1115.png 1200w, https:\/\/www.assistenz-kollektiv.de\/wp-content\/uploads\/Thomas-Neuseeland-400x372.png 400w, https:\/\/www.assistenz-kollektiv.de\/wp-content\/uploads\/Thomas-Neuseeland-768x714.png 768w, https:\/\/www.assistenz-kollektiv.de\/wp-content\/uploads\/Thomas-Neuseeland.png 1497w\" sizes=\"auto, (max-width: 1200px) 100vw, 1200px\" \/><\/figure>\n\n<\/div>\n<\/div>\n<\/div>\n\n<div class=\"gb-container gb-container-b9f434d6\">\n\n<h3 class=\"gb-headline gb-headline-bebea2e1 gb-headline-text HeadingPetrol tabindex\" id=\"Unsere-Leistungen-umfassen:\">Nos services comprennent<\/h3>\n\n\n<div class=\"gb-container gb-container-0f6454f8\">\n\n<ul class=\"wp-block-list rounded-list\">\n<li>Assistance 24h\/24 et assistance de courte dur\u00e9e (par ex. 12h ou 8h par jour)<\/li>\n\n\n\n<li>Une coordination d&#8217;\u00e9quipe d\u00e9di\u00e9e qui n&#8217;accompagne pas plus de trois \u00e9quipes et qui a donc toujours suffisamment de temps pour r\u00e9pondre \u00e0 vos besoins.<\/li>\n\n\n\n<li>Une hotline d&#8217;urgence 24h\/24 et une \u00e9quipe de remplacement 24h\/24 pour des soins sans faille<\/li>\n\n\n\n<li>Participation aux d\u00e9cisions dans notre association \u00e0 but non lucratif, o\u00f9 tous les membres ont le m\u00eame droit de vote.<\/li>\n<\/ul>\n\n<\/div>\n\n<div class=\"gb-container gb-container-025a449e\">\n\n<h4 class=\"gb-headline gb-headline-d833d4e7 gb-headline-text HeadingPetrol tabindex\" id=\"Unsere-Leistungen-umfassen:\">Gestion de votre \u00e9quipe d&#8217;assistants en fonction de vos souhaits et de vos besoins :<\/h4>\n\n\n\n<ul class=\"wp-block-list rounded-list\">\n<li>dans la communication au sein de votre \u00e9quipe d&#8217;assistance<\/li>\n\n\n\n<li>lors de la recherche de rempla\u00e7ants en cas de maladie<\/li>\n\n\n\n<li>lors de l&#8217;\u00e9tablissement des tableaux de service<\/li>\n<\/ul>\n\n<\/div>\n\n<div class=\"gb-container gb-container-f0173d1b\">\n\n<h4 class=\"gb-headline gb-headline-138d2e0a gb-headline-text HeadingPetrol tabindex\" id=\"Unsere-Leistungen-umfassen:\">Gestion de votre \u00e9quipe d&#8217;assistants en fonction de vos souhaits et de vos besoins :<\/h4>\n\n\n\n<ul class=\"wp-block-list rounded-list\">\n<li>C&#8217;est vous qui d\u00e9cidez qui vous voulez avoir dans votre \u00e9quipe. C&#8217;est votre \u00e9quipe. <\/li>\n\n\n\n<li>Vous d\u00e9cidez comment nous devons vous aider dans votre recherche<\/li>\n\n\n\n<li>Vous d\u00e9cidez \u00e0 quels entretiens nous devons participer<\/li>\n\n\n\n<li>Vous pouvez g\u00e9rer votre \u00e9quipe vous-m\u00eame &#8211; nous vous aidons l\u00e0 o\u00f9 vous le souhaitez.<\/li>\n<\/ul>\n\n<\/div>\n<\/div>\n<\/div>\n<\/div>\n<\/div><div class=\"gb-container gb-container-b3bb4b6b\">\n<div class=\"gb-container gb-container-3bdeb1c3 lineheightone\">\n\n<figure class=\"gb-block-image gb-block-image-414e1221\"><img decoding=\"async\" class=\"gb-image gb-image-414e1221 TrennerOben\" src=\"https:\/\/www.assistenz-kollektiv.de\/wp-content\/uploads\/Linie-Weiss-2.svg\" alt=\"\"><\/figure>\n\n\n<div class=\"gb-container gb-container-2831166a\">\n<div class=\"gb-container gb-container-1f174f3a mitPaddingX\">\n\n<h2 class=\"gb-headline gb-headline-6ac0dbb4 gb-headline-text tabindex\" id=\"Was-bieten-wir-Assistenzkr\u00e4ften\">Qu&#8217;offrons-nous aux assistants ?<\/h2>\n\n<\/div>\n<\/div>\n\n\n<figure class=\"gb-block-image gb-block-image-ba15f9d8\"><img decoding=\"async\" class=\"gb-image gb-image-ba15f9d8 TrennerUnten\" src=\"https:\/\/www.assistenz-kollektiv.de\/wp-content\/uploads\/Trenner-Weiss-unten-1-1.svg\" alt=\"\"><\/figure>\n\n<\/div>\n\n<div class=\"gb-container gb-container-ffebcfef\">\n<div class=\"gb-container gb-container-4fab86b7 mitPaddingX\">\n<div class=\"gb-container gb-container-ddf3db1e\">\n<div class=\"gb-container gb-container-4eebed11\">\n<div class=\"gb-container gb-container-db286fcc\">\n\n<p>Si vous souhaitez devenir assistant ou si vous l&#8217;\u00eates d\u00e9j\u00e0, nous vous offrons un environnement de travail \u00e9quitable et soutenant. Notre collectif a \u00e9t\u00e9 cr\u00e9\u00e9 par des personnes qui sont elles-m\u00eames assistantes, assistantes ou qui travaillent dans la coordination d&#8217;\u00e9quipes. Nous sommes convaincus qu&#8217;aucun propri\u00e9taire d&#8217;entreprise ne devrait s&#8217;enrichir avec l&#8217;argent de l&#8217;assistance personnelle.  <\/p>\n\n\n\n<p>Nous nous engageons dans la lutte pour l&#8217;emploi afin de cr\u00e9er les meilleures conditions de travail possibles pour nos collaborateurs et sommes donc en n\u00e9gociations permanentes avec les organismes payeurs.\nLes ressources financi\u00e8res re\u00e7ues sont r\u00e9parties \u00e9quitablement entre les collaborateurs du collectif. <\/p>\n\n\n<div class=\"gb-container gb-container-22c7c931\">\n<div class=\"gb-container gb-container-b1f95b0b\">\n\n<figure class=\"gb-block-image gb-block-image-8be26b87\"><img loading=\"lazy\" decoding=\"async\" width=\"400\" height=\"454\" class=\"gb-image gb-image-8be26b87\" src=\"https:\/\/www.assistenz-kollektiv.de\/wp-content\/uploads\/\/Anna-Lina-Jobrad-400x454.png\" alt=\"Une personne portant un casque est assise sur un grand VTT. Elle a les cheveux longs qui tombent sur les \u00e9paules et porte un pantalon \u00e9troit et des bottes. Le v\u00e9lo a des pneus larges et semble \u00eatre con\u00e7u pour les terrains accident\u00e9s. L'image est illustr\u00e9e dans le style pochoir. L'arri\u00e8re-plan est rouge fonc\u00e9, tandis que le personnage et le v\u00e9lo sont en vert p\u00e9trole.\" title=\"Anna Lina Jobrad\" srcset=\"https:\/\/www.assistenz-kollektiv.de\/wp-content\/uploads\/Anna-Lina-Jobrad-400x454.png 400w, https:\/\/www.assistenz-kollektiv.de\/wp-content\/uploads\/Anna-Lina-Jobrad-1058x1200.png 1058w, https:\/\/www.assistenz-kollektiv.de\/wp-content\/uploads\/Anna-Lina-Jobrad-768x871.png 768w, https:\/\/www.assistenz-kollektiv.de\/wp-content\/uploads\/Anna-Lina-Jobrad-1354x1536.png 1354w, https:\/\/www.assistenz-kollektiv.de\/wp-content\/uploads\/Anna-Lina-Jobrad-1805x2048.png 1805w, https:\/\/www.assistenz-kollektiv.de\/wp-content\/uploads\/Anna-Lina-Jobrad-353x400.png 353w\" sizes=\"auto, (max-width: 400px) 100vw, 400px\" \/><\/figure>\n\n\n<div class=\"gb-container gb-container-5fad1854\">\n\n<h3 class=\"gb-headline gb-headline-b65dbd35 gb-headline-text tabindex\">Postulez ici :<\/h3>\n\n\n\n<h6 class=\"gb-headline gb-headline-7473dc16 gb-headline-text\"><a href=\"mailto:bewerbung@assistenz-kollektiv.de\">bewerbung@assistenz-kollektiv.de<\/a><\/h6>\n\n\n\n<a class=\"gb-button gb-button-efbbffe2 gb-button-text\" href=\"https:\/\/de.indeed.com\/cmp\/Assistenz-Kollektiv-K%C3%B6ln-E.v.\/jobs\" target=\"_blank\" rel=\"noopener noreferrer\">Nos postes vacants<\/a>\n\n\n\n<a class=\"gb-button gb-button-bb46695a gb-button-text\" href=\"https:\/\/www.assistenz-kollektiv.de\/fr\/portail-de-candidature\/\">Portail des candidats<\/a>\n\n<\/div>\n<\/div>\n<\/div>\n<\/div>\n<\/div>\n\n<div class=\"gb-container gb-container-01876290\">\n<div class=\"gb-container gb-container-06db3279\">\n<div class=\"gb-container gb-container-04e98b0b KastenGelbInnen\">\n\n<h4 class=\"gb-headline gb-headline-91399020 gb-headline-text\">C&#8217;est pourquoi il y a chez nous<\/h4>\n\n\n\n<ul class=\"wp-block-list\">\n<li>Un contrat de travail \u00e0 dur\u00e9e ind\u00e9termin\u00e9e avec une p\u00e9riode d&#8217;essai de quatre mois<\/li>\n\n\n\n<li>16,50 \u20ac de salaire horaire et primes de nuit et de jours f\u00e9ri\u00e9s non imposables<\/li>\n\n\n\n<li>Cela signifie que pour un service de 24 heures, vous recevrez 396 \u20ac bruts plus 51,15 \u20ac de prime de nuit exon\u00e9r\u00e9e de charges.<\/li>\n\n\n\n<li>30 jours de cong\u00e9<\/li>\n\n\n\n<li>Paiements sp\u00e9ciaux en cas de remplacement de maladie \u00e0 court terme<\/li>\n\n\n\n<li>Un entrainement individuel<\/li>\n\n\n\n<li>R\u00e9unions d&#8217;\u00e9quipe mensuelles pour la participation aux d\u00e9cisions et horaires de travail flexibles<\/li>\n\n\n\n<li>Emploi au sein d&#8217;une \u00e9quipe d&#8217;assistants avec un lien solide avec l&#8217;\u00e9quipe<\/li>\n\n\n\n<li>Pas d&#8217;obligation d&#8217;effectuer des sauts ou d&#8217;\u00eatre de garde<\/li>\n\n\n\n<li>Supervision et \u00e9v\u00e9nements annuels en \u00e9quipe<\/li>\n<\/ul>\n\n<\/div>\n\n<div class=\"gb-container gb-container-79544ca7 KastenGelbInnen\">\n\n<h4 class=\"gb-headline gb-headline-250380a0 gb-headline-text\">Services suppl\u00e9mentaires :<\/h4>\n\n\n\n<ul class=\"wp-block-list\">\n<li>Un r\u00e9gime de retraite d&#8217;entreprise que nous subventionnons.<\/li>\n\n\n\n<li>Subvention de 25\u20ac pour le billet d&#8217;Allemagne<\/li>\n\n\n\n<li>Assurance maladie compl\u00e9mentaire<\/li>\n\n\n\n<li>Adh\u00e9sion \u00e0 Urban Sports<\/li>\n\n\n\n<li>Roue de l&#8217;emploi<\/li>\n<\/ul>\n\n<\/div>\n<\/div>\n\n<div class=\"gb-container gb-container-510d23f3\">\n\n<h3 class=\"gb-headline gb-headline-da1fcc0c gb-headline-text tabindex\">TR\u00c8S IMPORTANT<\/h3>\n\n\n\n<h6 class=\"gb-headline gb-headline-9871ceff gb-headline-text\">Vous pouvez devenir membre volontaire et gratuit \u00e0 tout moment et avoir votre mot \u00e0 dire sur nos offres, nos salaires et nos politiques.<\/h6>\n\n\n\n<a class=\"gb-button gb-button-844c15a6 gb-button-text\" href=\"https:\/\/www.assistenz-kollektiv.de\/fr\/devenir-membre\/\">Devenir membre<\/a>\n\n<\/div>\n<\/div>\n<\/div>\n<\/div>\n<\/div>\n<\/div><div class=\"gb-container gb-container-28a6983b\">\n<div class=\"gb-container gb-container-215e635f lineheightone\">\n\n<figure class=\"gb-block-image gb-block-image-55533e6d\"><img decoding=\"async\" class=\"gb-image gb-image-55533e6d TrennerOben\" src=\"https:\/\/www.assistenz-kollektiv.de\/wp-content\/uploads\/Linie-Weiss-2.svg\" alt=\"\"><\/figure>\n\n\n<div class=\"gb-container gb-container-6a3259bc\">\n<div class=\"gb-container gb-container-e6a3c16f mitPaddingX\">\n\n<h2 class=\"gb-headline gb-headline-3ac83641 gb-headline-text tabindex\" id=\"Team\">\u00c9quipe<\/h2>\n\n<\/div>\n<\/div>\n\n\n<figure class=\"gb-block-image gb-block-image-c8883d69\"><img decoding=\"async\" class=\"gb-image gb-image-c8883d69 TrennerUnten\" src=\"https:\/\/www.assistenz-kollektiv.de\/wp-content\/uploads\/Trenner-Weiss-unten-1-1.svg\" alt=\"\"><\/figure>\n\n<\/div>\n\n<div class=\"gb-container gb-container-18033ba2\">\n<div class=\"gb-container gb-container-c29e76f1 mitPaddingX\">\n<div class=\"gb-container gb-container-3701c96c gbp-section\">\n<div class=\"gb-container gb-container-70242d90\">\n\n<h3 class=\"gb-headline gb-headline-cff47e9e gb-headline-text tabindex\" id=\"Teamkoordination\">Coordination de l&#8217;\u00e9quipe<\/h3>\n\n\n\n<p>Chez nous, il n&#8217;y a pas d&#8217;\u00e9tage de direction. Qu&#8217;il s&#8217;agisse d&#8217;un assistant, d&#8217;une assistante, d&#8217;un responsable d&#8217;\u00e9quipe ou simplement d&#8217;une collectiviste, nous travaillons tous sur un pied d&#8217;\u00e9galit\u00e9. Si vous souhaitez nous contacter, nous voulons ici mettre un visage sur les voix qui vous r\u00e9pondront.<\/p>\n\n\n<div class=\"gb-grid-wrapper gb-grid-wrapper-f18c839a\">\n<div class=\"gb-grid-column gb-grid-column-6a5d42be\"><div class=\"gb-container gb-container-6a5d42be\">\n\n<figure class=\"gb-block-image gb-block-image-2a743272\"><img loading=\"lazy\" decoding=\"async\" width=\"400\" height=\"400\" class=\"gb-image gb-image-2a743272\" src=\"https:\/\/www.assistenz-kollektiv.de\/wp-content\/uploads\/\/Marco-2-400x400.png\" alt=\"Image de Marco\" title=\"Marco\"><\/figure>\n\n\n\n<h4 class=\"gb-headline gb-headline-219a6739 gb-headline-text\">Marco<\/h4>\n\n\n\n<div class=\"gb-headline gb-headline-646a264c gb-headline-text\"><a href=\"mailto:m.zink@assistenz-kollektiv.de\">m.zink@assistenz-kollektiv.de<\/a><\/div>\n\n<\/div><\/div>\n\n<div class=\"gb-grid-column gb-grid-column-4f38ac0d\"><div class=\"gb-container gb-container-4f38ac0d\">\n\n<figure class=\"gb-block-image gb-block-image-1efb1b13\"><img loading=\"lazy\" decoding=\"async\" width=\"400\" height=\"400\" class=\"gb-image gb-image-1efb1b13\" src=\"https:\/\/www.assistenz-kollektiv.de\/wp-content\/uploads\/Thomas-blau-400x400.png\" alt=\"Un homme \u00e0 lunettes et \u00e0 la barbe fournie sourit. Le fond est rouge fonc\u00e9, tandis que sa chemise est vert p\u00e9trole. Le portrait est illustr\u00e9 au pochoir, ce qui lui conf\u00e8re un caract\u00e8re artistique.\" title=\"Portrait de Thomas\"><\/figure>\n\n\n\n<h4 class=\"gb-headline gb-headline-d281a5de gb-headline-text\">Thomas<\/h4>\n\n\n\n<div class=\"gb-headline gb-headline-0c4b167c gb-headline-text\"><a href=\"mailto:t.schmitz@assistenz-kollektiv.de\">t.schmitz@assistenz-kollektiv.de<\/a><\/div>\n\n<\/div><\/div>\n\n<div class=\"gb-grid-column gb-grid-column-368966b4\"><div class=\"gb-container gb-container-368966b4\">\n\n<figure class=\"gb-block-image gb-block-image-5f9b3149\"><img loading=\"lazy\" decoding=\"async\" width=\"400\" height=\"400\" class=\"gb-image gb-image-5f9b3149\" src=\"https:\/\/www.assistenz-kollektiv.de\/wp-content\/uploads\/Marion-blau-400x400.png\" alt=\"Une femme aux cheveux attach\u00e9s sourit \u00e0 la cam\u00e9ra. Elle porte un haut \u00e0 col rond. L'image est illustr\u00e9e dans un style pochoir. L'arri\u00e8re-plan est rouge fonc\u00e9 et la femme est repr\u00e9sent\u00e9e en vert p\u00e9trole, ce qui donne \u00e0 l'image un aspect artistique et stylis\u00e9.\" title=\"Portrait de Marion\"><\/figure>\n\n\n\n<h4 class=\"gb-headline gb-headline-3dd8383a gb-headline-text\">Marion<\/h4>\n\n\n\n<div class=\"gb-headline gb-headline-1fdcfd5f gb-headline-text\"><a href=\"mailto:m.hens@assistenz-kollektiv.de\">m.hens@assistenz-kollektiv.de<\/a><\/div>\n\n<\/div><\/div>\n\n<div class=\"gb-grid-column gb-grid-column-5d1e4b33\"><div class=\"gb-container gb-container-5d1e4b33\">\n\n<figure class=\"gb-block-image gb-block-image-4e50f833\"><img decoding=\"async\" class=\"gb-image gb-image-4e50f833\" src=\"https:\/\/www.assistenz-kollektiv.de\/wp-content\/uploads\/\/Maik-200x200.png\" alt=\"L'image montre une personne avec des cheveux mi-longs qui tombent librement, regardant l\u00e9g\u00e8rement de c\u00f4t\u00e9 et souriant. Le portrait est illustr\u00e9 dans le style pochoir. La personne est repr\u00e9sent\u00e9e en vert p\u00e9trole sur un fond rouge fonc\u00e9.\" title=\"Portrait de Maik\"><\/figure>\n\n\n\n<h4 class=\"gb-headline gb-headline-7161cd5a gb-headline-text\">Mike<\/h4>\n\n\n\n<div class=\"gb-headline gb-headline-1fbe375c gb-headline-text\"><a href=\"mailto:spundflasche@assistenz-kollektiv.de\">spundflasche@assistenz-kollektiv.de<\/a><\/div>\n\n<\/div><\/div>\n\n<div class=\"gb-grid-column gb-grid-column-3385bc3a\"><div class=\"gb-container gb-container-3385bc3a\">\n\n<figure class=\"gb-block-image gb-block-image-73064fdf\"><img loading=\"lazy\" decoding=\"async\" width=\"400\" height=\"400\" class=\"gb-image gb-image-73064fdf\" src=\"https:\/\/www.assistenz-kollektiv.de\/wp-content\/uploads\/Tina-blau-400x400.png\" alt=\"Une illustration de style stencil d'une personne en portrait lat\u00e9ral regardant vers la droite. L'image est r\u00e9alis\u00e9e en trois couleurs : La peau de la personne est dans un ton beige clair, les cheveux et les v\u00eatements sont dans un ton vert p\u00e9trole, et l'arri\u00e8re-plan est dans un rouge fonc\u00e9 vif. La personne a les cheveux courts ou mi-longs et tient ses mains devant elle comme si elle les avait pos\u00e9es sur une table.\" title=\"Portrait de Tina\"><\/figure>\n\n\n\n<h4 class=\"gb-headline gb-headline-07cf5f7c gb-headline-text\">Christina<\/h4>\n\n\n\n<div class=\"gb-headline gb-headline-0aca115c gb-headline-text\"><a href=\"mailto:c.zajber@assistenz-kollektiv.de\">c.zajber@assistenz-kollektiv.de<\/a><\/div>\n\n<\/div><\/div>\n\n<div class=\"gb-grid-column gb-grid-column-f6d965a7\"><div class=\"gb-container gb-container-f6d965a7\">\n\n<figure class=\"gb-block-image gb-block-image-86f51bbd\"><img decoding=\"async\" class=\"gb-image gb-image-86f51bbd\" src=\"https:\/\/www.assistenz-kollektiv.de\/wp-content\/uploads\/\/David-200x200.png\" alt=\"Une illustration au pochoir d'un homme qui sourit en regardant directement l'appareil photo. L'image utilise trois couleurs principales : sa peau est d'un beige clair, ses v\u00eatements et sa casquette sont d'un vert p\u00e9trole et l'arri\u00e8re-plan est d'un rouge fonc\u00e9 vif. L'homme a une barbe et porte une casquette sombre.\" title=\"Portrait de David\"><\/figure>\n\n\n\n<h4 class=\"gb-headline gb-headline-173ca727 gb-headline-text\">David<\/h4>\n\n\n\n<div class=\"gb-headline gb-headline-3c350534 gb-headline-text\"><a href=\"mailto:d.schmitt@assistenz-kollektiv.de\">d.schmitt@assistenz-kollektiv.de<\/a><\/div>\n\n<\/div><\/div>\n\n<div class=\"gb-grid-column gb-grid-column-22e3b147\"><div class=\"gb-container gb-container-22e3b147\">\n\n<figure class=\"gb-block-image gb-block-image-f78186c9\"><img loading=\"lazy\" decoding=\"async\" width=\"400\" height=\"400\" class=\"gb-image gb-image-f78186c9\" src=\"https:\/\/www.assistenz-kollektiv.de\/wp-content\/uploads\/\/Michele-400x400.png\" alt=\"Image de Michele\" title=\"Michele\"><\/figure>\n\n\n\n<h4 class=\"gb-headline gb-headline-af604968 gb-headline-text\">Michele<\/h4>\n\n\n\n<div class=\"gb-headline gb-headline-8fd982db gb-headline-text\"><a href=\"mailto:m.grifone@assistenz-kollektiv.de\">m.grifone@assistenz-kollektiv.de<\/a><\/div>\n\n<\/div><\/div>\n<\/div>\n<\/div>\n<\/div>\n\n<div class=\"gb-container gb-container-ce71417d gbp-section\">\n<div class=\"gb-container gb-container-41b4ac22\">\n\n<h3 class=\"gb-headline gb-headline-e9cc4835 gb-headline-text tabindex\" id=\"Teamkoordination\">Relations publiques et mise en r\u00e9seau :<\/h3>\n\n\n<div class=\"gb-grid-wrapper gb-grid-wrapper-87ba320a\">\n<div class=\"gb-grid-column gb-grid-column-0b6b18b6\"><div class=\"gb-container gb-container-0b6b18b6\">\n\n<figure class=\"gb-block-image gb-block-image-4ad397ae\"><img loading=\"lazy\" decoding=\"async\" width=\"400\" height=\"400\" class=\"gb-image gb-image-4ad397ae\" src=\"https:\/\/www.assistenz-kollektiv.de\/wp-content\/uploads\/\/Esra-400x400.png\" alt=\"Image d'Esra\" title=\"Esra\"><\/figure>\n\n\n\n<h4 class=\"gb-headline gb-headline-9fd73ee9 gb-headline-text\">Esra<\/h4>\n\n\n\n<div class=\"gb-headline gb-headline-b9733f1e gb-headline-text\"><a href=\"mailto:e.kalkan@assistenz-kollektiv.de\">e.kalkan@assistenz-kollektiv.de<\/a><\/div>\n\n<\/div><\/div>\n\n<div class=\"gb-grid-column gb-grid-column-c244018f\"><div class=\"gb-container gb-container-c244018f\">\n\n<figure class=\"gb-block-image gb-block-image-0e83a92a\"><img loading=\"lazy\" decoding=\"async\" width=\"400\" height=\"400\" class=\"gb-image gb-image-0e83a92a\" src=\"https:\/\/www.assistenz-kollektiv.de\/wp-content\/uploads\/Louis-blau-400x400.png\" alt=\"Une personne regarde la cam\u00e9ra en souriant et a les mains sur les hanches. Il porte un pull-over. L'expression est amicale et d\u00e9tendue. Le portrait est illustr\u00e9 dans le style pochoir, avec la personne en vert p\u00e9trole sur un fond rouge fonc\u00e9.\" title=\"Portrait de Louis\"><\/figure>\n\n\n\n<h4 class=\"gb-headline gb-headline-76385f1c gb-headline-text\">Louis<\/h4>\n\n\n\n<div class=\"gb-headline gb-headline-7dd89fb1 gb-headline-text\"><a href=\"mailto:l.fehling@assistenz-kollektiv.de\">l.fehling@assistenz-kollektiv.de<\/a><\/div>\n\n<\/div><\/div>\n<\/div>\n<\/div>\n<\/div>\n\n<div class=\"gb-container gb-container-94eee5fc gbp-section\">\n<div class=\"gb-container gb-container-c8251544\">\n\n<h3 class=\"gb-headline gb-headline-61614cbd gb-headline-text tabindex\" id=\"Teamkoordination\">Conseil :<\/h3>\n\n\n<div class=\"gb-grid-wrapper gb-grid-wrapper-d15b4b93\">\n<div class=\"gb-grid-column gb-grid-column-c3b59b97\"><div class=\"gb-container gb-container-c3b59b97\">\n\n<figure class=\"gb-block-image gb-block-image-e4679301\"><img loading=\"lazy\" decoding=\"async\" width=\"400\" height=\"400\" class=\"gb-image gb-image-e4679301\" src=\"https:\/\/www.assistenz-kollektiv.de\/wp-content\/uploads\/\/Eva-400x400.png\" alt=\"Eva\" title=\"Eva\"><\/figure>\n\n\n\n<h4 class=\"gb-headline gb-headline-f7d2206e gb-headline-text\">Eva<\/h4>\n\n\n\n<div class=\"gb-headline gb-headline-b9151667 gb-headline-text\"><a href=\"mailto:e.nowara@assistenz-kollektiv.de\">e.nowara@assistenz-kollektiv.de<\/a><\/div>\n\n<\/div><\/div>\n<\/div>\n<\/div>\n<\/div>\n\n<div class=\"gb-container gb-container-6d931d45 gbp-section\">\n<div class=\"gb-container gb-container-755f96b8\">\n\n<h3 class=\"gb-headline gb-headline-97852811 gb-headline-text tabindex\" id=\"Teamkoordination\">Comptabilit\u00e9 :<\/h3>\n\n\n<div class=\"gb-grid-wrapper gb-grid-wrapper-ecb5069a\">\n<div class=\"gb-grid-column gb-grid-column-e120d1cb\"><div class=\"gb-container gb-container-e120d1cb\">\n\n<figure class=\"gb-block-image gb-block-image-d0490c22\"><img decoding=\"async\" class=\"gb-image gb-image-d0490c22\" src=\"https:\/\/www.assistenz-kollektiv.de\/wp-content\/uploads\/\/Figen-2-200x200.png\" alt=\"Une personne aux cheveux courts regarde la cam\u00e9ra de face. Elle porte un haut \u00e0 col et a les bras n\u00e9gligemment crois\u00e9s devant elle. L'expression est calme et confiante. L'image est illustr\u00e9e dans le style pochoir, la personne \u00e9tant repr\u00e9sent\u00e9e en vert p\u00e9trole sur un fond rouge fonc\u00e9.\" title=\"Portrait de Figen\"><\/figure>\n\n\n\n<h4 class=\"gb-headline gb-headline-750a27a1 gb-headline-text\">Figen<\/h4>\n\n\n\n<div class=\"gb-headline gb-headline-149baec4 gb-headline-text\"><a href=\"mailto:f.sariates-lerch@assistenz-kollektiv.de\">f.sariates-lerch@assistenz-kollektiv.de<\/a><\/div>\n\n<\/div><\/div>\n<\/div>\n<\/div>\n<\/div>\n\n<div class=\"gb-container gb-container-f5e274ef gbp-section\">\n<div class=\"gb-container gb-container-ab92697d\">\n\n<h3 class=\"gb-headline gb-headline-afe0a385 gb-headline-text tabindex\" id=\"Teamkoordination\">Supervision :<\/h3>\n\n\n<div class=\"gb-grid-wrapper gb-grid-wrapper-5b99b518\">\n<div class=\"gb-grid-column gb-grid-column-ac714cb6\"><div class=\"gb-container gb-container-ac714cb6\">\n\n<figure class=\"gb-block-image gb-block-image-8879e9e1\"><img loading=\"lazy\" decoding=\"async\" width=\"400\" height=\"400\" class=\"gb-image gb-image-8879e9e1\" src=\"https:\/\/www.assistenz-kollektiv.de\/wp-content\/uploads\/\/Bianca-400x400.png\" alt=\"Image de Bianca\" title=\"Bianca\"><\/figure>\n\n\n\n<h4 class=\"gb-headline gb-headline-5ad9ee73 gb-headline-text\">Bianca<\/h4>\n\n\n\n<div class=\"gb-headline gb-headline-8c449caa gb-headline-text\"><a href=\"mailto:b.wippich-hoek@assistenz-kollektiv.de\">b.wippich-hoek@assistenz-kollektiv.de<\/a><\/div>\n\n<\/div><\/div>\n<\/div>\n<\/div>\n<\/div>\n<\/div>\n<\/div>\n<\/div><div class=\"gb-container gb-container-883d690a\">\n<div class=\"gb-container gb-container-5a8b8577 lineheightone\">\n\n<figure class=\"gb-block-image gb-block-image-cc221460\"><img decoding=\"async\" class=\"gb-image gb-image-cc221460 TrennerOben\" src=\"https:\/\/www.assistenz-kollektiv.de\/wp-content\/uploads\/Linie-Weiss-2.svg\" alt=\"\"><\/figure>\n\n\n<div class=\"gb-container gb-container-b2d26e28\">\n<div class=\"gb-container gb-container-05c93483 mitPaddingX\">\n\n<h2 class=\"gb-headline gb-headline-db8fadc2 gb-headline-text tabindex\" id=\"Beratungsdienst\">Service de conseil<\/h2>\n\n<\/div>\n<\/div>\n\n\n<figure class=\"gb-block-image gb-block-image-221f841f\"><img decoding=\"async\" class=\"gb-image gb-image-221f841f TrennerUnten\" src=\"https:\/\/www.assistenz-kollektiv.de\/wp-content\/uploads\/Trenner-Weiss-unten-1-1.svg\" alt=\"\"><\/figure>\n\n<\/div>\n\n<div class=\"gb-container gb-container-433ab304\">\n<div class=\"gb-container gb-container-3ca49d5c mitPaddingX\">\n<div class=\"gb-container gb-container-edd023b4\">\n\n<p>Nous proposons des conseils entre pairs. Vous pouvez joindre une coordination d&#8217;\u00e9quipe qui a elle-m\u00eame recours \u00e0 l&#8217;assistance personnelle depuis de nombreuses ann\u00e9es.  Veuillez comprendre que nous n&#8217;acceptons PAS les candidatures via le portail vid\u00e9o. Veuillez utiliser l&#8217;adresse e-mail bewerbung@assistenz-kollektiv.de pour envoyer vos candidatures. <\/p>\n\n\n\n<p>R\u00e9servez un rendez-vous dans le calendrier ci-dessous pour une consultation personnelle par vid\u00e9oconf\u00e9rence avec nous.<\/p>\n\n\n<div class=\"gb-container gb-container-91d822cd\">\n <div class=\"brlbs-cmpnt-container brlbs-cmpnt-content-blocker brlbs-cmpnt-with-individual-styles\" data-borlabs-cookie-content-blocker-id=\"zoom\" data-borlabs-cookie-content=\"PC9wPgoKCgogPGRpdiBjbGFzcz0iYnJsYnMtY21wbnQtY29udGFpbmVyIGJybGJzLWNtcG50LWNvbnRlbnQtYmxvY2tlciBicmxicy1jbXBudC13aXRoLWluZGl2aWR1YWwtc3R5bGVzIiBkYXRhLWJvcmxhYnMtY29va2llLWNvbnRlbnQtYmxvY2tlci1pZD0iZGVmYXVsdCIgZGF0YS1ib3JsYWJzLWNvb2tpZS1jb250ZW50PSJQR2xtY21GdFpTQnpjbU05SW1oMGRIQnpPaTh2YzJOb1pXUjFiR1Z5TG5wdmIyMHVkWE12WVhOemFYTjBaVzU2TFd0dmJHeGxhM1JwZGk5MmFXUmxieTFpWlhKaGRIVnVaejlsYldKbFpGTjBlV3hsUFNVM1FpVXlNbUoxZEhSdmJrTnZiRzl5SlRJeUpUTkJKVEl5SlRJellUZ3hORFJoSlRJeUpUZEVKbVZ0WW1Wa1BYUnlkV1VpSUdaeVlXMWxZbTl5WkdWeVBTSXdJaUJ6ZEhsc1pUMGlkMmxrZEdnNklERXdNQ1U3SUdobGFXZG9kRG9nTnpJd2NIZzdJajQ4TDJsbWNtRnRaVDQ9Ij48ZGl2IGNsYXNzPSJicmxicy1jbXBudC1jYi1wcmVzZXQtYSI+IDxwIGNsYXNzPSJicmxicy1jbXBudC1jYi1kZXNjcmlwdGlvbiI+Vm91cyDDqnRlcyBhY3R1ZWxsZW1lbnQgZW4gdHJhaW4gZGUgY29uc3VsdGVyIGxlIGNvbnRlbnUgZCYjODIxNzt1biBlc3BhY2UgcsOpc2VydsOpIGRlIDxzdHJvbmc+UGFyIGTDqWZhdXQ8L3N0cm9uZz4uIFBvdXIgYWNjw6lkZXIgYXUgY29udGVudSByw6llbCwgY2xpcXVleiBzdXIgbGUgYm91dG9uIGNpLWRlc3NvdXMuIFZldWlsbGV6IG5vdGVyIHF1ZSBjZSBmYWlzYW50LCBkZXMgZG9ubsOpZXMgc2Vyb250IHBhcnRhZ8OpZXMgYXZlYyBkZXMgcHJvdmlkZXJzIHRpZXJzLjwvcD4gPGRpdiBjbGFzcz0iYnJsYnMtY21wbnQtY2ItYnV0dG9ucyI+IDxhIGNsYXNzPSJicmxicy1jbXBudC1jYi1idG4iIGhyZWY9IiMiIGRhdGEtYm9ybGFicy1jb29raWUtdW5ibG9jayByb2xlPSJidXR0b24iPkTDqWJsb3F1ZXIgbGUgY29udGVudTwvYT4gPGEgY2xhc3M9ImJybGJzLWNtcG50LWNiLWJ0biIgaHJlZj0iIyIgZGF0YS1ib3JsYWJzLWNvb2tpZS1hY2NlcHQtc2VydmljZSByb2xlPSJidXR0b24iIHN0eWxlPSJkaXNwbGF5OiBub25lIj5BY2NlcHRlciBsZSBzZXJ2aWNlIHJlcXVpcyBldCBkw6libG9xdWVyIGxlcyBjb250ZW51czwvYT4gPC9kaXY+IDxhIGNsYXNzPSJicmxicy1jbXBudC1jYi1wcm92aWRlci10b2dnbGUiIGhyZWY9IiMiIGRhdGEtYm9ybGFicy1jb29raWUtc2hvdy1wcm92aWRlci1pbmZvcm1hdGlvbiByb2xlPSJidXR0b24iPlBsdXMgZCYjODIxNztpbmZvcm1hdGlvbnM8L2E+IDwvZGl2PjwvZGl2PgoKCjxwPg==\"><div class=\"brlbs-cmpnt-cb-preset-a\"> <p class=\"brlbs-cmpnt-cb-description\">{ description }}<\/p> <div class=\"brlbs-cmpnt-cb-buttons\"> <a class=\"brlbs-cmpnt-cb-btn\" href=\"#\" data-borlabs-cookie-unblock role=\"button\">D\u00e9bloquer le contenu<\/a> <a class=\"brlbs-cmpnt-cb-btn\" href=\"#\" data-borlabs-cookie-accept-service role=\"button\" style=\"display : inherit\">Accepter le service requis et d\u00e9bloquer le contenu<\/a> <\/div> <a class=\"brlbs-cmpnt-cb-provider-toggle\" href=\"#\" data-borlabs-cookie-show-provider-information role=\"button\">Plus d'informations<\/a>. <\/div><\/div>\n\n<\/div>\n<\/div>\n\n<div class=\"gb-container gb-container-432b6fbc\">\n<div class=\"gb-container gb-container-b659ed67\">\n<div class=\"gb-container gb-container-2beabeda\">\n\n<h4 class=\"gb-headline gb-headline-1789c0d4 gb-headline-text\">Nous vous aidons \u00e0 r\u00e9pondre \u00e0 vos questions sur :<\/h4>\n\n\n\n<ul class=\"wp-block-list\">\n<li>Vivre avec une assistance : d\u00e9couvrez \u00e0 quoi peut ressembler votre vie quotidienne avec une assistance personnelle.<\/li>\n\n\n\n<li>Demande d&#8217;assistance : guide \u00e9tape par \u00e9tape pour faire une demande d&#8217;assistance.<\/li>\n\n\n\n<li>Financement : informations sur les possibilit\u00e9s de financement et les organismes de demande.<\/li>\n\n\n\n<li>Trouver des assistants : Conseils pour la recherche et la s\u00e9lection d&#8217;assistants appropri\u00e9s.<\/li>\n\n\n\n<li>Organisation : vous aider \u00e0 organiser votre vie quotidienne avec une assistance.<\/li>\n<\/ul>\n\n<\/div>\n<\/div>\n\n<div class=\"gb-container gb-container-127c4b78\">\n<div class=\"gb-container gb-container-5a850252\">\n\n<h2 class=\"gb-headline gb-headline-30119074\"><span class=\"gb-icon\"><svg xmlns=\"http:\/\/www.w3.org\/2000\/svg\" aria-hidden=\"true\" role=\"img\" height=\"1em\" width=\"1em\" viewbox=\"0 0 448 512\"><path fill=\"currentColor\" d=\"M148 288h-40c-6.6 0-12-5.4-12-12v-40c0-6.6 5.4-12 12-12h40c6.6 0 12 5.4 12 12v40c0 6.6-5.4 12-12 12zm108-12v-40c0-6.6-5.4-12-12-12h-40c-6.6 0-12 5.4-12 12v40c0 6.6 5.4 12 12 12h40c6.6 0 12-5.4 12-12zm96 0v-40c0-6.6-5.4-12-12-12h-40c-6.6 0-12 5.4-12 12v40c0 6.6 5.4 12 12 12h40c6.6 0 12-5.4 12-12zm-96 96v-40c0-6.6-5.4-12-12-12h-40c-6.6 0-12 5.4-12 12v40c0 6.6 5.4 12 12 12h40c6.6 0 12-5.4 12-12zm-96 0v-40c0-6.6-5.4-12-12-12h-40c-6.6 0-12 5.4-12 12v40c0 6.6 5.4 12 12 12h40c6.6 0 12-5.4 12-12zm192 0v-40c0-6.6-5.4-12-12-12h-40c-6.6 0-12 5.4-12 12v40c0 6.6 5.4 12 12 12h40c6.6 0 12-5.4 12-12zm96-260v352c0 26.5-21.5 48-48 48H48c-26.5 0-48-21.5-48-48V112c0-26.5 21.5-48 48-48h48V12c0-6.6 5.4-12 12-12h40c6.6 0 12 5.4 12 12v52h128V12c0-6.6 5.4-12 12-12h40c6.6 0 12 5.4 12 12v52h48c26.5 0 48 21.5 48 48zm-48 346V160H48v298c0 3.3 2.7 6 6 6h340c3.3 0 6-2.7 6-6z\"><\/path><\/svg><\/span><span class=\"gb-headline-text\">Vous cherchez des conseils ?<\/span><\/h2>\n\n\n<div class=\"gb-container gb-container-7d0b6237\">\n\n<h4 class=\"gb-headline gb-headline-f98329fc gb-headline-text\"><br>Contactez-nous par e-mail \u00e0<\/h4>\n\n\n\n<a class=\"gb-button gb-button-15df7b02 ButtonGelb\" href=\"mailto:beratung@assistenz-kollektiv.de\" aria-label=\"Kontakt per E-Mail kontakt@assistenz-kollektiv.de aufnehmen\"><span class=\"gb-icon\"><svg xmlns=\"http:\/\/www.w3.org\/2000\/svg\" aria-hidden=\"true\" role=\"img\" height=\"1em\" width=\"1em\" viewbox=\"0 0 512 512\"><path fill=\"currentColor\" d=\"M464 64H48C21.49 64 0 85.49 0 112v288c0 26.51 21.49 48 48 48h416c26.51 0 48-21.49 48-48V112c0-26.51-21.49-48-48-48zm0 48v40.805c-22.422 18.259-58.168 46.651-134.587 106.49-16.841 13.247-50.201 45.072-73.413 44.701-23.208.375-56.579-31.459-73.413-44.701C106.18 199.465 70.425 171.067 48 152.805V112h416zM48 400V214.398c22.914 18.251 55.409 43.862 104.938 82.646 21.857 17.205 60.134 55.186 103.062 54.955 42.717.231 80.509-37.199 103.053-54.947 49.528-38.783 82.032-64.401 104.947-82.653V400H48z\"><\/path><\/svg><\/span><span class=\"gb-button-text\">beratung@assistenz-kollektiv.de<\/span><\/a>\n\n\n\n<h4 class=\"gb-headline gb-headline-724276e5 gb-headline-text\">Ou appelez-nous simplement pour prendre rendez-vous !  <\/h4>\n\n\n\n<h2 class=\"gb-headline gb-headline-310067ef gb-headline-text\">Nos heures de consultation sont  <\/h2>\n\n\n\n<p style=\"font-size:17px;font-style:normal;font-weight:700\">Lundi &#8211; Jeudi 11:00 &#8211; 15:00 Vendredi 11:00 &#8211; 14:00<\/p>\n\n\n\n<a class=\"gb-button gb-button-64226160 ButtonGelb\" href=\"tel:022334606727\" aria-label=\"Kontakt per Telefon 02233 4606729 aufnehmen\"><span class=\"gb-icon\"><svg xmlns=\"http:\/\/www.w3.org\/2000\/svg\" aria-hidden=\"true\" role=\"img\" height=\"1em\" width=\"1em\" viewbox=\"0 0 512 512\"><path fill=\"currentColor\" d=\"M493.4 24.6l-104-24c-11.3-2.6-22.9 3.3-27.5 13.9l-48 112c-4.2 9.8-1.4 21.3 6.9 28l60.6 49.6c-36 76.7-98.9 140.5-177.2 177.2l-49.6-60.6c-6.8-8.3-18.2-11.1-28-6.9l-112 48C3.9 366.5-2 378.1.6 389.4l24 104C27.1 504.2 36.7 512 48 512c256.1 0 464-207.5 464-464 0-11.2-7.7-20.9-18.6-23.4z\"><\/path><\/svg><\/span><span class=\"gb-button-text\">02233 4606727<\/span><\/a>\n\n<\/div>\n<\/div>\n<\/div>\n<\/div>\n<\/div>\n<\/div>\n<\/div><div class=\"gb-container gb-container-2ef6096f\">\n<div class=\"gb-container gb-container-c9a475fe lineheightone\">\n\n<figure class=\"gb-block-image gb-block-image-451b29c2\"><img decoding=\"async\" class=\"gb-image gb-image-451b29c2 TrennerOben\" src=\"https:\/\/www.assistenz-kollektiv.de\/wp-content\/uploads\/Linie-Weiss-2.svg\" alt=\"\"><\/figure>\n\n\n<div class=\"gb-container gb-container-f23d1f46\">\n<div class=\"gb-container gb-container-3ff20bb6 mitPaddingX\">\n\n<h2 class=\"gb-headline gb-headline-1f2f330c gb-headline-text tabindex\" id=\"Was-ist-Pers\u00f6nliche-Assistenz\">Qu&#8217;est-ce que l&#8217;assistance personnelle ?<\/h2>\n\n<\/div>\n<\/div>\n\n\n<figure class=\"gb-block-image gb-block-image-dce4a297\"><img decoding=\"async\" class=\"gb-image gb-image-dce4a297 TrennerUnten\" src=\"https:\/\/www.assistenz-kollektiv.de\/wp-content\/uploads\/Trenner-Weiss-unten-1-1.svg\" alt=\"\"><\/figure>\n\n<\/div>\n\n<div class=\"gb-container gb-container-78a3f41a\">\n<div class=\"gb-container gb-container-6cf106eb mitPaddingX\">\n<div class=\"gb-container gb-container-88667d9e\">\n\n<p>L&#8217;assistance personnelle est un soutien individuel qui permet aux personnes handicap\u00e9es de mener une vie autonome et ind\u00e9pendante.<\/p>\n\n\n\n<p>Elle permet aux personnes handicap\u00e9es de r\u00e9aliser leurs souhaits et besoins individuels.<\/p>\n\n\n\n<p>Il est particuli\u00e8rement important que les personnes concern\u00e9es aient le contr\u00f4le de leur assistance. Elles d\u00e9cident elles-m\u00eames de la personne qui les assiste, du moment et de la mani\u00e8re dont l&#8217;assistance est fournie. Cela permet aux personnes concern\u00e9es d&#8217;\u00e9chapper aux syst\u00e8mes s\u00e9gr\u00e9gatifs tels que les institutions r\u00e9sidentielles et les foyers.  <\/p>\n\n\n\n<p>L&#8217;assistance personnelle favorise l&#8217;autonomie, la confiance en soi et la qualit\u00e9 de vie, et contribue de mani\u00e8re significative \u00e0 l&#8217;inclusion et \u00e0 l&#8217;\u00e9galit\u00e9 des droits dans la soci\u00e9t\u00e9.<\/p>\n\n<\/div>\n\n<div class=\"gb-container gb-container-dac43cb6\">\n\n<h3 class=\"gb-headline gb-headline-f078d469 gb-headline-text HeadingPetrol tabindex\">L&#8217;assistance personnelle comprend des services d&#8217;aide<br>dans diff\u00e9rents domaines<br>tels que<\/h3>\n\n\n<div class=\"gb-container gb-container-f2037c25\">\n\n<ul class=\"wp-block-list rounded-list\">\n<li>Budget<\/li>\n\n\n\n<li>Soins du corps<\/li>\n\n\n\n<li>Mobilit\u00e9<\/li>\n\n\n\n<li>Communication<\/li>\n\n\n\n<li>Loisirs<\/li>\n<\/ul>\n\n<\/div>\n<\/div>\n<\/div>\n<\/div>\n<\/div><div class=\"gb-container gb-container-01ae47d6\">\n<div class=\"gb-container gb-container-478438ea lineheightone\">\n\n<figure class=\"gb-block-image gb-block-image-09feaf1a\"><img decoding=\"async\" class=\"gb-image gb-image-09feaf1a TrennerOben\" src=\"https:\/\/www.assistenz-kollektiv.de\/wp-content\/uploads\/Linie-Weiss-2.svg\" alt=\"\"><\/figure>\n\n\n<div class=\"gb-container gb-container-5f1af12d\">\n<div class=\"gb-container gb-container-bfc822e5 mitPaddingX\">\n\n<h2 class=\"gb-headline gb-headline-c5c60a28 gb-headline-text tabindex\" id=\"Was-ist-Pers\u00f6nliches-Budget\">Qu&#8217;est-ce que le budget personnel ?<\/h2>\n\n<\/div>\n<\/div>\n\n\n<figure class=\"gb-block-image gb-block-image-22bb3e59\"><img decoding=\"async\" class=\"gb-image gb-image-22bb3e59 TrennerUnten\" src=\"https:\/\/www.assistenz-kollektiv.de\/wp-content\/uploads\/Trenner-Weiss-unten-1-1.svg\" alt=\"\"><\/figure>\n\n<\/div>\n\n<div class=\"gb-container gb-container-a086ceac\">\n<div class=\"gb-container gb-container-90a5aa77 mitPaddingX\">\n<div class=\"gb-container gb-container-b5a40cbd\">\n<div class=\"gb-container gb-container-615cd264\">\n<div class=\"gb-container gb-container-68bd19b1\">\n\n<p>Le budget personnel est une aide financi\u00e8re qui permet aux personnes handicap\u00e9es d&#8217;organiser elles-m\u00eames les aides dont elles ont besoin, comme les services d&#8217;assistance.<\/p>\n\n\n\n<p>Il favorise une vie ind\u00e9pendante et permet d&#8217;exercer une profession et de participer \u00e0 des activit\u00e9s de loisirs individuelles.<\/p>\n\n<\/div>\n\n<div class=\"gb-container gb-container-54342d6e\">\n\n<p>Les b\u00e9n\u00e9ficiaires de l&#8217;assistance peuvent choisir de recevoir l&#8217;argent sous forme de budget personnel ou de prestation en nature. Dans le premier cas, ils peuvent se charger eux-m\u00eames de la gestion ou la confier \u00e0 des prestataires de services. Si l&#8217;on choisit la prestation en nature, l&#8217;assistance est dans tous les cas g\u00e9r\u00e9e par un prestataire de services. <\/p>\n\n<\/div>\n<\/div>\n<\/div>\n\n<div class=\"gb-container gb-container-ec280a7f\">\n\n<figure class=\"wp-block-image size-large\"><a href=\"https:\/\/www.assistenz-kollektiv.de\/wp-content\/uploads\/Schaubild-Geld.png\"><img decoding=\"async\" src=\"https:\/\/www.assistenz-kollektiv.de\/wp-content\/uploads\/\/Schaubild-Geld-Franzoesisch-1-1200x675.png\" alt=\"Un graphique sur fond bleu p&#xE9;trole avec des lettres jaunes, qui contient des fl&#xE8;ches indiquant la direction du flux d'argent. Il montre le flux d'argent et de services dans le contexte de l'assistance personnelle aux b&#xE9;n&#xE9;ficiaires. &#10;  - L'organisme payeur (par exemple l'association r&#xE9;gionale de Rh&#xE9;nanie ou la caisse d'assurance maladie) fournit chaque mois un budget personnel ou ce que l'on appelle une prestation en nature.&#10;  - Le budget personnel est vers&#xE9; aux b&#xE9;n&#xE9;ficiaires de l'assistance (personnes souffrant d'un handicap physique, mental ou psychique).&#10;  - Les b&#xE9;n&#xE9;ficiaires de l'assistance peuvent soit transmettre le budget personnel &#xE0; des prestataires de services (par exemple le Assistenz Kollektiv K&#xF6;ln e.V.), soit l'utiliser dans le mod&#xE8;le de l'employeur.&#10;  - Dans le mod&#xE8;le de l'employeur, les assistants sont les employeurs de leurs assistants et se chargent de t&#xE2;ches telles que les candidatures, les contrats de travail et le paiement des salaires.&#10;  - La prestation en nature est vers&#xE9;e chaque mois directement &#xE0; un prestataire de services (p.ex. le Assistenz Kollektiv K&#xF6;ln).\" class=\"wp-image-6137\"\/><\/a><\/figure>\n\n<\/div>\n<\/div>\n<\/div>\n<\/div><div class=\"gb-container gb-container-9e983745\">\n<div class=\"gb-container gb-container-ea038bd1 lineheightone\">\n\n<figure class=\"gb-block-image gb-block-image-74d27d7e\"><img decoding=\"async\" class=\"gb-image gb-image-74d27d7e TrennerOben\" src=\"https:\/\/www.assistenz-kollektiv.de\/wp-content\/uploads\/Linie-Weiss-2.svg\" alt=\"\"><\/figure>\n\n\n<div class=\"gb-container gb-container-1f8492f0\">\n<div class=\"gb-container gb-container-8511476e mitPaddingX\">\n\n<h2 class=\"gb-headline gb-headline-76ebb2f8 gb-headline-text tabindex\" id=\"Wer-ist-der-Kostentr\u00e4ger\">Qui est le payeur ?<\/h2>\n\n<\/div>\n<\/div>\n\n\n<figure class=\"gb-block-image gb-block-image-218da5ba\"><img decoding=\"async\" class=\"gb-image gb-image-218da5ba TrennerUnten\" src=\"https:\/\/www.assistenz-kollektiv.de\/wp-content\/uploads\/Trenner-Weiss-unten-1-1.svg\" alt=\"\"><\/figure>\n\n<\/div>\n\n<div class=\"gb-container gb-container-8b814d61\">\n<div class=\"gb-container gb-container-7360ff8c mitPaddingX\">\n<div class=\"gb-container gb-container-3d9f4f91\">\n\n<p>L&#8217;organisme payeur d\u00e9pend du lieu de r\u00e9sidence et de la cause de la d\u00e9ficience. En Rh\u00e9nanie-du-Nord-Westphalie, il s&#8217;agit g\u00e9n\u00e9ralement du service social interr\u00e9gional, du <a href=\"https:\/\/www.lvr.de\" target=\"_blank\" rel=\"noreferrer noopener\">Landschaftsverband Rheinland (LVR)<\/a> ou du <a href=\"https:\/\/serviceportal.lwl.org\/\" target=\"_blank\" rel=\"noreferrer noopener\">Landschaftsverband Westfalen-Lippe (LWL)<\/a>.  En dehors de la Rh\u00e9nanie-du-Nord-Westphalie, c&#8217;est le service social comp\u00e9tent du lieu de r\u00e9sidence qui est comp\u00e9tent.<\/p>\n\n\n\n<p>Nous nous ferons un plaisir de r\u00e9pondre \u00e0 vos questions sur la demande d&#8217;assistance.<\/p>\n\n<\/div>\n<\/div>\n<\/div>\n<\/div><div class=\"gb-container gb-container-92f39f38\">\n<div class=\"gb-container gb-container-4a1b1262 lineheightone\">\n\n<figure class=\"gb-block-image gb-block-image-0b7bd437\"><img decoding=\"async\" class=\"gb-image gb-image-0b7bd437 TrennerOben\" src=\"https:\/\/www.assistenz-kollektiv.de\/wp-content\/uploads\/Linie-Weiss-2.svg\" alt=\"\"><\/figure>\n\n\n<div class=\"gb-container gb-container-f478dcb7\">\n<div class=\"gb-container gb-container-cfc6d5bb mitPaddingX\">\n\n<h2 class=\"gb-headline gb-headline-c1c62906 gb-headline-text tabindex\" id=\"Wann-habe-ich-Anspruch-und-in-welcher-H\u00f6he\">Quand ai-je droit et \u00e0 quel montant ?<\/h2>\n\n<\/div>\n<\/div>\n\n\n<figure class=\"gb-block-image gb-block-image-f1edac5a\"><img decoding=\"async\" class=\"gb-image gb-image-f1edac5a TrennerUnten\" src=\"https:\/\/www.assistenz-kollektiv.de\/wp-content\/uploads\/Trenner-Weiss-unten-1-1.svg\" alt=\"\"><\/figure>\n\n<\/div>\n\n<div class=\"gb-container gb-container-8c5bd42c\">\n<div class=\"gb-container gb-container-08f6ee41 mitPaddingX\">\n<div class=\"gb-container gb-container-4c12d7eb\">\n<div class=\"gb-container gb-container-42b1e9e1\">\n<div class=\"gb-container gb-container-a106fcde\">\n\n<p>Tout d&#8217;abord, il est important de savoir de combien d&#8217;assistance vous avez besoin. Une id\u00e9e claire de l&#8217;assistance dont vous avez besoin peut augmenter vos chances d&#8217;obtenir un permis. <\/p>\n\n\n\n<p>Il existe de nombreux crit\u00e8res de calcul des droits, car chaque d\u00e9cision est examin\u00e9e individuellement.<\/p>\n\n\n\n<p>Pour d\u00e9terminer votre droit \u00e0 l&#8217;assistance, il est recommand\u00e9 de nous consulter ou de consulter un organisme de conseil ind\u00e9pendant.<\/p>\n\n<\/div>\n\n<div class=\"gb-container gb-container-3f32919a\">\n\n<p>Une fois que vous avez d\u00e9termin\u00e9 le niveau d&#8217;assistance dont vous avez besoin pour mener une vie autonome, vous devez faire une demande.<\/p>\n\n\n\n<p>Celle-ci doit \u00eatre accompagn\u00e9e par un professionnel afin d&#8217;\u00e9viter les vices de forme. Le d\u00e9lai de traitement peut \u00eatre de plusieurs mois. <\/p>\n\n\n\n<h4 class=\"gb-headline gb-headline-8fba4f0d gb-headline-text\">N&#8217;h\u00e9sitez pas \u00e0 nous contacter \u00e0 tout moment :<\/h4>\n\n\n<div class=\"gb-container gb-container-4fe28181\">\n\n<a class=\"gb-button gb-button-54ea1c36 ButtonGelb\" href=\"mailto:beratung@assistenz-kollektiv.de\" aria-label=\"Kontakt per E-Mail kontakt@assistenz-kollektiv.de aufnehmen\"><span class=\"gb-icon\"><svg xmlns=\"http:\/\/www.w3.org\/2000\/svg\" aria-hidden=\"true\" role=\"img\" height=\"1em\" width=\"1em\" viewbox=\"0 0 512 512\"><path fill=\"currentColor\" d=\"M464 64H48C21.49 64 0 85.49 0 112v288c0 26.51 21.49 48 48 48h416c26.51 0 48-21.49 48-48V112c0-26.51-21.49-48-48-48zm0 48v40.805c-22.422 18.259-58.168 46.651-134.587 106.49-16.841 13.247-50.201 45.072-73.413 44.701-23.208.375-56.579-31.459-73.413-44.701C106.18 199.465 70.425 171.067 48 152.805V112h416zM48 400V214.398c22.914 18.251 55.409 43.862 104.938 82.646 21.857 17.205 60.134 55.186 103.062 54.955 42.717.231 80.509-37.199 103.053-54.947 49.528-38.783 82.032-64.401 104.947-82.653V400H48z\"><\/path><\/svg><\/span><span class=\"gb-button-text\">beratung@assistenz-kollektiv.de<\/span><\/a>\n\n\n\n<a class=\"gb-button gb-button-d28db672 ButtonGelb\" href=\"tel:022334606727\" aria-label=\"Kontakt per Telefon 02233 4606729 aufnehmen\"><span class=\"gb-icon\"><svg xmlns=\"http:\/\/www.w3.org\/2000\/svg\" aria-hidden=\"true\" role=\"img\" height=\"1em\" width=\"1em\" viewbox=\"0 0 512 512\"><path fill=\"currentColor\" d=\"M493.4 24.6l-104-24c-11.3-2.6-22.9 3.3-27.5 13.9l-48 112c-4.2 9.8-1.4 21.3 6.9 28l60.6 49.6c-36 76.7-98.9 140.5-177.2 177.2l-49.6-60.6c-6.8-8.3-18.2-11.1-28-6.9l-112 48C3.9 366.5-2 378.1.6 389.4l24 104C27.1 504.2 36.7 512 48 512c256.1 0 464-207.5 464-464 0-11.2-7.7-20.9-18.6-23.4z\"><\/path><\/svg><\/span><span class=\"gb-button-text\">02233 4606727<\/span><\/a>\n\n<\/div>\n<\/div>\n<\/div>\n<\/div>\n<\/div>\n<\/div>\n<\/div><div class=\"gb-container gb-container-9685e358\">\n<div class=\"gb-container gb-container-98c98d19 lineheightone\">\n\n<figure class=\"gb-block-image gb-block-image-5a9130e4\"><img decoding=\"async\" class=\"gb-image gb-image-5a9130e4 TrennerOben\" src=\"https:\/\/www.assistenz-kollektiv.de\/wp-content\/uploads\/Linie-Weiss-2.svg\" alt=\"\"><\/figure>\n\n\n<div class=\"gb-container gb-container-3659c62c\">\n<div class=\"gb-container gb-container-93d2f3d7 mitPaddingX\">\n\n<h2 class=\"gb-headline gb-headline-dc0570ac gb-headline-text tabindex\" id=\"Unsere-Mission\">Notre mission<\/h2>\n\n<\/div>\n<\/div>\n\n\n<figure class=\"gb-block-image gb-block-image-b5570ee8\"><img decoding=\"async\" class=\"gb-image gb-image-b5570ee8 TrennerUnten\" src=\"https:\/\/www.assistenz-kollektiv.de\/wp-content\/uploads\/Trenner-Weiss-unten-1-1.svg\" alt=\"\"><\/figure>\n\n<\/div>\n\n<div class=\"gb-container gb-container-3888f0a3\">\n<div class=\"gb-container gb-container-52ed5973 mitPaddingX\">\n<div class=\"gb-container gb-container-70e80a37\">\n<div class=\"gb-container gb-container-0ad8e22c\">\n\n<h4 class=\"gb-headline gb-headline-aaaf3e0a gb-headline-text\" id=\"Vernetzung-und-Evaluation\"><em>Mise en r\u00e9seau et \u00e9valuation<\/em><\/h4>\n\n\n\n<p>En tant que collectif \u00e0 but non lucratif, nous ne voulons pas seulement cr\u00e9er une alternative aux services \u00e0 but lucratif dans le domaine de l&#8217;assistance personnelle. Nous croyons fermement que tous les services d&#8217;infrastructure critique n&#8217;ont pas leur place entre les mains d&#8217;entreprises \u00e0 but lucratif. Ce n&#8217;est qu&#8217;\u00e0 cette condition que nous pourrons cr\u00e9er un paysage de soins qui vise \u00e0 garantir la meilleure qualit\u00e9 de soins et des conditions de travail \u00e9quitables pour les employ\u00e9s. C&#8217;est pourquoi nous travaillons en r\u00e9seau avec d&#8217;autres prestataires de services \u00e0 but non lucratif et des initiatives priv\u00e9es afin d&#8217;\u00e9valuer notre travail commun et de cr\u00e9er de meilleures alternatives pour les personnes concern\u00e9es.   <\/p>\n\n\n\n<h4 class=\"gb-headline gb-headline-ff2f197b gb-headline-text\" id=\"Beteiligung-in-der-Lokalpolitik\"><em>Participation \u00e0 la politique locale<\/em><\/h4>\n\n\n\n<p>Nous faisons partie de l&#8217;Association paritaire d&#8217;aide sociale et du Conseil d&#8217;inclusion de H\u00fcrth. Notre engagement dans les associations et f\u00e9d\u00e9rations locales nous permet de faire de notre vision une r\u00e9alit\u00e9 dans notre environnement direct et de donner de bons exemples pour un meilleur d\u00e9veloppement de l&#8217;assistance personnelle et de la situation des personnes concern\u00e9es. <\/p>\n\n<\/div>\n\n<div class=\"gb-container gb-container-3fca1e70\">\n<div class=\"gb-container gb-container-4cfdfe50\">\n\n<h4 class=\"gb-headline gb-headline-d4915b83 gb-headline-text\" id=\"Sensibilisierung-der-Gesellschaft-\/-Informationskampagnen\"><em>Sensibilisation de la soci\u00e9t\u00e9<\/em><\/h4>\n\n\n\n<ul class=\"wp-block-list\">\n<li>Les personnes handicap\u00e9es sont encore sous-repr\u00e9sent\u00e9es, exclues et discrimin\u00e9es dans notre soci\u00e9t\u00e9.<\/li>\n\n\n\n<li>Les syst\u00e8mes inclusifs tels que l&#8217;assistance personnelle sont encore trop m\u00e9connus, m\u00eame par les caisses d&#8217;assurance d\u00e9pendance, les organismes sociaux et les organes politiques responsables.<\/li>\n\n\n\n<li>L&#8217;accessibilit\u00e9 est encore consid\u00e9r\u00e9e comme un luxe.<\/li>\n<\/ul>\n\n\n\n<p class=\"gb-headline gb-headline-6e91385f gb-headline-text\">Nous essayons d&#8217;attirer l&#8217;attention sur le sujet et de placer l&#8217;individu au centre de nos pr\u00e9occupations par le biais de campagnes d&#8217;information, d&#8217;actions, d&#8217;\u00e9v\u00e9nements et de projets.<\/p>\n\n<\/div>\n<\/div>\n<\/div>\n<\/div>\n<\/div>\n<\/div><div class=\"gb-container gb-container-1660a37c\">\n<div class=\"gb-container gb-container-cf1bc044 lineheightone\">\n\n<figure class=\"gb-block-image gb-block-image-8da54184\"><img decoding=\"async\" class=\"gb-image gb-image-8da54184 TrennerOben\" src=\"https:\/\/www.assistenz-kollektiv.de\/wp-content\/uploads\/Linie-Weiss-2.svg\" alt=\"\"><\/figure>\n\n\n<div class=\"gb-container gb-container-7cf112b7\">\n<div class=\"gb-container gb-container-388df89d mitPaddingX\">\n\n<h2 class=\"gb-headline gb-headline-8efc9a95 gb-headline-text tabindex\" id=\"Projekte\">Projets<\/h2>\n\n<\/div>\n<\/div>\n\n\n<figure class=\"gb-block-image gb-block-image-f189c8d4\"><img decoding=\"async\" class=\"gb-image gb-image-f189c8d4 TrennerUnten\" src=\"https:\/\/www.assistenz-kollektiv.de\/wp-content\/uploads\/Trenner-Weiss-unten-1-1.svg\" alt=\"\"><\/figure>\n\n<\/div>\n\n<div class=\"gb-container gb-container-9d02b2f5\">\n<div class=\"gb-container gb-container-77df4452 mitPaddingX\">\n<div class=\"gb-container gb-container-0f7405a4\">\n\n<p>En tant qu&#8217;association \u00e0 but non lucratif, nous agissons \u00e9galement en tant qu&#8217;organisme responsable pour nos membres. \u00cates-vous int\u00e9ress\u00e9 par la mise en \u0153uvre de quelque chose dans l&#8217;esprit de nos statuts, comme un \u00e9v\u00e9nement accessible, une troupe de th\u00e9\u00e2tre ou de cirque inclusive, une campagne d&#8217;information ou voulez-vous rendre votre kiosque local accessible ? Contactez-nous et nous vous mettrons en contact avec d&#8217;autres collectivistes pour essayer de rendre cela possible. Voici une petite s\u00e9lection des projets d\u00e9j\u00e0 r\u00e9alis\u00e9s ou actifs :   <\/p>\n\n\n\n<h4 class=\"gb-headline gb-headline-f53e9719 gb-headline-text tabindex\" id=\"Beratungsportal\"><em>Portail de conseil<\/em><\/h4>\n\n\n\n<p>En 2023 et 2024, la fondation K\u00e4mpgen et la fondation Software AG nous ont permis de r\u00e9organiser notre pr\u00e9sence sur le web et de la rendre accessible, ainsi que de mettre en place un portail de conseil vid\u00e9o accessible en ligne sur les th\u00e8mes de l&#8217;assistance personnelle, de la vie avec une assistance, du budget personnel et des prestations en nature &#8211; le premier du genre ! Merci \u00e0 nos sponsors pour leur soutien. <\/p>\n\n<\/div>\n\n<div class=\"gb-container gb-container-d82c3905\">\n\n<h4 class=\"gb-headline gb-headline-d935471d gb-headline-text tabindex\" id=\"Barrierefreiheit\"><em>Accessibilit\u00e9<\/em><\/h4>\n\n\n\n<p>L&#8217;accessibilit\u00e9 est un sujet qui nous tient \u00e0 c\u0153ur depuis longtemps. C&#8217;est pourquoi nous travaillons de plus en plus en r\u00e9seau avec des personnes partageant les m\u00eames id\u00e9es afin de rendre cela possible et d&#8217;aider les autres \u00e0 le faire. En 2024, nous serons invit\u00e9s \u00e0 fournir une \u00e9quipe pour le festival MOYN, pr\u00e8s de Br\u00eame, qui s&#8217;occupera de l&#8217;accessibilit\u00e9 du festival.  <\/p>\n\n\n\n<h4 class=\"gb-headline gb-headline-cf9ac52d gb-headline-text tabindex\" id=\"Entwicklung-der-Pers\u00f6nlichen-Assistenz\"><em>D\u00e9veloppement de l&#8217;assistance personnelle<\/em><\/h4>\n\n\n\n<p>Nous travaillons \u00e0 renforcer l&#8217;image de la profession d&#8217;assistant et les conditions de travail, et \u00e0 cr\u00e9er de nouvelles offres pour les assistants. La mise en place d&#8217;un syst\u00e8me de gestion de la sant\u00e9 et de la satisfaction au travail, de syst\u00e8mes de formation et d&#8217;espaces de communication ouverts est actuellement en cours de r\u00e9alisation. <\/p>\n\n<\/div>\n<\/div>\n<\/div>\n<\/div><div class=\"gb-container gb-container-feafa08d\">\n<div class=\"gb-container gb-container-adf48a57 lineheightone\">\n\n<figure class=\"gb-block-image gb-block-image-ea06759e\"><img decoding=\"async\" class=\"gb-image gb-image-ea06759e TrennerOben\" src=\"https:\/\/www.assistenz-kollektiv.de\/wp-content\/uploads\/Linie-Weiss-2.svg\" alt=\"\"><\/figure>\n\n\n<div class=\"gb-container gb-container-e0ce54e8\">\n<div class=\"gb-container gb-container-deafca90 mitPaddingX\">\n\n<h2 class=\"gb-headline gb-headline-765ac103 gb-headline-text tabindex\" id=\"Vision\">Vision<\/h2>\n\n<\/div>\n<\/div>\n\n\n<figure class=\"gb-block-image gb-block-image-5c20b06f\"><img decoding=\"async\" class=\"gb-image gb-image-5c20b06f TrennerUnten\" src=\"https:\/\/www.assistenz-kollektiv.de\/wp-content\/uploads\/Trenner-Weiss-unten-1-1.svg\" alt=\"\"><\/figure>\n\n<\/div>\n\n<div class=\"gb-container gb-container-105f7599\">\n<div class=\"gb-container gb-container-dce11e0e mitPaddingX\">\n<div class=\"gb-container gb-container-2bc20207\">\n\n<h4 class=\"gb-headline gb-headline-68af3bb1 gb-headline-text tabindex\" id=\"Gr\u00fcndung-und-Vision\"><em>Fondation et vision<\/em><\/h4>\n\n\n\n<p>Nous avons fond\u00e9 l&#8217;association Assistenz Kollektiv K\u00f6ln e.V. le 09.12.2020 \u00e0 H\u00fcrth, compos\u00e9e au total de onze personnes handicap\u00e9es physiques et de personnes ayant une exp\u00e9rience dans le domaine de l&#8217;assistance personnelle.<\/p>\n\n\n\n<h4 class=\"gb-headline gb-headline-8c673596 gb-headline-text tabindex\" id=\"Unsere-Ziele\"><em>Nos objectifs<\/em><\/h4>\n\n\n\n<p>Nous souhaitons que les politiques sociales et de sant\u00e9 soient \u00e9labor\u00e9es par ceux qu&#8217;elles concernent. Nous pensons que le budget personnel doit \u00eatre l\u00e0 pour l&#8217;assistance personnelle &#8211; pas pour enrichir les actionnaires de l&#8217;entreprise. Nous avons cr\u00e9\u00e9 le collectif pour que personne ne s&#8217;enrichisse avec l&#8217;argent qui revient aux b\u00e9n\u00e9ficiaires de l&#8217;assistance, mais pour que les assistants re\u00e7oivent la meilleure r\u00e9mun\u00e9ration possible et les b\u00e9n\u00e9ficiaires de l&#8217;assistance la meilleure assistance possible. En outre, notre vision est de mieux faire conna\u00eetre l&#8217;assistance personnelle dans la soci\u00e9t\u00e9 en tant que mesure d&#8217;inclusion r\u00e9elle, r\u00e9clam\u00e9e depuis longtemps, et de faire entendre la voix des personnes concern\u00e9es dans le monde politique.   <\/p>\n\n<\/div>\n\n<div class=\"gb-container gb-container-df841c24\">\n\n<figure class=\"gb-block-image gb-block-image-60b332e6\"><img decoding=\"async\" class=\"gb-image gb-image-60b332e6\" src=\"https:\/\/www.assistenz-kollektiv.de\/wp-content\/uploads\/\/Vision-Franzoesisch-400x407.png\" alt=\"Rien de moins que la r\u00e9volution sociale !  \" title=\"Vision\"><\/figure>\n\n<\/div>\n<\/div>\n<\/div>\n<\/div><div class=\"gb-container gb-container-749534ae\">\n<div class=\"gb-container gb-container-43b853d3 lineheightone\">\n\n<figure class=\"gb-block-image gb-block-image-6d63f886\"><img decoding=\"async\" class=\"gb-image gb-image-6d63f886 TrennerOben\" src=\"https:\/\/www.assistenz-kollektiv.de\/wp-content\/uploads\/Linie-Weiss-2.svg\" alt=\"\"><\/figure>\n\n\n<div class=\"gb-container gb-container-65a58518\">\n<div class=\"gb-container gb-container-6ede0599 mitPaddingX\">\n\n<h2 class=\"gb-headline gb-headline-6acaebea gb-headline-text tabindex\" id=\"Kollektiv-Aufbau-und-Struktur\">Collectif : structure<\/h2>\n\n<\/div>\n<\/div>\n\n\n<figure class=\"gb-block-image gb-block-image-b66a8221\"><img decoding=\"async\" class=\"gb-image gb-image-b66a8221 TrennerUnten\" src=\"https:\/\/www.assistenz-kollektiv.de\/wp-content\/uploads\/Trenner-Weiss-unten-1-1.svg\" alt=\"\"><\/figure>\n\n<\/div>\n\n<div class=\"gb-container gb-container-d578c50a\">\n<div class=\"gb-container gb-container-69453e62 mitPaddingX\">\n<div class=\"gb-container gb-container-71648568\">\n\n<h4 class=\"gb-headline gb-headline-cedcf38b gb-headline-text tabindex\" id=\"Gemeinschaft-und-Entscheidungen\"><em>Communaut\u00e9 et d\u00e9cisions<\/em><\/h4>\n\n\n\n<p>L&#8217;absence de hi\u00e9rarchie et l&#8217;esprit collectif nous tiennent \u00e0 c\u0153ur. Chaque membre doit avoir la possibilit\u00e9 de participer \u00e0 l&#8217;organisation de l&#8217;association. Il n&#8217;y a pas d&#8217;\u00e9tage de direction et chaque membre peut participer \u00e0 la fixation des salaires, \u00e0 la d\u00e9fense de ses int\u00e9r\u00eats et au lancement de projets. R\u00e9guli\u00e8rement, chaque membre est invit\u00e9 \u00e0 discuter des op\u00e9rations et des projets au sein du collectif et \u00e0 prendre des d\u00e9cisions ensemble.   <\/p>\n\n\n\n<h4 class=\"gb-headline gb-headline-afe846df gb-headline-text tabindex\" id=\"Vorstand-und-Mitgliederversammlung\"><em>Conseil d&#8217;administration et assembl\u00e9e g\u00e9n\u00e9rale<\/em><\/h4>\n\n\n\n<p>Chaque membre du collectif a le m\u00eame droit de vote. De m\u00eame, la voix du conseil d&#8217;administration n&#8217;a pas plus de poids que toute autre voix. Le conseil d&#8217;administration re\u00e7oit des instructions des membres et doit \u00eatre \u00e9lu. Cela garantit que toutes les questions relatives \u00e0 l&#8217;association sont d\u00e9cid\u00e9es d\u00e9mocratiquement. Pour toutes les d\u00e9cisions, \u00e0 l&#8217;exception de la modification des statuts, 70% des membres votants sont n\u00e9cessaires. Pour une modification des statuts, 90% des voix sont n\u00e9cessaires.     <\/p>\n\n<\/div>\n\n<div class=\"gb-container gb-container-3960e39c\">\n\n<h4 class=\"gb-headline gb-headline-74d988eb gb-headline-text tabindex\" id=\"Transparenz\"><em>Transparence<\/em><\/h4>\n\n\n\n<p>Les membres ne peuvent participer \u00e0 la prise de d\u00e9cision collective que s&#8217;ils ont acc\u00e8s aux informations. Nous essayons de mettre \u00e0 la disposition de tous les membres toutes les informations qui peuvent \u00eatre partag\u00e9es en vertu de la l\u00e9gislation sur la protection des donn\u00e9es. Bien entendu, nous traitons les donn\u00e9es des assistants et les donn\u00e9es personnelles de mani\u00e8re sensible. Tout ce que nous pouvons partager de mani\u00e8re transparente, nous le rendons accessible \u00e0 tous les membres par :   <\/p>\n\n\n\n<ol class=\"wp-block-list\">\n<li>Notre r\u00e9union hebdomadaire en ligne des membres, qui prend des d\u00e9cisions pour le collectif.<\/li>\n\n\n\n<li>Divers chats ouverts et groupes d&#8217;organisation<\/li>\n\n\n\n<li>Un cloud commun pour tous les membres<\/li>\n\n\n\n<li>La divulgation de toutes les finances<\/li>\n<\/ol>\n\n\n\n<h4 class=\"gb-headline gb-headline-174a46f5 gb-headline-text tabindex\" id=\"Gemeinn\u00fctzigkeit\"><em>Utilit\u00e9 publique<\/em><\/h4>\n\n\n\n<p>Malheureusement, il n&#8217;existe pas de personne morale en Allemagne pour les organisations collectivistes. C&#8217;est pourquoi nous avons d\u00e9lib\u00e9r\u00e9ment choisi de ne pas cr\u00e9er de GmbH (soci\u00e9t\u00e9 \u00e0 responsabilit\u00e9 limit\u00e9e) ou d&#8217;UG (soci\u00e9t\u00e9 en nom collectif) et de cr\u00e9er une association \u00e0 but non lucratif. Cela nous permet de concr\u00e9tiser notre concept communautaire. L\u00e9galement, personne ne peut s&#8217;enrichir avec les b\u00e9n\u00e9fices. Tous les fonds doivent \u00eatre distribu\u00e9s dans l&#8217;int\u00e9r\u00eat des membres ou investis dans des projets communs.    <\/p>\n\n<\/div>\n<\/div>\n<\/div>\n<\/div><div class=\"gb-container gb-container-46e18642\">\n<div class=\"gb-container gb-container-2ae70db1 lineheightone\">\n\n<figure class=\"gb-block-image gb-block-image-23028d7e\"><img decoding=\"async\" class=\"gb-image gb-image-23028d7e TrennerOben\" src=\"https:\/\/www.assistenz-kollektiv.de\/wp-content\/uploads\/Linie-Weiss-2.svg\" alt=\"\"><\/figure>\n\n\n<div class=\"gb-container gb-container-b5b78f5c\">\n<div class=\"gb-container gb-container-e05b3a17 mitPaddingX\">\n\n<h2 class=\"gb-headline gb-headline-820b719f gb-headline-text tabindex\" id=\"Spendenkonto\">Compte pour les dons<\/h2>\n\n<\/div>\n<\/div>\n\n\n<figure class=\"gb-block-image gb-block-image-15b8216d\"><img decoding=\"async\" class=\"gb-image gb-image-15b8216d TrennerUnten\" src=\"https:\/\/www.assistenz-kollektiv.de\/wp-content\/uploads\/Trenner-Weiss-unten-1-1.svg\" alt=\"\"><\/figure>\n\n<\/div>\n\n<div class=\"gb-container gb-container-37331037\">\n<div class=\"gb-container gb-container-08996b3e mitPaddingX\">\n<div class=\"gb-container gb-container-8be79aff\">\n\n<h4 class=\"gb-headline gb-headline-217065f3 gb-headline-text tabindex\">Vous voulez nous soutenir ?<\/h4>\n\n\n\n<p>En tant que collectif \u00e0 but non lucratif, nos ressources sont limit\u00e9es. Nous appr\u00e9cions donc les dons qui nous aident \u00e0 r\u00e9aliser des projets qui ne seraient pas possibles autrement. Par exemple, ils nous permettent de mettre \u00e0 disposition de nos assistants une voiture accessible ou des moyens de d\u00e9pannage.  <\/p>\n\n<\/div>\n\n<div class=\"gb-container gb-container-f66ba0e1\">\n\n<h4 class=\"gb-headline gb-headline-48795d1e gb-headline-text\">Faire un don par virement bancaire<\/h4>\n\n\n<div class=\"gb-container gb-container-bd636031\">\n\n<ul class=\"wp-block-list\">\n<li>B\u00e9n\u00e9ficiaire : Assistenz Kollektiv K\u00f6ln e.V.<\/li>\n\n\n\n<li>IBAN : DE60 3705 0299 0137 2953 64<\/li>\n\n\n\n<li>BIC : COKSDE33XXX<\/li>\n<\/ul>\n\n<\/div>\n\n\n<h4 class=\"gb-headline gb-headline-f05333cf gb-headline-text\">Faire un don via PayPal<\/h4>\n\n\n<div class=\"gb-container gb-container-bf6aa347\">\n\n<form action=\"https:\/\/www.paypal.com\/donate\" method=\"post\" target=\"_top\">\n<input type=\"hidden\" name=\"hosted_button_id\" value=\"FSRB32PAG86VA\"\/>\n<input type=\"image\" src=\"https:\/\/www.assistenz-kollektiv.de\/wp-content\/uploads\/Spenden-Per-Paypal.webp\" border=\"0\" name=\"submit\" title=\"Donation PayPal\" alt=\"Faire un don avec le bouton PayPal\"\/>\n<\/form>\n\n<\/div>\n\n\n<p>N&#8217;h\u00e9sitez pas \u00e0 nous contacter et nous vous fournirons un re\u00e7u.<\/p>\n\n<\/div>\n<\/div>\n<\/div>\n<\/div><div class=\"gb-container gb-container-4c03ddda\">\n\n<figure class=\"gb-block-image gb-block-image-9c101dda\"><img decoding=\"async\" class=\"gb-image gb-image-9c101dda TrennerOben\" src=\"https:\/\/www.assistenz-kollektiv.de\/wp-content\/uploads\/Linie-Weiss-2.svg\" alt=\"\"><\/figure>\n\n<\/div>","protected":false},"excerpt":{"rendered":"<p>Bienvenue chezl&#8217;Assistenz Kollektiv K\u00f6ln e.V. Nous sommes l&#8217;associationAssistenz Kollektiv K\u00f6ln e.V. (collectif d&#8217;assistance de Cologne). Qui sommes-nous ? Nous sommes l&#8217;Assistenz Kollektiv K\u00f6ln e.V., un collectif qui propose une assistance personnelle et des conseils complets sur tous les aspects de la vie autonome avec un handicap. Au sein de notre communaut\u00e9, nous nous engageons avec &#8230; <\/p>\n<p class=\"read-more-container\"><a title=\"Accueil\" class=\"read-more button\" href=\"https:\/\/www.assistenz-kollektiv.de\/fr\/#more-5470\" aria-label=\"En savoir plus sur Accueil\">Lire plus<\/a><\/p>\n","protected":false},"author":1,"featured_media":0,"parent":0,"menu_order":0,"comment_status":"closed","ping_status":"closed","template":"","meta":{"inline_featured_image":false,"footnotes":""},"class_list":{"0":"post-5470","1":"page","2":"type-page","3":"status-publish","5":"infinite-scroll-item"},"_links":{"self":[{"href":"https:\/\/www.assistenz-kollektiv.de\/fr\/wp-json\/wp\/v2\/pages\/5470","targetHints":{"allow":["GET"]}}],"collection":[{"href":"https:\/\/www.assistenz-kollektiv.de\/fr\/wp-json\/wp\/v2\/pages"}],"about":[{"href":"https:\/\/www.assistenz-kollektiv.de\/fr\/wp-json\/wp\/v2\/types\/page"}],"author":[{"embeddable":true,"href":"https:\/\/www.assistenz-kollektiv.de\/fr\/wp-json\/wp\/v2\/users\/1"}],"replies":[{"embeddable":true,"href":"https:\/\/www.assistenz-kollektiv.de\/fr\/wp-json\/wp\/v2\/comments?post=5470"}],"version-history":[{"count":97,"href":"https:\/\/www.assistenz-kollektiv.de\/fr\/wp-json\/wp\/v2\/pages\/5470\/revisions"}],"predecessor-version":[{"id":9772,"href":"https:\/\/www.assistenz-kollektiv.de\/fr\/wp-json\/wp\/v2\/pages\/5470\/revisions\/9772"}],"wp:attachment":[{"href":"https:\/\/www.assistenz-kollektiv.de\/fr\/wp-json\/wp\/v2\/media?parent=5470"}],"curies":[{"name":"wp","href":"https:\/\/api.w.org\/{rel}","templated":true}]}}