{"id":5408,"date":"2020-09-18T14:36:38","date_gmt":"2020-09-18T12:36:38","guid":{"rendered":"https:\/\/2024.assistenz-kollektiv.de\/home\/"},"modified":"2025-12-14T12:15:06","modified_gmt":"2025-12-14T11:15:06","slug":"home","status":"publish","type":"page","link":"https:\/\/www.assistenz-kollektiv.de\/en\/","title":{"rendered":"Home"},"content":{"rendered":"<div class=\"gb-container gb-container-95f45c80\">\n<div class=\"gb-container gb-container-aa7fdbcc mitPaddingX\">\n<div class=\"gb-container gb-container-59271a82\">\n<div class=\"gb-container gb-container-02561b6f\">\n\n<figure class=\"gb-block-image gb-block-image-f38acc03\"><img loading=\"lazy\" decoding=\"async\" width=\"1121\" height=\"1060\" class=\"gb-image gb-image-f38acc03\" src=\"https:\/\/www.assistenz-kollektiv.de\/wp-content\/uploads\/Splash-2-gelb.png\" alt=\"\" srcset=\"https:\/\/www.assistenz-kollektiv.de\/wp-content\/uploads\/Splash-2-gelb.png 1121w, https:\/\/www.assistenz-kollektiv.de\/wp-content\/uploads\/Splash-2-gelb-400x378.png 400w, https:\/\/www.assistenz-kollektiv.de\/wp-content\/uploads\/Splash-2-gelb-768x726.png 768w\" sizes=\"auto, (max-width: 1121px) 100vw, 1121px\" \/><\/figure>\n\n\n<div class=\"gb-container gb-container-daf003fa\">\n\n<figure class=\"gb-block-image gb-block-image-11a4e326\"><img loading=\"lazy\" decoding=\"async\" width=\"3763\" height=\"3217\" class=\"gb-image gb-image-11a4e326\" src=\"https:\/\/www.assistenz-kollektiv.de\/wp-content\/uploads\/Logo-Assistenz-Kollektiv.png\" alt=\"Logo Assistance Collective\" title=\"Logo assistance collective\" srcset=\"https:\/\/www.assistenz-kollektiv.de\/wp-content\/uploads\/Logo-Assistenz-Kollektiv.png 3763w, https:\/\/www.assistenz-kollektiv.de\/wp-content\/uploads\/Logo-Assistenz-Kollektiv-400x342.png 400w, https:\/\/www.assistenz-kollektiv.de\/wp-content\/uploads\/Logo-Assistenz-Kollektiv-1200x1026.png 1200w, https:\/\/www.assistenz-kollektiv.de\/wp-content\/uploads\/Logo-Assistenz-Kollektiv-768x657.png 768w, https:\/\/www.assistenz-kollektiv.de\/wp-content\/uploads\/Logo-Assistenz-Kollektiv-1536x1313.png 1536w, https:\/\/www.assistenz-kollektiv.de\/wp-content\/uploads\/Logo-Assistenz-Kollektiv-2048x1751.png 2048w\" sizes=\"auto, (max-width: 3763px) 100vw, 3763px\" \/><\/figure>\n\n<\/div>\n\n\n<h1 class=\"gb-headline gb-headline-29c0d064 gb-headline-text tabindex\" id=\"seitenanfang\">Welcome to<br>Assistenz Kollektiv K\u00f6ln e.V.<\/h1>\n\n<\/div>\n\n<div class=\"gb-container gb-container-f95ceebe\">\n\n<a class=\"gb-button gb-button-63710a6c gb-button-text ButtonGelb tabindex\" href=\"#Beratungsdienst\" aria-label=\"Kontakt per Video-Chat aufnehmen\">Get advice<\/a>\n\n\n\n<a class=\"gb-button gb-button-0bd4aa78 gb-button-text ButtonGelb tabindex\" href=\"#Was-bieten-wir-Assistenzkr%C3%A4ften\" aria-label=\"Kontakt per Video-Chat aufnehmen\">Apply here<\/a>\n\n<\/div>\n<\/div>\n\n<div class=\"gb-container gb-container-83687883\">\n<div class=\"gb-container gb-container-88906805\">\n\n<figure class=\"gb-block-image gb-block-image-4696b25b\"><img loading=\"lazy\" decoding=\"async\" width=\"1643\" height=\"1640\" class=\"gb-image gb-image-4696b25b\" src=\"https:\/\/www.assistenz-kollektiv.de\/wp-content\/uploads\/Gruppenbild-Assistenz-Kollektiv.webp\" alt=\"A collage shows the stencil-style illustrated portraits of several people from the collective. The backgrounds of the individual portraits are a strong dark red and petrol against a yellow background. The people are arranged differently and show different facial expressions. It is a mixture of people of different ages. Some people are shown in profile, others directly from the front.\" title=\"Group picture of the assistance collective\" srcset=\"https:\/\/www.assistenz-kollektiv.de\/wp-content\/uploads\/Gruppenbild-Assistenz-Kollektiv.webp 1643w, https:\/\/www.assistenz-kollektiv.de\/wp-content\/uploads\/Gruppenbild-Assistenz-Kollektiv-400x400.webp 400w, https:\/\/www.assistenz-kollektiv.de\/wp-content\/uploads\/Gruppenbild-Assistenz-Kollektiv-1200x1198.webp 1200w, https:\/\/www.assistenz-kollektiv.de\/wp-content\/uploads\/Gruppenbild-Assistenz-Kollektiv-768x767.webp 768w, https:\/\/www.assistenz-kollektiv.de\/wp-content\/uploads\/Gruppenbild-Assistenz-Kollektiv-1536x1533.webp 1536w\" sizes=\"auto, (max-width: 1643px) 100vw, 1643px\" \/><\/figure>\n\n<\/div>\n<\/div>\n<\/div>\n<\/div><div class=\"gb-container gb-container-6d3690a9\">\n<div class=\"gb-container gb-container-19226a69\">\n\n<figure class=\"gb-block-image gb-block-image-60c6f63c\"><img decoding=\"async\" class=\"gb-image gb-image-60c6f63c TrennerOben\" src=\"https:\/\/www.assistenz-kollektiv.de\/wp-content\/uploads\/Linie-Weiss-2.svg\" alt=\"\"><\/figure>\n\n\n<div class=\"gb-container gb-container-16eeff24\">\n<div class=\"gb-container gb-container-ae553d13 mitPaddingX\">\n\n<h2 class=\"gb-headline gb-headline-7a7871d9 gb-headline-text tabindex\">We are the<br>Assistenz Kollektiv K\u00f6ln e.V.<\/h2>\n\n<\/div>\n<\/div>\n<\/div>\n\n<div class=\"gb-container gb-container-936e1ffd\">\n\n<figure class=\"gb-block-image gb-block-image-bc8852cc\"><img decoding=\"async\" class=\"gb-image gb-image-bc8852cc TrennerUnten\" src=\"https:\/\/www.assistenz-kollektiv.de\/wp-content\/uploads\/Trenner-Rot-3.svg\" alt=\" \"><\/figure>\n\n<\/div>\n<\/div><div class=\"gb-container gb-container-5c7f21dc\">\n<div class=\"gb-container gb-container-b3e8cc3e mitPaddingX\">\n<div class=\"gb-container gb-container-0bc889cb\">\n\n<h3 class=\"gb-headline gb-headline-0265093f gb-headline-text tabindex\" id=\"Was-ist-das-Kollektiv\">Who are we?<\/h3>\n\n\n\n<p>We are the Assistenz Kollektiv K\u00f6ln e.V., a collective that offers personal assistance and comprehensive advice on all aspects of self-determined living with disabilities. In our community, we are passionate about improving working conditions and overcoming barriers and discrimination. Our motto: Collectivist, solidary, good!  <\/p>\n\n<\/div>\n<\/div>\n<\/div><div class=\"gb-container gb-container-229efac9\">\n<div class=\"gb-container gb-container-d36350cc lineheightone\">\n\n<figure class=\"gb-block-image gb-block-image-10d22772\"><img decoding=\"async\" class=\"gb-image gb-image-10d22772 TrennerOben\" src=\"https:\/\/www.assistenz-kollektiv.de\/wp-content\/uploads\/Linie-Weiss-2.svg\" alt=\"\"><\/figure>\n\n\n<div class=\"gb-container gb-container-cb7583cb\">\n<div class=\"gb-container gb-container-9608daae mitPaddingX\">\n\n<h2 class=\"gb-headline gb-headline-f8993c52 gb-headline-text tabindex\" id=\"Wie-helfen-wir-Assistenznehmenden\">How do we help assistance recipients?<\/h2>\n\n<\/div>\n<\/div>\n\n\n<figure class=\"gb-block-image gb-block-image-87326333\"><img decoding=\"async\" class=\"gb-image gb-image-87326333 TrennerUnten\" src=\"https:\/\/www.assistenz-kollektiv.de\/wp-content\/uploads\/Trenner-Weiss-unten-1-1.svg\" alt=\"\"><\/figure>\n\n<\/div>\n\n<div class=\"gb-container gb-container-c0a5d638\">\n<div class=\"gb-container gb-container-dd3d2ec5 mitPaddingX\">\n<div class=\"gb-container gb-container-448faf77\">\n<div class=\"gb-container gb-container-c029f8f7\">\n\n<p>As the person receiving assistance, you decide how much help you want from us. You are in control of your life &#8211; we support you in this. Our basic conviction is to give you the greatest possible freedom through personal assistance and our support.  <\/p>\n\n\n\n<p>We offer you complete support and advice in all areas of personal assistance. With us, you are not left on your own and at the same time have maximum freedom. You can receive peer-to-peer advice at any time from a team coordinator who has been providing assistance herself for many years.  <\/p>\n\n\n\n<h4 class=\"gb-headline gb-headline-cfb72f52 gb-headline-text\">We advise you on topics such as:<\/h4>\n\n\n\n<ul class=\"wp-block-list\">\n<li>What could life with personal assistance look like?<\/li>\n\n\n\n<li>How is an application submitted?<\/li>\n\n\n\n<li>Who finances the whole thing? Who do I have to address my application to? <\/li>\n\n\n\n<li>How do I find suitable assistants?<\/li>\n\n\n\n<li>How do I organize my life with assistance?<\/li>\n<\/ul>\n\n\n<div class=\"gb-container gb-container-86214e90\">\n\n<a class=\"gb-button gb-button-0ca0d50e ButtonGelb tabindex\" href=\"https:\/\/www.assistenz-kollektiv.de\/wp-content\/uploads\/Assistenz-Kollektiv_Infobroschuere_Persoenliche-Assistenz_Einfache-Sprache_2025.pdf\" target=\"_blank\" rel=\"noopener noreferrer\" aria-label=\"Kontakt per Video-Chat aufnehmen\"><span class=\"gb-button-text\">Personal assistance information brochure<br>in simple language<\/span><span class=\"gb-icon\"><svg aria-hidden=\"true\" role=\"img\" height=\"1em\" width=\"1em\" viewbox=\"0 0 448 512\" xmlns=\"http:\/\/www.w3.org\/2000\/svg\"><path fill=\"currentColor\" d=\"M207.029 381.476L12.686 187.132c-9.373-9.373-9.373-24.569 0-33.941l22.667-22.667c9.357-9.357 24.522-9.375 33.901-.04L224 284.505l154.745-154.021c9.379-9.335 24.544-9.317 33.901.04l22.667 22.667c9.373 9.373 9.373 24.569 0 33.941L240.971 381.476c-9.373 9.372-24.569 9.372-33.942 0z\"><\/path><\/svg><\/span><\/a>\n\n\n\n<a class=\"gb-button gb-button-83881512 ButtonGelb tabindex\" href=\"https:\/\/www.assistenz-kollektiv.de\/wp-content\/uploads\/Assistenz-Kollektiv_Infobroschuere_Persoenliche-Assistenz_Schwere-Sprache_2025.pdf\" target=\"_blank\" rel=\"noopener noreferrer\" aria-label=\"Kontakt per Video-Chat aufnehmen\"><span class=\"gb-button-text\">Personal assistance information brochure<br>in difficult language<\/span><span class=\"gb-icon\"><svg aria-hidden=\"true\" role=\"img\" height=\"1em\" width=\"1em\" viewbox=\"0 0 448 512\" xmlns=\"http:\/\/www.w3.org\/2000\/svg\"><path fill=\"currentColor\" d=\"M207.029 381.476L12.686 187.132c-9.373-9.373-9.373-24.569 0-33.941l22.667-22.667c9.357-9.357 24.522-9.375 33.901-.04L224 284.505l154.745-154.021c9.379-9.335 24.544-9.317 33.901.04l22.667 22.667c9.373 9.373 9.373 24.569 0 33.941L240.971 381.476c-9.373 9.372-24.569 9.372-33.942 0z\"><\/path><\/svg><\/span><\/a>\n\n<\/div>\n<\/div>\n\n<div class=\"gb-container gb-container-a36ae1b2\">\n<div class=\"gb-container gb-container-04258f5f alignwide\">\n\n<figure class=\"gb-block-image gb-block-image-26b0ee95\"><img loading=\"lazy\" decoding=\"async\" width=\"1200\" height=\"1115\" class=\"gb-image gb-image-26b0ee95 image-shadow img\" src=\"https:\/\/www.assistenz-kollektiv.de\/wp-content\/uploads\/\/Thomas-Neuseeland-1200x1115.png\" alt=\"Three people in a collage in front of a magenta background. One person sits in a wheelchair, while the other two stand next to her and touch her kindly on the shoulder. Everyone is smiling, the scene appears warm and connected.\" title=\"Thomas New Zealand\" srcset=\"https:\/\/www.assistenz-kollektiv.de\/wp-content\/uploads\/Thomas-Neuseeland-1200x1115.png 1200w, https:\/\/www.assistenz-kollektiv.de\/wp-content\/uploads\/Thomas-Neuseeland-400x372.png 400w, https:\/\/www.assistenz-kollektiv.de\/wp-content\/uploads\/Thomas-Neuseeland-768x714.png 768w, https:\/\/www.assistenz-kollektiv.de\/wp-content\/uploads\/Thomas-Neuseeland.png 1497w\" sizes=\"auto, (max-width: 1200px) 100vw, 1200px\" \/><\/figure>\n\n<\/div>\n<\/div>\n<\/div>\n\n<div class=\"gb-container gb-container-b9f434d6\">\n\n<h3 class=\"gb-headline gb-headline-bebea2e1 gb-headline-text HeadingPetrol tabindex\" id=\"Unsere-Leistungen-umfassen:\">Our services include:<\/h3>\n\n\n<div class=\"gb-container gb-container-0f6454f8\">\n\n<ul class=\"wp-block-list rounded-list\">\n<li>24-hour assistance and short-term assistance (e.g. 12 hours or 8 hours a day)<\/li>\n\n\n\n<li>A permanently assigned team coordinator who accompanies no more than three teams and therefore always has enough time for your concerns<\/li>\n\n\n\n<li>A 24-hour emergency hotline and a 24-hour replacement team for seamless care<\/li>\n\n\n\n<li>Co-determination in our non-profit association, in which all members have equal voting rights<\/li>\n<\/ul>\n\n<\/div>\n\n<div class=\"gb-container gb-container-025a449e\">\n\n<h4 class=\"gb-headline gb-headline-d833d4e7 gb-headline-text HeadingPetrol tabindex\" id=\"Unsere-Leistungen-umfassen:\">Manage your team of assistants according to your wishes and needs:<\/h4>\n\n\n\n<ul class=\"wp-block-list rounded-list\">\n<li>in communication within your assistance team<\/li>\n\n\n\n<li>in the search for sickness cover<\/li>\n\n\n\n<li>in the creation of duty rosters<\/li>\n<\/ul>\n\n<\/div>\n\n<div class=\"gb-container gb-container-f0173d1b\">\n\n<h4 class=\"gb-headline gb-headline-138d2e0a gb-headline-text HeadingPetrol tabindex\" id=\"Unsere-Leistungen-umfassen:\">Manage your team of assistants according to your wishes and needs:<\/h4>\n\n\n\n<ul class=\"wp-block-list rounded-list\">\n<li>You decide who you want in your team. It&#8217;s your team. <\/li>\n\n\n\n<li>You decide how we should support you in your search<\/li>\n\n\n\n<li>You decide which conversations we should take part in<\/li>\n\n\n\n<li>You can manage your team yourself &#8211; we provide support wherever you need it.<\/li>\n<\/ul>\n\n<\/div>\n<\/div>\n<\/div>\n<\/div>\n<\/div><div class=\"gb-container gb-container-b3bb4b6b\">\n<div class=\"gb-container gb-container-3bdeb1c3 lineheightone\">\n\n<figure class=\"gb-block-image gb-block-image-414e1221\"><img decoding=\"async\" class=\"gb-image gb-image-414e1221 TrennerOben\" src=\"https:\/\/www.assistenz-kollektiv.de\/wp-content\/uploads\/Linie-Weiss-2.svg\" alt=\"\"><\/figure>\n\n\n<div class=\"gb-container gb-container-2831166a\">\n<div class=\"gb-container gb-container-1f174f3a mitPaddingX\">\n\n<h2 class=\"gb-headline gb-headline-6ac0dbb4 gb-headline-text tabindex\" id=\"Was-bieten-wir-Assistenzkr\u00e4ften\">What do we offer assistants?<\/h2>\n\n<\/div>\n<\/div>\n\n\n<figure class=\"gb-block-image gb-block-image-ba15f9d8\"><img decoding=\"async\" class=\"gb-image gb-image-ba15f9d8 TrennerUnten\" src=\"https:\/\/www.assistenz-kollektiv.de\/wp-content\/uploads\/Trenner-Weiss-unten-1-1.svg\" alt=\"\"><\/figure>\n\n<\/div>\n\n<div class=\"gb-container gb-container-ffebcfef\">\n<div class=\"gb-container gb-container-4fab86b7 mitPaddingX\">\n<div class=\"gb-container gb-container-ddf3db1e\">\n<div class=\"gb-container gb-container-4eebed11\">\n<div class=\"gb-container gb-container-db286fcc\">\n\n<p>If you would like to become an assistant or are already one, we offer you a fair and supportive working environment. Our collective was founded by people who are themselves assistance users, assistants or team coordinators. We are convinced that no company owner should take advantage of the money spent on personal assistance.  <\/p>\n\n\n\n<p>We are committed to industrial action in order to create the best possible working conditions for our employees and are therefore in constant negotiations with the cost bearers.\nThe financial resources received are distributed fairly among the employees collectively. <\/p>\n\n\n<div class=\"gb-container gb-container-22c7c931\">\n<div class=\"gb-container gb-container-b1f95b0b\">\n\n<figure class=\"gb-block-image gb-block-image-8be26b87\"><img loading=\"lazy\" decoding=\"async\" width=\"400\" height=\"454\" class=\"gb-image gb-image-8be26b87\" src=\"https:\/\/www.assistenz-kollektiv.de\/wp-content\/uploads\/\/Anna-Lina-Jobrad-400x454.png\" alt=\"A person wearing a helmet is sitting on a large mountain bike. She has long hair that falls over her shoulders and is wearing narrow trousers and boots. The bike has wide tires and appears to be designed for uneven terrain. The picture is illustrated in stencil style. The background is dark red, while the person and the bike are petrol green.\" title=\"Anna Lina Jobrad\" srcset=\"https:\/\/www.assistenz-kollektiv.de\/wp-content\/uploads\/Anna-Lina-Jobrad-400x454.png 400w, https:\/\/www.assistenz-kollektiv.de\/wp-content\/uploads\/Anna-Lina-Jobrad-1058x1200.png 1058w, https:\/\/www.assistenz-kollektiv.de\/wp-content\/uploads\/Anna-Lina-Jobrad-768x871.png 768w, https:\/\/www.assistenz-kollektiv.de\/wp-content\/uploads\/Anna-Lina-Jobrad-1354x1536.png 1354w, https:\/\/www.assistenz-kollektiv.de\/wp-content\/uploads\/Anna-Lina-Jobrad-1805x2048.png 1805w, https:\/\/www.assistenz-kollektiv.de\/wp-content\/uploads\/Anna-Lina-Jobrad-353x400.png 353w\" sizes=\"auto, (max-width: 400px) 100vw, 400px\" \/><\/figure>\n\n\n<div class=\"gb-container gb-container-5fad1854\">\n\n<h3 class=\"gb-headline gb-headline-b65dbd35 gb-headline-text tabindex\">Apply here:<\/h3>\n\n\n\n<h6 class=\"gb-headline gb-headline-7473dc16 gb-headline-text\"><a href=\"mailto:bewerbung@assistenz-kollektiv.de\">bewerbung@assistenz-kollektiv.de<\/a><\/h6>\n\n\n\n<a class=\"gb-button gb-button-efbbffe2 gb-button-text\" href=\"https:\/\/de.indeed.com\/cmp\/Assistenz-Kollektiv-K%C3%B6ln-E.v.\/jobs\" target=\"_blank\" rel=\"noopener noreferrer\">Our vacancies<\/a>\n\n\n\n<a class=\"gb-button gb-button-bb46695a gb-button-text\" href=\"https:\/\/www.assistenz-kollektiv.de\/en\/application-portal\/\">Applicant portal<\/a>\n\n<\/div>\n<\/div>\n<\/div>\n<\/div>\n<\/div>\n\n<div class=\"gb-container gb-container-01876290\">\n<div class=\"gb-container gb-container-06db3279\">\n<div class=\"gb-container gb-container-04e98b0b KastenGelbInnen\">\n\n<h4 class=\"gb-headline gb-headline-91399020 gb-headline-text\">That&#8217;s why we have:<\/h4>\n\n\n\n<ul class=\"wp-block-list\">\n<li>An open-ended employment contract with a four-month probationary period<\/li>\n\n\n\n<li>16.50 \u20ac hourly wage and tax-free night and public holiday bonuses<\/li>\n\n\n\n<li>This means that if you work 24 hours a day, you will receive \u20ac396 gross plus a \u20ac51.15 tax-free night surcharge<\/li>\n\n\n\n<li>30 days vacation<\/li>\n\n\n\n<li>Special payments for short-term sickness cover<\/li>\n\n\n\n<li>Individual training and fixed contact persons<\/li>\n\n\n\n<li>Monthly team meetings for co-determination and flexible working time models<\/li>\n\n\n\n<li>Employment with a team of assistants with a strong team bond<\/li>\n\n\n\n<li>No obligation to stand-in or on-call duties<\/li>\n\n\n\n<li>Supervision and annual team events<\/li>\n<\/ul>\n\n<\/div>\n\n<div class=\"gb-container gb-container-79544ca7 KastenGelbInnen\">\n\n<h4 class=\"gb-headline gb-headline-250380a0 gb-headline-text\">Additional services:<\/h4>\n\n\n\n<ul class=\"wp-block-list\">\n<li>Company pension scheme that we subsidize financially<\/li>\n\n\n\n<li>Subsidization of the Germany ticket with 25\u20ac<\/li>\n\n\n\n<li>Supplementary health insurance<\/li>\n\n\n\n<li>Urban Sports Membership<\/li>\n\n\n\n<li>Job wheel<\/li>\n<\/ul>\n\n<\/div>\n<\/div>\n\n<div class=\"gb-container gb-container-510d23f3\">\n\n<h3 class=\"gb-headline gb-headline-da1fcc0c gb-headline-text tabindex\">VERY IMPORTANT:<\/h3>\n\n\n\n<h6 class=\"gb-headline gb-headline-9871ceff gb-headline-text\">You can join us voluntarily and free of charge at any time and have a say in our offers, salaries and guidelines.<\/h6>\n\n\n\n<a class=\"gb-button gb-button-844c15a6 gb-button-text\" href=\"https:\/\/www.assistenz-kollektiv.de\/en\/become-a-member\/\">Become a member<\/a>\n\n<\/div>\n<\/div>\n<\/div>\n<\/div>\n<\/div>\n<\/div><div class=\"gb-container gb-container-28a6983b\">\n<div class=\"gb-container gb-container-215e635f lineheightone\">\n\n<figure class=\"gb-block-image gb-block-image-55533e6d\"><img decoding=\"async\" class=\"gb-image gb-image-55533e6d TrennerOben\" src=\"https:\/\/www.assistenz-kollektiv.de\/wp-content\/uploads\/Linie-Weiss-2.svg\" alt=\"\"><\/figure>\n\n\n<div class=\"gb-container gb-container-6a3259bc\">\n<div class=\"gb-container gb-container-e6a3c16f mitPaddingX\">\n\n<h2 class=\"gb-headline gb-headline-3ac83641 gb-headline-text tabindex\" id=\"Team\">Team<\/h2>\n\n<\/div>\n<\/div>\n\n\n<figure class=\"gb-block-image gb-block-image-c8883d69\"><img decoding=\"async\" class=\"gb-image gb-image-c8883d69 TrennerUnten\" src=\"https:\/\/www.assistenz-kollektiv.de\/wp-content\/uploads\/Trenner-Weiss-unten-1-1.svg\" alt=\"\"><\/figure>\n\n<\/div>\n\n<div class=\"gb-container gb-container-18033ba2\">\n<div class=\"gb-container gb-container-c29e76f1 mitPaddingX\">\n<div class=\"gb-container gb-container-3701c96c gbp-section\">\n<div class=\"gb-container gb-container-70242d90\">\n\n<h3 class=\"gb-headline gb-headline-cff47e9e gb-headline-text tabindex\" id=\"Teamkoordination\">Team coordination<\/h3>\n\n\n\n<p>We don&#8217;t have an executive floor. Regardless of whether you are an assistant, assistant manager, team coordinator or simply a collectivist &#8211; we all work as equals. If you would like to contact us, we would like to give you a face to the voices that will answer you.<\/p>\n\n\n<div class=\"gb-grid-wrapper gb-grid-wrapper-f18c839a\">\n<div class=\"gb-grid-column gb-grid-column-6a5d42be\"><div class=\"gb-container gb-container-6a5d42be\">\n\n<figure class=\"gb-block-image gb-block-image-2a743272\"><img loading=\"lazy\" decoding=\"async\" width=\"400\" height=\"400\" class=\"gb-image gb-image-2a743272\" src=\"https:\/\/www.assistenz-kollektiv.de\/wp-content\/uploads\/\/Marco-2-400x400.png\" alt=\"Picture from Marco\" title=\"Marco\"><\/figure>\n\n\n\n<h4 class=\"gb-headline gb-headline-219a6739 gb-headline-text\">Marco<\/h4>\n\n\n\n<div class=\"gb-headline gb-headline-646a264c gb-headline-text\"><a href=\"mailto:m.zink@assistenz-kollektiv.de\">m.zink@assistenz-kollektiv.de<\/a><\/div>\n\n<\/div><\/div>\n\n<div class=\"gb-grid-column gb-grid-column-4f38ac0d\"><div class=\"gb-container gb-container-4f38ac0d\">\n\n<figure class=\"gb-block-image gb-block-image-1efb1b13\"><img decoding=\"async\" class=\"gb-image gb-image-1efb1b13\" src=\"https:\/\/www.assistenz-kollektiv.de\/wp-content\/uploads\/\/Thomas-blau-200x200.png\" alt=\"A man with glasses and a full beard is smiling. The background is dark red, while his shirt is petrol green. The portrait is illustrated in stencil style, which gives it an artistic character.\" title=\"Portrait picture Thomas\"><\/figure>\n\n\n\n<h4 class=\"gb-headline gb-headline-d281a5de gb-headline-text\">Thomas<\/h4>\n\n\n\n<div class=\"gb-headline gb-headline-0c4b167c gb-headline-text\"><a href=\"mailto:t.schmitz@assistenz-kollektiv.de\">t.schmitz@assistenz-kollektiv.de<\/a><\/div>\n\n<\/div><\/div>\n\n<div class=\"gb-grid-column gb-grid-column-368966b4\"><div class=\"gb-container gb-container-368966b4\">\n\n<figure class=\"gb-block-image gb-block-image-5f9b3149\"><img decoding=\"async\" class=\"gb-image gb-image-5f9b3149\" src=\"https:\/\/www.assistenz-kollektiv.de\/wp-content\/uploads\/\/Marion-blau-200x200.png\" alt=\"A woman with her hair tied up smiles at the camera. She is wearing a top with a round collar. The picture is illustrated in stencil style. The background is dark red and the woman is depicted in petrol green, which gives the image an artistic, stylized look.\" title=\"Portrait picture Marion\"><\/figure>\n\n\n\n<h4 class=\"gb-headline gb-headline-3dd8383a gb-headline-text\">Marion<\/h4>\n\n\n\n<div class=\"gb-headline gb-headline-1fdcfd5f gb-headline-text\"><a href=\"mailto:m.hens@assistenz-kollektiv.de\">m.hens@assistenz-kollektiv.de<\/a><\/div>\n\n<\/div><\/div>\n\n<div class=\"gb-grid-column gb-grid-column-5d1e4b33\"><div class=\"gb-container gb-container-5d1e4b33\">\n\n<figure class=\"gb-block-image gb-block-image-4e50f833\"><img decoding=\"async\" class=\"gb-image gb-image-4e50f833\" src=\"https:\/\/www.assistenz-kollektiv.de\/wp-content\/uploads\/\/Mike-blau-200x200.png\" alt=\"The picture shows a person with medium-length, loosely falling hair, looking slightly to the side and smiling. The portrait is illustrated in stencil style. The person is depicted in petrol green against a dark red background.\" title=\"Portrait picture Maik\"><\/figure>\n\n\n\n<h4 class=\"gb-headline gb-headline-7161cd5a gb-headline-text\">Mike<\/h4>\n\n\n\n<div class=\"gb-headline gb-headline-1fbe375c gb-headline-text\"><a href=\"mailto:spundflasche@assistenz-kollektiv.de\">spundflasche@assistenz-kollektiv.de<\/a><\/div>\n\n<\/div><\/div>\n\n<div class=\"gb-grid-column gb-grid-column-3385bc3a\"><div class=\"gb-container gb-container-3385bc3a\">\n\n<figure class=\"gb-block-image gb-block-image-73064fdf\"><img decoding=\"async\" class=\"gb-image gb-image-73064fdf\" src=\"https:\/\/www.assistenz-kollektiv.de\/wp-content\/uploads\/\/Tina-blau-200x200.png\" alt=\"A stencil-style illustration of a person in a sideways portrait, looking to the right. The picture is designed in three colors: The person's skin is in a light beige tone, the hair and clothing in a petrol green tone, and the background in a rich dark red. The person has short to medium-length hair and is holding their hands in front of them as if they have placed them on a table.\" title=\"Portrait picture Tina\"><\/figure>\n\n\n\n<h4 class=\"gb-headline gb-headline-07cf5f7c gb-headline-text\">Christina<\/h4>\n\n\n\n<div class=\"gb-headline gb-headline-0aca115c gb-headline-text\"><a href=\"mailto:c.zajber@assistenz-kollektiv.de\">c.zajber@assistenz-kollektiv.de<\/a><\/div>\n\n<\/div><\/div>\n\n<div class=\"gb-grid-column gb-grid-column-f6d965a7\"><div class=\"gb-container gb-container-f6d965a7\">\n\n<figure class=\"gb-block-image gb-block-image-86f51bbd\"><img decoding=\"async\" class=\"gb-image gb-image-86f51bbd\" src=\"https:\/\/www.assistenz-kollektiv.de\/wp-content\/uploads\/\/David-200x200.png\" alt=\"A stencil-style illustration of a man smiling and looking directly into the camera. The image uses three main colors: his skin is a light shade of beige, the clothing and cap are a petrol green, and the background is a rich dark red. The man has a beard and is wearing a dark cap.\" title=\"Portrait picture David\"><\/figure>\n\n\n\n<h4 class=\"gb-headline gb-headline-173ca727 gb-headline-text\">David<\/h4>\n\n\n\n<div class=\"gb-headline gb-headline-3c350534 gb-headline-text\"><a href=\"mailto:d.schmitt@assistenz-kollektiv.de\">d.schmitt@assistenz-kollektiv.de<\/a><\/div>\n\n<\/div><\/div>\n\n<div class=\"gb-grid-column gb-grid-column-22e3b147\"><div class=\"gb-container gb-container-22e3b147\">\n\n<figure class=\"gb-block-image gb-block-image-f78186c9\"><img loading=\"lazy\" decoding=\"async\" width=\"400\" height=\"400\" class=\"gb-image gb-image-f78186c9\" src=\"https:\/\/www.assistenz-kollektiv.de\/wp-content\/uploads\/\/Michele-400x400.png\" alt=\"Picture from Michele\" title=\"Michele\"><\/figure>\n\n\n\n<h4 class=\"gb-headline gb-headline-af604968 gb-headline-text\">Michele<\/h4>\n\n\n\n<div class=\"gb-headline gb-headline-8fd982db gb-headline-text\"><a href=\"mailto:m.grifone@assistenz-kollektiv.de\">m.grifone@assistenz-kollektiv.de<\/a><\/div>\n\n<\/div><\/div>\n<\/div>\n<\/div>\n<\/div>\n\n<div class=\"gb-container gb-container-ce71417d gbp-section\">\n<div class=\"gb-container gb-container-41b4ac22\">\n\n<h3 class=\"gb-headline gb-headline-e9cc4835 gb-headline-text tabindex\" id=\"Teamkoordination\">Public relations and networking:<\/h3>\n\n\n<div class=\"gb-grid-wrapper gb-grid-wrapper-87ba320a\">\n<div class=\"gb-grid-column gb-grid-column-0b6b18b6\"><div class=\"gb-container gb-container-0b6b18b6\">\n\n<figure class=\"gb-block-image gb-block-image-4ad397ae\"><img loading=\"lazy\" decoding=\"async\" width=\"400\" height=\"400\" class=\"gb-image gb-image-4ad397ae\" src=\"https:\/\/www.assistenz-kollektiv.de\/wp-content\/uploads\/\/Esra-400x400.png\" alt=\"Picture of Esra\" title=\"Ezra\"><\/figure>\n\n\n\n<h4 class=\"gb-headline gb-headline-9fd73ee9 gb-headline-text\">Ezra<\/h4>\n\n\n\n<div class=\"gb-headline gb-headline-b9733f1e gb-headline-text\"><a href=\"mailto:e.kalkan@assistenz-kollektiv.de\">e.kalkan@assistenz-kollektiv.de<\/a><\/div>\n\n<\/div><\/div>\n\n<div class=\"gb-grid-column gb-grid-column-c244018f\"><div class=\"gb-container gb-container-c244018f\">\n\n<figure class=\"gb-block-image gb-block-image-0e83a92a\"><img decoding=\"async\" class=\"gb-image gb-image-0e83a92a\" src=\"https:\/\/www.assistenz-kollektiv.de\/wp-content\/uploads\/\/Louis-blau-200x200.png\" alt=\"One person is smiling at the camera and has his hands on his hips. He is wearing a sweater. The expression is friendly and relaxed. The portrait is illustrated in stencil style, with the person in petrol green against a dark red background.\" title=\"Portrait picture Louis\"><\/figure>\n\n\n\n<h4 class=\"gb-headline gb-headline-76385f1c gb-headline-text\">Louis<\/h4>\n\n\n\n<div class=\"gb-headline gb-headline-7dd89fb1 gb-headline-text\"><a href=\"mailto:l.fehling@assistenz-kollektiv.de\">l.fehling@assistenz-kollektiv.de<\/a><\/div>\n\n<\/div><\/div>\n<\/div>\n<\/div>\n<\/div>\n\n<div class=\"gb-container gb-container-94eee5fc gbp-section\">\n<div class=\"gb-container gb-container-c8251544\">\n\n<h3 class=\"gb-headline gb-headline-61614cbd gb-headline-text tabindex\" id=\"Teamkoordination\">Consulting:<\/h3>\n\n\n<div class=\"gb-grid-wrapper gb-grid-wrapper-d15b4b93\">\n<div class=\"gb-grid-column gb-grid-column-c3b59b97\"><div class=\"gb-container gb-container-c3b59b97\">\n\n<figure class=\"gb-block-image gb-block-image-e4679301\"><img loading=\"lazy\" decoding=\"async\" width=\"400\" height=\"400\" class=\"gb-image gb-image-e4679301\" src=\"https:\/\/www.assistenz-kollektiv.de\/wp-content\/uploads\/\/Eva-400x400.png\" alt=\"Eva\" title=\"Eva\"><\/figure>\n\n\n\n<h4 class=\"gb-headline gb-headline-f7d2206e gb-headline-text\">Eva<\/h4>\n\n\n\n<div class=\"gb-headline gb-headline-b9151667 gb-headline-text\"><a href=\"mailto:e.nowara@assistenz-kollektiv.de\">e.nowara@assistenz-kollektiv.de<\/a><\/div>\n\n<\/div><\/div>\n<\/div>\n<\/div>\n<\/div>\n\n<div class=\"gb-container gb-container-6d931d45 gbp-section\">\n<div class=\"gb-container gb-container-755f96b8\">\n\n<h3 class=\"gb-headline gb-headline-97852811 gb-headline-text tabindex\" id=\"Teamkoordination\">Accounting:<\/h3>\n\n\n<div class=\"gb-grid-wrapper gb-grid-wrapper-ecb5069a\">\n<div class=\"gb-grid-column gb-grid-column-e120d1cb\"><div class=\"gb-container gb-container-e120d1cb\">\n\n<figure class=\"gb-block-image gb-block-image-d0490c22\"><img decoding=\"async\" class=\"gb-image gb-image-d0490c22\" src=\"https:\/\/www.assistenz-kollektiv.de\/wp-content\/uploads\/\/Figen-blau-200x200.png\" alt=\"A person with short hair looks head-on into the camera. She is wearing a top with a collar and has her arms crossed loosely in front of her body. The expression is calm and self-confident. The picture is illustrated in a stencil style, with the person shown in petrol green against a dark red background.\" title=\"Portrait picture Figen\"><\/figure>\n\n\n\n<h4 class=\"gb-headline gb-headline-750a27a1 gb-headline-text\">Figen<\/h4>\n\n\n\n<div class=\"gb-headline gb-headline-149baec4 gb-headline-text\"><a href=\"mailto:f.sariates-lerch@assistenz-kollektiv.de\">f.sariates-lerch@assistenz-kollektiv.de<\/a><\/div>\n\n<\/div><\/div>\n<\/div>\n<\/div>\n<\/div>\n\n<div class=\"gb-container gb-container-f5e274ef gbp-section\">\n<div class=\"gb-container gb-container-ab92697d\">\n\n<h3 class=\"gb-headline gb-headline-afe0a385 gb-headline-text tabindex\" id=\"Teamkoordination\">Supervision:<\/h3>\n\n\n<div class=\"gb-grid-wrapper gb-grid-wrapper-5b99b518\">\n<div class=\"gb-grid-column gb-grid-column-ac714cb6\"><div class=\"gb-container gb-container-ac714cb6\">\n\n<figure class=\"gb-block-image gb-block-image-8879e9e1\"><img loading=\"lazy\" decoding=\"async\" width=\"400\" height=\"400\" class=\"gb-image gb-image-8879e9e1\" src=\"https:\/\/www.assistenz-kollektiv.de\/wp-content\/uploads\/\/Bianca-400x400.png\" alt=\"Picture of Bianca\" title=\"Bianca\"><\/figure>\n\n\n\n<h4 class=\"gb-headline gb-headline-5ad9ee73 gb-headline-text\">Bianca<\/h4>\n\n\n\n<div class=\"gb-headline gb-headline-8c449caa gb-headline-text\"><a href=\"mailto:b.wippich-hoek@assistenz-kollektiv.de\">b.wippich-hoek@assistenz-kollektiv.de<\/a><\/div>\n\n<\/div><\/div>\n<\/div>\n<\/div>\n<\/div>\n<\/div>\n<\/div>\n<\/div><div class=\"gb-container gb-container-883d690a\">\n<div class=\"gb-container gb-container-5a8b8577 lineheightone\">\n\n<figure class=\"gb-block-image gb-block-image-cc221460\"><img decoding=\"async\" class=\"gb-image gb-image-cc221460 TrennerOben\" src=\"https:\/\/www.assistenz-kollektiv.de\/wp-content\/uploads\/Linie-Weiss-2.svg\" alt=\"\"><\/figure>\n\n\n<div class=\"gb-container gb-container-b2d26e28\">\n<div class=\"gb-container gb-container-05c93483 mitPaddingX\">\n\n<h2 class=\"gb-headline gb-headline-db8fadc2 gb-headline-text tabindex\" id=\"Beratungsdienst\">Advisory service<\/h2>\n\n<\/div>\n<\/div>\n\n\n<figure class=\"gb-block-image gb-block-image-221f841f\"><img decoding=\"async\" class=\"gb-image gb-image-221f841f TrennerUnten\" src=\"https:\/\/www.assistenz-kollektiv.de\/wp-content\/uploads\/Trenner-Weiss-unten-1-1.svg\" alt=\"\"><\/figure>\n\n<\/div>\n\n<div class=\"gb-container gb-container-433ab304\">\n<div class=\"gb-container gb-container-3ca49d5c mitPaddingX\">\n<div class=\"gb-container gb-container-edd023b4\">\n\n<p>We offer peer-to-peer advice. You will reach a team coordinator who has been using personal assistance for many years.  Please understand that we DO NOT ACCEPT APPLICATIONS via the video portal. Please use the e-mail address bewerbung@assistenz-kollektiv.de for applications. <\/p>\n\n\n\n<p>Use the calendar below to book an appointment for a personal consultation with us via video conference.<\/p>\n\n\n<div class=\"gb-container gb-container-91d822cd\">\n <div class=\"brlbs-cmpnt-container brlbs-cmpnt-content-blocker brlbs-cmpnt-with-individual-styles\" data-borlabs-cookie-content-blocker-id=\"zoom\" data-borlabs-cookie-content=\"PC9wPgoKCgogPGRpdiBjbGFzcz0iYnJsYnMtY21wbnQtY29udGFpbmVyIGJybGJzLWNtcG50LWNvbnRlbnQtYmxvY2tlciBicmxicy1jbXBudC13aXRoLWluZGl2aWR1YWwtc3R5bGVzIiBkYXRhLWJvcmxhYnMtY29va2llLWNvbnRlbnQtYmxvY2tlci1pZD0iZGVmYXVsdCIgZGF0YS1ib3JsYWJzLWNvb2tpZS1jb250ZW50PSJQR2xtY21GdFpTQnpjbU05SW1oMGRIQnpPaTh2YzJOb1pXUjFiR1Z5TG5wdmIyMHVkWE12WVhOemFYTjBaVzU2TFd0dmJHeGxhM1JwZGk5MmFXUmxieTFpWlhKaGRIVnVaejlsYldKbFpGTjBlV3hsUFNVM1FpVXlNbUoxZEhSdmJrTnZiRzl5SlRJeUpUTkJKVEl5SlRJellUZ3hORFJoSlRJeUpUZEVKbVZ0WW1Wa1BYUnlkV1VpSUdaeVlXMWxZbTl5WkdWeVBTSXdJaUJ6ZEhsc1pUMGlkMmxrZEdnNklERXdNQ1U3SUdobGFXZG9kRG9nTnpJd2NIZzdJajQ4TDJsbWNtRnRaVDQ9Ij48ZGl2IGNsYXNzPSJicmxicy1jbXBudC1jYi1wcmVzZXQtYSI+IDxwIGNsYXNzPSJicmxicy1jbXBudC1jYi1kZXNjcmlwdGlvbiI+WW91IGFyZSBjdXJyZW50bHkgdmlld2luZyBhIHBsYWNlaG9sZGVyIGNvbnRlbnQgZnJvbSA8c3Ryb25nPkRlZmF1bHQ8L3N0cm9uZz4uIFRvIGFjY2VzcyB0aGUgYWN0dWFsIGNvbnRlbnQsIGNsaWNrIHRoZSBidXR0b24gYmVsb3cuIFBsZWFzZSBub3RlIHRoYXQgZG9pbmcgc28gd2lsbCBzaGFyZSBkYXRhIHdpdGggdGhpcmQtcGFydHkgcHJvdmlkZXJzLjwvcD4gPGRpdiBjbGFzcz0iYnJsYnMtY21wbnQtY2ItYnV0dG9ucyI+IDxhIGNsYXNzPSJicmxicy1jbXBudC1jYi1idG4iIGhyZWY9IiMiIGRhdGEtYm9ybGFicy1jb29raWUtdW5ibG9jayByb2xlPSJidXR0b24iPlVuYmxvY2sgY29udGVudDwvYT4gPGEgY2xhc3M9ImJybGJzLWNtcG50LWNiLWJ0biIgaHJlZj0iIyIgZGF0YS1ib3JsYWJzLWNvb2tpZS1hY2NlcHQtc2VydmljZSByb2xlPSJidXR0b24iIHN0eWxlPSJkaXNwbGF5OiBub25lIj5BY2NlcHQgcmVxdWlyZWQgc2VydmljZSBhbmQgdW5ibG9jayBjb250ZW50PC9hPiA8L2Rpdj4gPGEgY2xhc3M9ImJybGJzLWNtcG50LWNiLXByb3ZpZGVyLXRvZ2dsZSIgaHJlZj0iIyIgZGF0YS1ib3JsYWJzLWNvb2tpZS1zaG93LXByb3ZpZGVyLWluZm9ybWF0aW9uIHJvbGU9ImJ1dHRvbiI+TW9yZSBJbmZvcm1hdGlvbjwvYT4gPC9kaXY+PC9kaXY+CgoKPHA+\"><div class=\"brlbs-cmpnt-cb-preset-a\"> <p class=\"brlbs-cmpnt-cb-description\">You are currently seeing a placeholder content of <strong>Zoom<\/strong>. To access the actual content, click on the button below. Please note that data will be passed on to third-party providers.<\/p> <div class=\"brlbs-cmpnt-cb-buttons\"> <a class=\"brlbs-cmpnt-cb-btn\" href=\"#\" data-borlabs-cookie-unblock role=\"button\">Unlock content<\/a> <a class=\"brlbs-cmpnt-cb-btn\" href=\"#\" data-borlabs-cookie-accept-service role=\"button\" style=\"display: inherit\">Accept required service and unblock content<\/a> <\/div> <a class=\"brlbs-cmpnt-cb-provider-toggle\" href=\"#\" data-borlabs-cookie-show-provider-information role=\"button\">Further information<\/a> <\/div><\/div>\n\n<\/div>\n<\/div>\n\n<div class=\"gb-container gb-container-432b6fbc\">\n<div class=\"gb-container gb-container-b659ed67\">\n<div class=\"gb-container gb-container-2beabeda\">\n\n<h4 class=\"gb-headline gb-headline-1789c0d4 gb-headline-text\">We can help you with questions about:<\/h4>\n\n\n\n<ul class=\"wp-block-list\">\n<li>Living with assistance: Find out what everyday life with personal assistance can look like.<\/li>\n\n\n\n<li>Application: Step-by-step guide to applying for assistance.<\/li>\n\n\n\n<li>Funding: Information on funding options and application offices.<\/li>\n\n\n\n<li>Finding assistants: Tips for finding and selecting suitable assistants.<\/li>\n\n\n\n<li>Organization: Support in organizing your everyday life with assistance.<\/li>\n<\/ul>\n\n<\/div>\n<\/div>\n\n<div class=\"gb-container gb-container-127c4b78\">\n<div class=\"gb-container gb-container-5a850252\">\n\n<h2 class=\"gb-headline gb-headline-30119074\"><span class=\"gb-icon\"><svg xmlns=\"http:\/\/www.w3.org\/2000\/svg\" aria-hidden=\"true\" role=\"img\" height=\"1em\" width=\"1em\" viewbox=\"0 0 448 512\"><path fill=\"currentColor\" d=\"M148 288h-40c-6.6 0-12-5.4-12-12v-40c0-6.6 5.4-12 12-12h40c6.6 0 12 5.4 12 12v40c0 6.6-5.4 12-12 12zm108-12v-40c0-6.6-5.4-12-12-12h-40c-6.6 0-12 5.4-12 12v40c0 6.6 5.4 12 12 12h40c6.6 0 12-5.4 12-12zm96 0v-40c0-6.6-5.4-12-12-12h-40c-6.6 0-12 5.4-12 12v40c0 6.6 5.4 12 12 12h40c6.6 0 12-5.4 12-12zm-96 96v-40c0-6.6-5.4-12-12-12h-40c-6.6 0-12 5.4-12 12v40c0 6.6 5.4 12 12 12h40c6.6 0 12-5.4 12-12zm-96 0v-40c0-6.6-5.4-12-12-12h-40c-6.6 0-12 5.4-12 12v40c0 6.6 5.4 12 12 12h40c6.6 0 12-5.4 12-12zm192 0v-40c0-6.6-5.4-12-12-12h-40c-6.6 0-12 5.4-12 12v40c0 6.6 5.4 12 12 12h40c6.6 0 12-5.4 12-12zm96-260v352c0 26.5-21.5 48-48 48H48c-26.5 0-48-21.5-48-48V112c0-26.5 21.5-48 48-48h48V12c0-6.6 5.4-12 12-12h40c6.6 0 12 5.4 12 12v52h128V12c0-6.6 5.4-12 12-12h40c6.6 0 12 5.4 12 12v52h48c26.5 0 48 21.5 48 48zm-48 346V160H48v298c0 3.3 2.7 6 6 6h340c3.3 0 6-2.7 6-6z\"><\/path><\/svg><\/span><span class=\"gb-headline-text\">Are you looking for advice?<\/span><\/h2>\n\n\n<div class=\"gb-container gb-container-7d0b6237\">\n\n<h4 class=\"gb-headline gb-headline-f98329fc gb-headline-text\"><br>Contact us by e-mail at:<\/h4>\n\n\n\n<a class=\"gb-button gb-button-15df7b02 ButtonGelb\" href=\"mailto:beratung@assistenz-kollektiv.de\" aria-label=\"Kontakt per E-Mail kontakt@assistenz-kollektiv.de aufnehmen\"><span class=\"gb-icon\"><svg xmlns=\"http:\/\/www.w3.org\/2000\/svg\" aria-hidden=\"true\" role=\"img\" height=\"1em\" width=\"1em\" viewbox=\"0 0 512 512\"><path fill=\"currentColor\" d=\"M464 64H48C21.49 64 0 85.49 0 112v288c0 26.51 21.49 48 48 48h416c26.51 0 48-21.49 48-48V112c0-26.51-21.49-48-48-48zm0 48v40.805c-22.422 18.259-58.168 46.651-134.587 106.49-16.841 13.247-50.201 45.072-73.413 44.701-23.208.375-56.579-31.459-73.413-44.701C106.18 199.465 70.425 171.067 48 152.805V112h416zM48 400V214.398c22.914 18.251 55.409 43.862 104.938 82.646 21.857 17.205 60.134 55.186 103.062 54.955 42.717.231 80.509-37.199 103.053-54.947 49.528-38.783 82.032-64.401 104.947-82.653V400H48z\"><\/path><\/svg><\/span><span class=\"gb-button-text\">beratung@assistenz-kollektiv.de<\/span><\/a>\n\n\n\n<h4 class=\"gb-headline gb-headline-724276e5 gb-headline-text\">Or simply give us a call to arrange an appointment!  <\/h4>\n\n\n\n<h2 class=\"gb-headline gb-headline-310067ef gb-headline-text\">Our office hours are  <\/h2>\n\n\n\n<p style=\"font-size:17px;font-style:normal;font-weight:700\">Mondays &#8211; Thursdays 11:00 &#8211; 15:00 Fridays 11:00 &#8211; 14:00<\/p>\n\n\n\n<a class=\"gb-button gb-button-64226160 ButtonGelb\" href=\"tel:022334606727\" aria-label=\"Kontakt per Telefon 02233 4606729 aufnehmen\"><span class=\"gb-icon\"><svg xmlns=\"http:\/\/www.w3.org\/2000\/svg\" aria-hidden=\"true\" role=\"img\" height=\"1em\" width=\"1em\" viewbox=\"0 0 512 512\"><path fill=\"currentColor\" d=\"M493.4 24.6l-104-24c-11.3-2.6-22.9 3.3-27.5 13.9l-48 112c-4.2 9.8-1.4 21.3 6.9 28l60.6 49.6c-36 76.7-98.9 140.5-177.2 177.2l-49.6-60.6c-6.8-8.3-18.2-11.1-28-6.9l-112 48C3.9 366.5-2 378.1.6 389.4l24 104C27.1 504.2 36.7 512 48 512c256.1 0 464-207.5 464-464 0-11.2-7.7-20.9-18.6-23.4z\"><\/path><\/svg><\/span><span class=\"gb-button-text\">02233 4606727<\/span><\/a>\n\n<\/div>\n<\/div>\n<\/div>\n<\/div>\n<\/div>\n<\/div>\n<\/div><div class=\"gb-container gb-container-2ef6096f\">\n<div class=\"gb-container gb-container-c9a475fe lineheightone\">\n\n<figure class=\"gb-block-image gb-block-image-451b29c2\"><img decoding=\"async\" class=\"gb-image gb-image-451b29c2 TrennerOben\" src=\"https:\/\/www.assistenz-kollektiv.de\/wp-content\/uploads\/Linie-Weiss-2.svg\" alt=\"\"><\/figure>\n\n\n<div class=\"gb-container gb-container-f23d1f46\">\n<div class=\"gb-container gb-container-3ff20bb6 mitPaddingX\">\n\n<h2 class=\"gb-headline gb-headline-1f2f330c gb-headline-text tabindex\" id=\"Was-ist-Pers\u00f6nliche-Assistenz\">What is personal assistance?<\/h2>\n\n<\/div>\n<\/div>\n\n\n<figure class=\"gb-block-image gb-block-image-dce4a297\"><img decoding=\"async\" class=\"gb-image gb-image-dce4a297 TrennerUnten\" src=\"https:\/\/www.assistenz-kollektiv.de\/wp-content\/uploads\/Trenner-Weiss-unten-1-1.svg\" alt=\"\"><\/figure>\n\n<\/div>\n\n<div class=\"gb-container gb-container-78a3f41a\">\n<div class=\"gb-container gb-container-6cf106eb mitPaddingX\">\n<div class=\"gb-container gb-container-88667d9e\">\n\n<p>Personal assistance is individual support that enables people with disabilities to lead a self-determined and independent life.<\/p>\n\n\n\n<p>It enables people with disabilities to realize their individual wishes and needs.<\/p>\n\n\n\n<p>It is particularly important that the people concerned have control over their assistance. They decide for themselves who provides support and when and how it is provided. This enables those affected to break out of the segregating system, such as inpatient facilities and care homes.  <\/p>\n\n\n\n<p>Personal assistance promotes autonomy, self-confidence and quality of life, and makes a significant contribution to inclusion and equality in society.<\/p>\n\n<\/div>\n\n<div class=\"gb-container gb-container-dac43cb6\">\n\n<h3 class=\"gb-headline gb-headline-f078d469 gb-headline-text HeadingPetrol tabindex\">Personal assistance includes support services<br>in various<br>areas such as<\/h3>\n\n\n<div class=\"gb-container gb-container-f2037c25\">\n\n<ul class=\"wp-block-list rounded-list\">\n<li>Household<\/li>\n\n\n\n<li>Body care<\/li>\n\n\n\n<li>Mobility<\/li>\n\n\n\n<li>Communication<\/li>\n\n\n\n<li>Leisure activities<\/li>\n<\/ul>\n\n<\/div>\n<\/div>\n<\/div>\n<\/div>\n<\/div><div class=\"gb-container gb-container-01ae47d6\">\n<div class=\"gb-container gb-container-478438ea lineheightone\">\n\n<figure class=\"gb-block-image gb-block-image-09feaf1a\"><img decoding=\"async\" class=\"gb-image gb-image-09feaf1a TrennerOben\" src=\"https:\/\/www.assistenz-kollektiv.de\/wp-content\/uploads\/Linie-Weiss-2.svg\" alt=\"\"><\/figure>\n\n\n<div class=\"gb-container gb-container-5f1af12d\">\n<div class=\"gb-container gb-container-bfc822e5 mitPaddingX\">\n\n<h2 class=\"gb-headline gb-headline-c5c60a28 gb-headline-text tabindex\" id=\"Was-ist-Pers\u00f6nliches-Budget\">What is a personal budget?<\/h2>\n\n<\/div>\n<\/div>\n\n\n<figure class=\"gb-block-image gb-block-image-22bb3e59\"><img decoding=\"async\" class=\"gb-image gb-image-22bb3e59 TrennerUnten\" src=\"https:\/\/www.assistenz-kollektiv.de\/wp-content\/uploads\/Trenner-Weiss-unten-1-1.svg\" alt=\"\"><\/figure>\n\n<\/div>\n\n<div class=\"gb-container gb-container-a086ceac\">\n<div class=\"gb-container gb-container-90a5aa77 mitPaddingX\">\n<div class=\"gb-container gb-container-b5a40cbd\">\n<div class=\"gb-container gb-container-615cd264\">\n<div class=\"gb-container gb-container-68bd19b1\">\n\n<p>The personal budget is financial support for people with disabilities that enables them to organize necessary assistance such as assistance services in a self-determined manner.<\/p>\n\n\n\n<p>It promotes independent living and enables people to pursue a profession and participate in individual leisure activities.<\/p>\n\n<\/div>\n\n<div class=\"gb-container gb-container-54342d6e\">\n\n<p>Assistance recipients can choose whether they would like to receive the money as a personal budget or as a benefit in kind, whereby in the first case they can take over the administration themselves or have it handled by service providers. If the benefit in kind is chosen, the assistance is always handled by a service provider. <\/p>\n\n<\/div>\n<\/div>\n<\/div>\n\n<div class=\"gb-container gb-container-ec280a7f\">\n\n<figure class=\"wp-block-image size-large\"><a href=\"https:\/\/www.assistenz-kollektiv.de\/wp-content\/uploads\/Schaubild-Geld.png\"><img decoding=\"async\" src=\"https:\/\/www.assistenz-kollektiv.de\/wp-content\/uploads\/\/Schaubild-Geld-Englisch-1-1200x675.png\" alt=\"A chart on a petrol-colored background with yellow lettering that contains arrows indicating the direction of the flow of money. It shows the flow of money and services in the context of personal assistance for assistance recipients. &#10;  - Cost bearers (e.g. Landschaftsverband Rheinland or health insurance company) provide a personal budget or the so-called benefit in kind on a monthly basis.&#10;  - The personal budget goes to the assistance recipients (people with physical, mental or psychological disabilities).&#10;  - Assistance recipients can either pass the personal budget on to service providers (e.g. Assistenz Kollektiv K&#xF6;ln e.V.) or use it in the employer model.&#10;  - In the employer model, assistance recipients are the employers for their assistants and take on tasks such as job applications, employment contracts and salary payments.&#10;  - The benefit in kind, on the other hand, is transferred directly to a service provider (e.g. Assistenz Kollektiv K&#xF6;ln) on behalf of the assistance recipient on a monthly basis\" class=\"wp-image-6137\"\/><\/a><\/figure>\n\n<\/div>\n<\/div>\n<\/div>\n<\/div><div class=\"gb-container gb-container-9e983745\">\n<div class=\"gb-container gb-container-ea038bd1 lineheightone\">\n\n<figure class=\"gb-block-image gb-block-image-74d27d7e\"><img decoding=\"async\" class=\"gb-image gb-image-74d27d7e TrennerOben\" src=\"https:\/\/www.assistenz-kollektiv.de\/wp-content\/uploads\/Linie-Weiss-2.svg\" alt=\"\"><\/figure>\n\n\n<div class=\"gb-container gb-container-1f8492f0\">\n<div class=\"gb-container gb-container-8511476e mitPaddingX\">\n\n<h2 class=\"gb-headline gb-headline-76ebb2f8 gb-headline-text tabindex\" id=\"Wer-ist-der-Kostentr\u00e4ger\">Who is the benefactor?<\/h2>\n\n<\/div>\n<\/div>\n\n\n<figure class=\"gb-block-image gb-block-image-218da5ba\"><img decoding=\"async\" class=\"gb-image gb-image-218da5ba TrennerUnten\" src=\"https:\/\/www.assistenz-kollektiv.de\/wp-content\/uploads\/Trenner-Weiss-unten-1-1.svg\" alt=\"\"><\/figure>\n\n<\/div>\n\n<div class=\"gb-container gb-container-8b814d61\">\n<div class=\"gb-container gb-container-7360ff8c mitPaddingX\">\n<div class=\"gb-container gb-container-3d9f4f91\">\n\n<p>Who pays the costs depends on the place of residence and the cause of the impairment. Within NRW, this is usually the supra-regional social welfare office, the <a href=\"https:\/\/www.lvr.de\" target=\"_blank\" rel=\"noreferrer noopener\">Landschaftsverband Rheinland (LVR)<\/a> or the <a href=\"https:\/\/serviceportal.lwl.org\/\" target=\"_blank\" rel=\"noreferrer noopener\">Landschaftsverband Westfalen-Lippe (LWL).<\/a>  Outside NRW, the competent social welfare office of the place of residence is responsible.<\/p>\n\n\n\n<p>We will be happy to advise you on any questions you may have about applying for assistance.<\/p>\n\n<\/div>\n<\/div>\n<\/div>\n<\/div><div class=\"gb-container gb-container-92f39f38\">\n<div class=\"gb-container gb-container-4a1b1262 lineheightone\">\n\n<figure class=\"gb-block-image gb-block-image-0b7bd437\"><img decoding=\"async\" class=\"gb-image gb-image-0b7bd437 TrennerOben\" src=\"https:\/\/www.assistenz-kollektiv.de\/wp-content\/uploads\/Linie-Weiss-2.svg\" alt=\"\"><\/figure>\n\n\n<div class=\"gb-container gb-container-f478dcb7\">\n<div class=\"gb-container gb-container-cfc6d5bb mitPaddingX\">\n\n<h2 class=\"gb-headline gb-headline-c1c62906 gb-headline-text tabindex\" id=\"Wann-habe-ich-Anspruch-und-in-welcher-H\u00f6he\">When am I entitled and to what amount?<\/h2>\n\n<\/div>\n<\/div>\n\n\n<figure class=\"gb-block-image gb-block-image-f1edac5a\"><img decoding=\"async\" class=\"gb-image gb-image-f1edac5a TrennerUnten\" src=\"https:\/\/www.assistenz-kollektiv.de\/wp-content\/uploads\/Trenner-Weiss-unten-1-1.svg\" alt=\"\"><\/figure>\n\n<\/div>\n\n<div class=\"gb-container gb-container-8c5bd42c\">\n<div class=\"gb-container gb-container-08f6ee41 mitPaddingX\">\n<div class=\"gb-container gb-container-4c12d7eb\">\n<div class=\"gb-container gb-container-42b1e9e1\">\n<div class=\"gb-container gb-container-a106fcde\">\n\n<p>First of all, it is important to be clear about how much assistance you need. Having a clear idea of how much assistance you need can increase your chances of getting approval. <\/p>\n\n\n\n<p>There are many criteria for calculating the entitlement, as each decision is examined individually.<\/p>\n\n\n\n<p>To determine your entitlement to assistance, we recommend a consultation with us or an independent advice center.<\/p>\n\n<\/div>\n\n<div class=\"gb-container gb-container-3f32919a\">\n\n<p>Once it has been determined how much assistance you need to lead a self-determined life, the next step is to submit an application.<\/p>\n\n\n\n<p>This should be accompanied professionally in order to avoid formal errors. The processing time can take several months. <\/p>\n\n\n\n<h4 class=\"gb-headline gb-headline-8fba4f0d gb-headline-text\">Feel free to contact us at any time:<\/h4>\n\n\n<div class=\"gb-container gb-container-4fe28181\">\n\n<a class=\"gb-button gb-button-54ea1c36 ButtonGelb\" href=\"mailto:beratung@assistenz-kollektiv.de\" aria-label=\"Kontakt per E-Mail kontakt@assistenz-kollektiv.de aufnehmen\"><span class=\"gb-icon\"><svg xmlns=\"http:\/\/www.w3.org\/2000\/svg\" aria-hidden=\"true\" role=\"img\" height=\"1em\" width=\"1em\" viewbox=\"0 0 512 512\"><path fill=\"currentColor\" d=\"M464 64H48C21.49 64 0 85.49 0 112v288c0 26.51 21.49 48 48 48h416c26.51 0 48-21.49 48-48V112c0-26.51-21.49-48-48-48zm0 48v40.805c-22.422 18.259-58.168 46.651-134.587 106.49-16.841 13.247-50.201 45.072-73.413 44.701-23.208.375-56.579-31.459-73.413-44.701C106.18 199.465 70.425 171.067 48 152.805V112h416zM48 400V214.398c22.914 18.251 55.409 43.862 104.938 82.646 21.857 17.205 60.134 55.186 103.062 54.955 42.717.231 80.509-37.199 103.053-54.947 49.528-38.783 82.032-64.401 104.947-82.653V400H48z\"><\/path><\/svg><\/span><span class=\"gb-button-text\">beratung@assistenz-kollektiv.de<\/span><\/a>\n\n\n\n<a class=\"gb-button gb-button-d28db672 ButtonGelb\" href=\"tel:022334606727\" aria-label=\"Kontakt per Telefon 02233 4606729 aufnehmen\"><span class=\"gb-icon\"><svg xmlns=\"http:\/\/www.w3.org\/2000\/svg\" aria-hidden=\"true\" role=\"img\" height=\"1em\" width=\"1em\" viewbox=\"0 0 512 512\"><path fill=\"currentColor\" d=\"M493.4 24.6l-104-24c-11.3-2.6-22.9 3.3-27.5 13.9l-48 112c-4.2 9.8-1.4 21.3 6.9 28l60.6 49.6c-36 76.7-98.9 140.5-177.2 177.2l-49.6-60.6c-6.8-8.3-18.2-11.1-28-6.9l-112 48C3.9 366.5-2 378.1.6 389.4l24 104C27.1 504.2 36.7 512 48 512c256.1 0 464-207.5 464-464 0-11.2-7.7-20.9-18.6-23.4z\"><\/path><\/svg><\/span><span class=\"gb-button-text\">02233 4606727<\/span><\/a>\n\n<\/div>\n<\/div>\n<\/div>\n<\/div>\n<\/div>\n<\/div>\n<\/div><div class=\"gb-container gb-container-9685e358\">\n<div class=\"gb-container gb-container-98c98d19 lineheightone\">\n\n<figure class=\"gb-block-image gb-block-image-5a9130e4\"><img decoding=\"async\" class=\"gb-image gb-image-5a9130e4 TrennerOben\" src=\"https:\/\/www.assistenz-kollektiv.de\/wp-content\/uploads\/Linie-Weiss-2.svg\" alt=\"\"><\/figure>\n\n\n<div class=\"gb-container gb-container-3659c62c\">\n<div class=\"gb-container gb-container-93d2f3d7 mitPaddingX\">\n\n<h2 class=\"gb-headline gb-headline-dc0570ac gb-headline-text tabindex\" id=\"Unsere-Mission\">Our mission<\/h2>\n\n<\/div>\n<\/div>\n\n\n<figure class=\"gb-block-image gb-block-image-b5570ee8\"><img decoding=\"async\" class=\"gb-image gb-image-b5570ee8 TrennerUnten\" src=\"https:\/\/www.assistenz-kollektiv.de\/wp-content\/uploads\/Trenner-Weiss-unten-1-1.svg\" alt=\"\"><\/figure>\n\n<\/div>\n\n<div class=\"gb-container gb-container-3888f0a3\">\n<div class=\"gb-container gb-container-52ed5973 mitPaddingX\">\n<div class=\"gb-container gb-container-70e80a37\">\n<div class=\"gb-container gb-container-0ad8e22c\">\n\n<h4 class=\"gb-headline gb-headline-aaaf3e0a gb-headline-text\" id=\"Vernetzung-und-Evaluation\"><em>Networking and evaluation<\/em><\/h4>\n\n\n\n<p>As a non-profit collective, we don&#8217;t just want to create an alternative to for-profit personal assistance services. We firmly believe that all critical infrastructure services do not belong in the hands of for-profit companies. Only then can we create a care landscape that aims to ensure the highest quality of care and fair working conditions for employees. That is why we are networking with other non-profit providers and private initiatives to evaluate our joint work and create better alternatives for those affected.   <\/p>\n\n\n\n<h4 class=\"gb-headline gb-headline-ff2f197b gb-headline-text\" id=\"Beteiligung-in-der-Lokalpolitik\"><em>Participation in local politics<\/em><\/h4>\n\n\n\n<p>We are part of the Parit\u00e4tischer Wohlfahrtsverband and the Inklusionsrat H\u00fcrth. Our involvement in local associations and societies enables us to make our vision a reality in our immediate surroundings and set good examples for better development of personal assistance and the situation of those affected. <\/p>\n\n<\/div>\n\n<div class=\"gb-container gb-container-3fca1e70\">\n<div class=\"gb-container gb-container-4cfdfe50\">\n\n<h4 class=\"gb-headline gb-headline-d4915b83 gb-headline-text\" id=\"Sensibilisierung-der-Gesellschaft-\/-Informationskampagnen\"><em>Raising awareness in society<\/em><\/h4>\n\n\n\n<ul class=\"wp-block-list\">\n<li>People with disabilities are still underrepresented, marginalized and discriminated against in our society.<\/li>\n\n\n\n<li>Inclusive systems such as personal assistance are still too little known, even among care insurance companies, social welfare providers and even the responsible political bodies.<\/li>\n\n\n\n<li>Accessibility is still dismissed as a luxury.<\/li>\n<\/ul>\n\n\n\n<p class=\"gb-headline gb-headline-6e91385f gb-headline-text\">We try to raise awareness of the issue with information campaigns, activities, events and projects and to focus on people.<\/p>\n\n<\/div>\n<\/div>\n<\/div>\n<\/div>\n<\/div>\n<\/div><div class=\"gb-container gb-container-1660a37c\">\n<div class=\"gb-container gb-container-cf1bc044 lineheightone\">\n\n<figure class=\"gb-block-image gb-block-image-8da54184\"><img decoding=\"async\" class=\"gb-image gb-image-8da54184 TrennerOben\" src=\"https:\/\/www.assistenz-kollektiv.de\/wp-content\/uploads\/Linie-Weiss-2.svg\" alt=\"\"><\/figure>\n\n\n<div class=\"gb-container gb-container-7cf112b7\">\n<div class=\"gb-container gb-container-388df89d mitPaddingX\">\n\n<h2 class=\"gb-headline gb-headline-8efc9a95 gb-headline-text tabindex\" id=\"Projekte\">Projects<\/h2>\n\n<\/div>\n<\/div>\n\n\n<figure class=\"gb-block-image gb-block-image-f189c8d4\"><img decoding=\"async\" class=\"gb-image gb-image-f189c8d4 TrennerUnten\" src=\"https:\/\/www.assistenz-kollektiv.de\/wp-content\/uploads\/Trenner-Weiss-unten-1-1.svg\" alt=\"\"><\/figure>\n\n<\/div>\n\n<div class=\"gb-container gb-container-9d02b2f5\">\n<div class=\"gb-container gb-container-77df4452 mitPaddingX\">\n<div class=\"gb-container gb-container-0f7405a4\">\n\n<p>As a non-profit association, we also act as a sponsor for our members. Are you interested in implementing something in line with our statutes, such as an accessible event, an inclusive theater or circus group, an information campaign or would you like to make your local kiosk accessible? Talk to us and we will connect you with other collectivistas and try to make it happen. Here is a small selection of projects that have already been carried out or are active:   <\/p>\n\n\n\n<h4 class=\"gb-headline gb-headline-f53e9719 gb-headline-text tabindex\" id=\"Beratungsportal\"><em>Consulting portal<\/em><\/h4>\n\n\n\n<p>In 2023 and 2024, the K\u00e4mpgen Foundation and the Software AG Foundation redesigned our website and made it accessible, as well as implementing an online video advice portal on the topics of personal assistance, living with assistance, personal budget and benefits in kind &#8211; the first of its kind! Many thanks to our sponsors for their support. <\/p>\n\n<\/div>\n\n<div class=\"gb-container gb-container-d82c3905\">\n\n<h4 class=\"gb-headline gb-headline-d935471d gb-headline-text tabindex\" id=\"Barrierefreiheit\"><em>Accessibility<\/em><\/h4>\n\n\n\n<p>One topic that is always close to our hearts is accessibility. That&#8217;s why we are increasingly networking with like-minded people to make this possible and support others in doing so. In 2024, we have been invited to provide a crew for the MOYN festival near Bremen to take care of the festival&#8217;s accessibility.  <\/p>\n\n\n\n<h4 class=\"gb-headline gb-headline-cf9ac52d gb-headline-text tabindex\" id=\"Entwicklung-der-Pers\u00f6nlichen-Assistenz\"><em>Development of personal assistance<\/em><\/h4>\n\n\n\n<p>We are working to strengthen the job profile of assistants and their working conditions and to create new offers for assistants. The establishment of a company health and satisfaction management system, training systems and open communication spaces are currently being implemented. <\/p>\n\n<\/div>\n<\/div>\n<\/div>\n<\/div><div class=\"gb-container gb-container-feafa08d\">\n<div class=\"gb-container gb-container-adf48a57 lineheightone\">\n\n<figure class=\"gb-block-image gb-block-image-ea06759e\"><img decoding=\"async\" class=\"gb-image gb-image-ea06759e TrennerOben\" src=\"https:\/\/www.assistenz-kollektiv.de\/wp-content\/uploads\/Linie-Weiss-2.svg\" alt=\"\"><\/figure>\n\n\n<div class=\"gb-container gb-container-e0ce54e8\">\n<div class=\"gb-container gb-container-deafca90 mitPaddingX\">\n\n<h2 class=\"gb-headline gb-headline-765ac103 gb-headline-text tabindex\" id=\"Vision\">Vision<\/h2>\n\n<\/div>\n<\/div>\n\n\n<figure class=\"gb-block-image gb-block-image-5c20b06f\"><img decoding=\"async\" class=\"gb-image gb-image-5c20b06f TrennerUnten\" src=\"https:\/\/www.assistenz-kollektiv.de\/wp-content\/uploads\/Trenner-Weiss-unten-1-1.svg\" alt=\"\"><\/figure>\n\n<\/div>\n\n<div class=\"gb-container gb-container-105f7599\">\n<div class=\"gb-container gb-container-dce11e0e mitPaddingX\">\n<div class=\"gb-container gb-container-2bc20207\">\n\n<h4 class=\"gb-headline gb-headline-68af3bb1 gb-headline-text tabindex\" id=\"Gr\u00fcndung-und-Vision\"><em>Foundation and vision<\/em><\/h4>\n\n\n\n<p>We founded the Assistenz Kollektiv K\u00f6ln e.V. association on December 9, 2020 in H\u00fcrth, consisting of a total of eleven people with physical disabilities and people with experience in the field of personal assistance.<\/p>\n\n\n\n<h4 class=\"gb-headline gb-headline-8c673596 gb-headline-text tabindex\" id=\"Unsere-Ziele\"><em>Our goals<\/em><\/h4>\n\n\n\n<p>We want social and health policy to be shaped by those who are affected by it. We believe that the personal budget should be there for personal assistance &#8211; not to enrich company shareholders. We founded the collective to ensure that no one enriches themselves with the money that the assistance recipients are entitled to, but that the assistance staff receive the best possible remuneration and the assistance recipients the best possible assistance. Furthermore, our vision is to make personal assistance better known in society as a long-demanded, genuine inclusion measure and to make the voices of those affected heard in politics.   <\/p>\n\n<\/div>\n\n<div class=\"gb-container gb-container-df841c24\">\n\n<figure class=\"gb-block-image gb-block-image-60b332e6\"><img decoding=\"async\" class=\"gb-image gb-image-60b332e6\" src=\"https:\/\/www.assistenz-kollektiv.de\/wp-content\/uploads\/\/Vision-Englisch-400x407.png\" alt=\"Nothing less than the social revolution!  \" title=\"Vision\"><\/figure>\n\n<\/div>\n<\/div>\n<\/div>\n<\/div><div class=\"gb-container gb-container-749534ae\">\n<div class=\"gb-container gb-container-43b853d3 lineheightone\">\n\n<figure class=\"gb-block-image gb-block-image-6d63f886\"><img decoding=\"async\" class=\"gb-image gb-image-6d63f886 TrennerOben\" src=\"https:\/\/www.assistenz-kollektiv.de\/wp-content\/uploads\/Linie-Weiss-2.svg\" alt=\"\"><\/figure>\n\n\n<div class=\"gb-container gb-container-65a58518\">\n<div class=\"gb-container gb-container-6ede0599 mitPaddingX\">\n\n<h2 class=\"gb-headline gb-headline-6acaebea gb-headline-text tabindex\" id=\"Kollektiv-Aufbau-und-Struktur\">Collective: organization and structure<\/h2>\n\n<\/div>\n<\/div>\n\n\n<figure class=\"gb-block-image gb-block-image-b66a8221\"><img decoding=\"async\" class=\"gb-image gb-image-b66a8221 TrennerUnten\" src=\"https:\/\/www.assistenz-kollektiv.de\/wp-content\/uploads\/Trenner-Weiss-unten-1-1.svg\" alt=\"\"><\/figure>\n\n<\/div>\n\n<div class=\"gb-container gb-container-d578c50a\">\n<div class=\"gb-container gb-container-69453e62 mitPaddingX\">\n<div class=\"gb-container gb-container-71648568\">\n\n<h4 class=\"gb-headline gb-headline-cedcf38b gb-headline-text tabindex\" id=\"Gemeinschaft-und-Entscheidungen\"><em>Community and decisions<\/em><\/h4>\n\n\n\n<p>Freedom from hierarchy and the collective idea are very important to us. Every member should have the opportunity to help shape the association. There is no executive floor, and every member can have a say in salaries, assert interests and launch projects. Every member is regularly invited to discuss processes and projects collectively and make decisions together.   <\/p>\n\n\n\n<h4 class=\"gb-headline gb-headline-afe846df gb-headline-text tabindex\" id=\"Vorstand-und-Mitgliederversammlung\"><em>Board of Directors and General Meeting<\/em><\/h4>\n\n\n\n<p>Each member of the collective has the same voting rights. The vote of the Executive Board also carries no more weight than any other vote. The Executive Board is bound by the instructions of the members and must be elected. This ensures that all matters relating to the association are decided democratically. All decisions, with the exception of amendments to the Articles of Association, require 70% of the members entitled to vote. An amendment to the articles of association requires 90% of the votes.     <\/p>\n\n<\/div>\n\n<div class=\"gb-container gb-container-3960e39c\">\n\n<h4 class=\"gb-headline gb-headline-74d988eb gb-headline-text tabindex\" id=\"Transparenz\"><em>Transparency<\/em><\/h4>\n\n\n\n<p>Members can only participate in joint decision-making if they also have access to information. We try to disclose all information that can be shared under data protection law to all members. Of course, we treat the data of assistance participants and personnel data sensitively. We make everything that we can share transparently accessible to all members through:   <\/p>\n\n\n\n<ol class=\"wp-block-list\">\n<li>Our weekly online members&#8217; meeting, which makes decisions for the collective<\/li>\n\n\n\n<li>Various open chats and organizational groups<\/li>\n\n\n\n<li>A shared cloud for all members<\/li>\n\n\n\n<li>The disclosure of all finances<\/li>\n<\/ol>\n\n\n\n<h4 class=\"gb-headline gb-headline-174a46f5 gb-headline-text tabindex\" id=\"Gemeinn\u00fctzigkeit\"><em>Non-profit status<\/em><\/h4>\n\n\n\n<p>Unfortunately, there is no legal entity for collectivist organizations in Germany. We therefore deliberately decided against a GmbH or UG and founded a non-profit association. This enables us to realize our community concept. Legally, no one is allowed to enrich themselves from the profits. All funds must be distributed in the interests of the members or invested in joint projects.    <\/p>\n\n<\/div>\n<\/div>\n<\/div>\n<\/div><div class=\"gb-container gb-container-46e18642\">\n<div class=\"gb-container gb-container-2ae70db1 lineheightone\">\n\n<figure class=\"gb-block-image gb-block-image-23028d7e\"><img decoding=\"async\" class=\"gb-image gb-image-23028d7e TrennerOben\" src=\"https:\/\/www.assistenz-kollektiv.de\/wp-content\/uploads\/Linie-Weiss-2.svg\" alt=\"\"><\/figure>\n\n\n<div class=\"gb-container gb-container-b5b78f5c\">\n<div class=\"gb-container gb-container-e05b3a17 mitPaddingX\">\n\n<h2 class=\"gb-headline gb-headline-820b719f gb-headline-text tabindex\" id=\"Spendenkonto\">Donation account<\/h2>\n\n<\/div>\n<\/div>\n\n\n<figure class=\"gb-block-image gb-block-image-15b8216d\"><img decoding=\"async\" class=\"gb-image gb-image-15b8216d TrennerUnten\" src=\"https:\/\/www.assistenz-kollektiv.de\/wp-content\/uploads\/Trenner-Weiss-unten-1-1.svg\" alt=\"\"><\/figure>\n\n<\/div>\n\n<div class=\"gb-container gb-container-37331037\">\n<div class=\"gb-container gb-container-08996b3e mitPaddingX\">\n<div class=\"gb-container gb-container-8be79aff\">\n\n<h4 class=\"gb-headline gb-headline-217065f3 gb-headline-text tabindex\">Would you like to support us?<\/h4>\n\n\n\n<p>As a non-profit collective, our funds are limited. We therefore welcome donations that help us to implement projects that would otherwise not be possible. For example, we can use them to provide our assistance recipients with a barrier-free car or emergency equipment.  <\/p>\n\n<\/div>\n\n<div class=\"gb-container gb-container-f66ba0e1\">\n\n<h4 class=\"gb-headline gb-headline-48795d1e gb-headline-text\">Donations by bank transfer<\/h4>\n\n\n<div class=\"gb-container gb-container-bd636031\">\n\n<ul class=\"wp-block-list\">\n<li>Recipient: Assistenz Kollektiv K\u00f6ln e.V.<\/li>\n\n\n\n<li>IBAN: DE60 3705 0299 0137 2953 64<\/li>\n\n\n\n<li>BIC: COKSDE33XXX<\/li>\n<\/ul>\n\n<\/div>\n\n\n<h4 class=\"gb-headline gb-headline-f05333cf gb-headline-text\">Donate via PayPal<\/h4>\n\n\n<div class=\"gb-container gb-container-bf6aa347\">\n\n<form action=\"https:\/\/www.paypal.com\/donate\" method=\"post\" target=\"_top\">\n<input type=\"hidden\" name=\"hosted_button_id\" value=\"FSRB32PAG86VA\"\/>\n<input type=\"image\" src=\"https:\/\/www.assistenz-kollektiv.de\/wp-content\/uploads\/Spenden-Per-Paypal.webp\" border=\"0\" name=\"submit\" title=\"PayPal donation\" alt=\"Donate with the PayPal button\"\/>\n<\/form>\n\n<\/div>\n\n\n<p>Please contact us and we will issue you with a donation receipt.<\/p>\n\n<\/div>\n<\/div>\n<\/div>\n<\/div><div class=\"gb-container gb-container-4c03ddda\">\n\n<figure class=\"gb-block-image gb-block-image-9c101dda\"><img decoding=\"async\" class=\"gb-image gb-image-9c101dda TrennerOben\" src=\"https:\/\/www.assistenz-kollektiv.de\/wp-content\/uploads\/Linie-Weiss-2.svg\" alt=\"\"><\/figure>\n\n<\/div>","protected":false},"excerpt":{"rendered":"<p>Welcome toAssistenz Kollektiv K\u00f6ln e.V. We are theAssistenz Kollektiv K\u00f6ln e.V. Who are we? We are the Assistenz Kollektiv K\u00f6ln e.V., a collective that offers personal assistance and comprehensive advice on all aspects of self-determined living with disabilities. In our community, we are passionate about improving working conditions and overcoming barriers and discrimination. Our motto: &#8230; <\/p>\n<p class=\"read-more-container\"><a title=\"Home\" class=\"read-more button\" href=\"https:\/\/www.assistenz-kollektiv.de\/en\/#more-5408\" aria-label=\"Read more about Home\">Read more<\/a><\/p>\n","protected":false},"author":1,"featured_media":0,"parent":0,"menu_order":0,"comment_status":"closed","ping_status":"closed","template":"","meta":{"inline_featured_image":false,"footnotes":""},"class_list":{"0":"post-5408","1":"page","2":"type-page","3":"status-publish","5":"infinite-scroll-item"},"_links":{"self":[{"href":"https:\/\/www.assistenz-kollektiv.de\/en\/wp-json\/wp\/v2\/pages\/5408","targetHints":{"allow":["GET"]}}],"collection":[{"href":"https:\/\/www.assistenz-kollektiv.de\/en\/wp-json\/wp\/v2\/pages"}],"about":[{"href":"https:\/\/www.assistenz-kollektiv.de\/en\/wp-json\/wp\/v2\/types\/page"}],"author":[{"embeddable":true,"href":"https:\/\/www.assistenz-kollektiv.de\/en\/wp-json\/wp\/v2\/users\/1"}],"replies":[{"embeddable":true,"href":"https:\/\/www.assistenz-kollektiv.de\/en\/wp-json\/wp\/v2\/comments?post=5408"}],"version-history":[{"count":104,"href":"https:\/\/www.assistenz-kollektiv.de\/en\/wp-json\/wp\/v2\/pages\/5408\/revisions"}],"predecessor-version":[{"id":9771,"href":"https:\/\/www.assistenz-kollektiv.de\/en\/wp-json\/wp\/v2\/pages\/5408\/revisions\/9771"}],"wp:attachment":[{"href":"https:\/\/www.assistenz-kollektiv.de\/en\/wp-json\/wp\/v2\/media?parent=5408"}],"curies":[{"name":"wp","href":"https:\/\/api.w.org\/{rel}","templated":true}]}}